{"id":13618,"date":"2024-06-19T11:06:21","date_gmt":"2024-06-19T09:06:21","guid":{"rendered":"https:\/\/emag.baerenreiter.com\/the-publisher-after-1945\/"},"modified":"2024-11-20T14:07:56","modified_gmt":"2024-11-20T13:07:56","slug":"the-publisher-after-1945","status":"publish","type":"page","link":"https:\/\/emag.baerenreiter.com\/en\/the-history\/the-publisher-after-1945\/","title":{"rendered":"The Publisher after 1945"},"content":{"rendered":"<div class=\"grve-section grve-row-section grve-fullwidth-background grve-with-bg-color\" data-header-color=\"default\"  style=\"background-color:#b71e42;color:#ffffff;\"><div class=\"grve-container\"><div class=\"grve-row grve-bookmark grve-columns-gap-default grve-mobile-vertical-gap-30\"><div class=\"grve-column wpb_column grve-bookmark grve-column-1 grve-wpb-1713421326501 grve-with-bg-transparent\"><div class=\"grve-column-wrapper\"><div class=\"grve-column-content\" ><div class=\"grve-inner-section grve-with-bg-transparent\"><div class=\"grve-row-inner grve-bookmark grve-columns-gap-default grve-mobile-vertical-gap-30\"><div class=\"grve-column-inner wpb_column grve-column-1  grve-tablet-sm-column-1 grve-with-bg-transparent\"><div class=\"grve-column-wrapper-inner\"><div class=\"grve-column-inner-content\" ><h1 class=\"grve-element grve-title grve-align-center grve-h2 grve-text-white header-mobile-text-left\" style=\"margin-bottom: 30px;\"><span>The Publisher after 1945<\/span><\/h1><h2 class=\"grve-element grve-title grve-align-center grve-h3 grve-text-white header-mobile-text-left\" style=\"margin-bottom: 30px;\"><span>Next Stop: A Company of International Standing<\/span><\/h2><\/div><\/div><\/div><\/div><\/div><div class=\"grve-inner-section grve-with-bg-transparent\"><div class=\"grve-row-inner grve-bookmark grve-columns-gap-none grve-tablet-sm-vertical-gap-30 grve-mobile-vertical-gap-30\"><div class=\"grve-column-inner wpb_column grve-column-1-4  grve-tablet-sm-column-hide grve-with-bg-transparent grve-empty-column\"  style=\"color:#ffffff;\"><div class=\"grve-column-wrapper-inner\"><div class=\"grve-column-inner-content\" ><\/div><\/div><\/div><div class=\"grve-column-inner wpb_column grve-column-1-2  grve-with-bg-transparent\"><div class=\"grve-column-wrapper-inner\"><div class=\"grve-column-inner-content\" ><div class=\"grve-element grve-text\">\r\n\t\t\t<p>Reconstruction began immediately after the end of the war. Before the publishing licence was reissued in January 1946 and the first printing press began to work shortly afterwards once more, the employees who had returned home rebuilt their publishing house with their own hands, sometimes under adventurous conditions. Once the continued existence of the publishing house was secured, the &#8220;great undertakings&#8221;, as V\u00f6tterle called them, could be tackled.<\/p>\n\r\n\t\t<\/div>\r\n\t<\/div><\/div><\/div><div class=\"grve-column-inner wpb_column grve-column-1-4  grve-with-bg-transparent grve-empty-column\"><div class=\"grve-column-wrapper-inner\"><div class=\"grve-column-inner-content\" ><\/div><\/div><\/div><\/div><\/div><\/div><\/div><\/div><\/div><\/div><\/div><div class=\"grve-section grve-row-section grve-fullwidth-background grve-padding-top-3x grve-padding-bottom-3x grve-with-bg-color\" data-header-color=\"default\"><div class=\"grve-container\"><div class=\"grve-row grve-bookmark grve-columns-gap-default grve-mobile-vertical-gap-30\"><div class=\"grve-column wpb_column grve-bookmark grve-column-1  grve-vertical-position-middle grve-with-bg-transparent grve-animated-item\" data-delay=\"0\" data-duration=\"normal\" data-animation=\"fade-in-up\"><div class=\"grve-column-wrapper\"><div class=\"grve-column-content\" ><div class=\"grve-inner-section grve-with-bg-transparent\"><div class=\"grve-row-inner grve-bookmark grve-columns-gap-60 grve-tablet-sm-vertical-gap-30 grve-mobile-vertical-gap-30\"><div class=\"grve-column-inner wpb_column grve-column-1-2  grve-tablet-sm-column-1 grve-with-bg-transparent\"><div class=\"grve-column-wrapper-inner\"><div class=\"grve-column-inner-content\" ><div class=\"grve-element grve-image grve-align-center\">\r\n\t<div class=\"grve-image-item\">\r\n\t\t\r\n\r\n<div class=\"grve-image-wrapper grve-no-effect\">\r\n\t\t<div class=\"grve-thumbnail-wrapper\"  style=\"width: 1420px;\"><div class=\"grve-thumbnail\"  style=\"padding-top: 147.606%;\"><img loading=\"lazy\" decoding=\"async\" width=\"1420\" height=\"2096\" src=\"https:\/\/emag.baerenreiter.com\/wp-content\/uploads\/2024\/06\/1_Flaggschiff-der-Baerenreiter-Gesamtausgabe-Die-\u201eNeue-Bach-Ausgabe-1954\u20132007.webp\" class=\"attachment-full size-full\" alt=\"\" srcset=\"https:\/\/emag.baerenreiter.com\/wp-content\/uploads\/2024\/06\/1_Flaggschiff-der-Baerenreiter-Gesamtausgabe-Die-\u201eNeue-Bach-Ausgabe-1954\u20132007.webp 1x,https:\/\/emag.baerenreiter.com\/wp-content\/uploads\/2024\/06\/1_Flaggschiff-der-Baerenreiter-Gesamtausgabe-Die-\u201eNeue-Bach-Ausgabe-1954\u20132007.webp 2x\" data-column-space=\"auto\" data-lazyload=\"\" data-grve-filter=\"yes\" loading=\"lazy\" \/><\/div><\/div>\t<\/div>\r\n\t<\/div>\r\n<\/div>\r\n<div style=\"height: 8px;\" class=\"grve-empty-space\"><\/div><div class=\"grve-element grve-text grve-small-text image-caption\">\r\n\t\t\t<p>Flagship of the B\u00e4renreiter Complete Editions: The \u201cNew Bach Edition\u201d (1954\u20132007)<\/p>\n\r\n\t\t<\/div>\r\n\t<div class=\"grve-empty-space grve-height-2x\"><\/div><\/div><\/div><\/div><div class=\"grve-column-inner wpb_column grve-column-1-2  grve-tablet-sm-column-1 grve-vertical-position-middle grve-with-bg-transparent\"><div class=\"grve-column-wrapper-inner\"><div class=\"grve-column-inner-content\" ><h2 class=\"grve-element grve-title grve-align-left grve-h3\" style=\"margin-bottom: 30px; color: ;\"><span>\u201cThe Great Undertakings\u201d<\/span><\/h2><div class=\"grve-element grve-text\">\r\n\t\t\t<p>The end of the war also meant the end of a fixation on Germany. An example of a much-acclaimed international publishing project is the MGG, the music encyclopaedia Die Musik in Geschichte und Gegenwart. After lengthy preparatory work, the first volume was sent out to subscribers in June 1949. Due to the phenomenal wealth of information which was accrued, the work had to be expanded several times before it was completed in 1987 after 17 volumes.<\/p>\n\r\n\t\t<\/div>\r\n\t<div class=\"grve-empty-space grve-height-1x\"><\/div><div class=\"grve-element grve-text\">\r\n\t\t\t<p>The publisher earned an equally great reputation for the publication of scholarly-critical Complete Editions. With the Gluck Complete Edition (from 1951), Georg Philipp Telemann,Musical Works (from 1953), the New Bach Edition (1954-2007), the New Mozart Edition (1955-2007), the Halle Handel Edition (from 1955), the New Sch\u00fctz Edition (from 1955), the New Schubert Edition (from 1964) and the New Berlioz Edition (1967-2006), B\u00e4renreiter succeeded in providing music volumes of a high editorial standard for performers and scholars alike. Further editions were added; Franz Berwald, Niels Wilhelm Gade, Leo\u0161 Jan\u00e1\u010dek, Leonhard Lechner, Orlando di Lasso, Jean-Philippe Rameau, Sergei Rachmaninoff, Gioachino Rossini and Giuseppe Tartini.<\/p>\n\r\n\t\t<\/div>\r\n\t<\/div><\/div><\/div><\/div><\/div><\/div><\/div><\/div><\/div><\/div><\/div><div class=\"grve-section grve-row-section grve-fullwidth-background grve-padding-bottom-3x grve-with-bg-color\" data-header-color=\"default\"  style=\"background-color:#f0e9e1;\"><div class=\"grve-container\"><div class=\"grve-row grve-bookmark grve-columns-gap-default grve-mobile-vertical-gap-30\"><div class=\"grve-column wpb_column grve-bookmark grve-column-1-6  grve-tablet-sm-column-hide grve-with-bg-transparent grve-empty-column\"><div class=\"grve-column-wrapper\"><div class=\"grve-column-content\" ><\/div><\/div><\/div><div class=\"grve-column wpb_column grve-bookmark grve-column-5-6 grve-wpb-1718268313345 grve-tablet-sm-column-1 grve-with-bg-transparent\"><div class=\"grve-column-wrapper\"><div class=\"grve-column-content\" ><h2 class=\"grve-element grve-title grve-align-left grve-h3\" style=\"margin-bottom: 30px; color: ;\"><span>Commitment to Contemporary Music<\/span><\/h2><div class=\"grve-inner-section grve-with-bg-transparent\"><div class=\"grve-row-inner grve-bookmark grve-columns-gap-default grve-tablet-sm-vertical-gap-30 grve-mobile-vertical-gap-30\"><div class=\"grve-column-inner wpb_column grve-column-2-3  grve-tablet-sm-column-1 grve-with-bg-transparent\"><div class=\"grve-column-wrapper-inner\"><div class=\"grve-column-inner-content\" ><div class=\"grve-element grve-text\">\r\n\t\t\t<p>With the end of the war, the politically imposed barriers in the arts fell. For B\u00e4renreiter, this also provided the opportunity to focus more strongly on contemporary music. The number of premieres of published works increased, including numerous sensational musical events, e.g. Ernst Krenek, Lamentatio Jeremiae Prophetae (1958), Bohuslav Martin\u016f, Rhapsody-Concerto for Viola and Orchestra (1953), Bernd Alois Zimmermann, Musique pour les soupers du Roi Ubu (1966), Klaus Huber, Soliloquia. Oratorio (1962\/1964), Giselher Klebe, Der j\u00fcngste Tag (1982), Matthias Pintscher, Thomas Chatterton (1998), Beat Furrer, FAMA (2005), Manfred Trojahn, Orest (2011), Miroslav Srnka, South Pole (2016), Dieter Ammann, The Piano Concerto (Gran Toccata) (2019), Andreas Lorenzo Scartazzini, a cycle of orchestral pieces to Gustav Mahler&#8217;s nine symphonies (2018-2025) and many others.<\/p>\n<p>For decades, B\u00e4renreiter has lived up to its commitment to publish and promote not only the music of the past but also that of the present.<\/p>\n\r\n\t\t<\/div>\r\n\t<\/div><\/div><\/div><div class=\"grve-column-inner wpb_column grve-column-1-3  grve-with-bg-transparent grve-empty-column\"><div class=\"grve-column-wrapper-inner\"><div class=\"grve-column-inner-content\" ><\/div><\/div><\/div><\/div><\/div><\/div><\/div><\/div><\/div><\/div><\/div><div class=\"grve-section grve-row-section grve-fullwidth-background grve-padding-bottom-3x grve-with-bg-transparent\" data-header-color=\"default\"><div class=\"grve-container\"><div class=\"grve-row grve-bookmark grve-columns-gap-default grve-mobile-vertical-gap-30\"><div class=\"grve-column wpb_column grve-bookmark grve-column-1 grve-wpb-1599199444770 grve-with-bg-transparent\"><div class=\"grve-column-wrapper\"><div class=\"grve-column-content\" ><div class=\"grve-inner-section grve-with-bg-transparent\"><div class=\"grve-row-inner grve-bookmark grve-columns-gap-default grve-mobile-vertical-gap-30\"><div class=\"grve-column-inner wpb_column grve-column-1-2  grve-with-bg-transparent\"><div class=\"grve-column-wrapper-inner\"><div class=\"grve-column-inner-content\" ><div class=\"grve-element grve-image grve-align-center\">\r\n\t<div class=\"grve-image-item\">\r\n\t\t\r\n\r\n<div class=\"grve-image-wrapper grve-no-effect\">\r\n\t\t<div class=\"grve-thumbnail-wrapper\"  style=\"width: 1170px;\"><div class=\"grve-thumbnail\"  style=\"padding-top: 68.803%;\"><img loading=\"lazy\" decoding=\"async\" width=\"1170\" height=\"805\" src=\"https:\/\/emag.baerenreiter.com\/wp-content\/uploads\/2024\/06\/2_Karl-Voetterle-und-Ernst-Krenek-1958.webp\" class=\"attachment-full size-full\" alt=\"\" srcset=\"https:\/\/emag.baerenreiter.com\/wp-content\/uploads\/2024\/06\/2_Karl-Voetterle-und-Ernst-Krenek-1958.webp 1x,https:\/\/emag.baerenreiter.com\/wp-content\/uploads\/2024\/06\/2_Karl-Voetterle-und-Ernst-Krenek-1958.webp 2x\" data-column-space=\"auto\" data-lazyload=\"\" data-grve-filter=\"yes\" loading=\"lazy\" \/><\/div><\/div>\t<\/div>\r\n\t<\/div>\r\n<\/div>\r\n<div style=\"height: 8px;\" class=\"grve-empty-space\"><\/div><div class=\"grve-element grve-text grve-small-text image-caption\">\r\n\t\t\t<p>Karl V\u00f6tterle and Ernst Krenek, 1958<\/p>\n\r\n\t\t<\/div>\r\n\t<\/div><\/div><\/div><div class=\"grve-column-inner wpb_column grve-column-1-2  grve-with-bg-transparent\"><div class=\"grve-column-wrapper-inner\"><div class=\"grve-column-inner-content\" ><div class=\"grve-element grve-image grve-align-center\">\r\n\t<div class=\"grve-image-item\">\r\n\t\t\r\n\r\n<div class=\"grve-image-wrapper grve-no-effect\">\r\n\t\t<div class=\"grve-thumbnail-wrapper\"  style=\"width: 1420px;\"><div class=\"grve-thumbnail\"  style=\"padding-top: 65.07%;\"><img loading=\"lazy\" decoding=\"async\" width=\"1420\" height=\"924\" src=\"https:\/\/emag.baerenreiter.com\/wp-content\/uploads\/2024\/06\/3_Spektakulaere-Urauffuehrung-Miroslva-Srnkas-Oper-\u201eSouth-Pole-2016-an-der-Bayerischen-Staatsoper-Muenchen-Foto-Wilfried-Hoesl.webp\" class=\"attachment-full size-full\" alt=\"\" srcset=\"https:\/\/emag.baerenreiter.com\/wp-content\/uploads\/2024\/06\/3_Spektakulaere-Urauffuehrung-Miroslva-Srnkas-Oper-\u201eSouth-Pole-2016-an-der-Bayerischen-Staatsoper-Muenchen-Foto-Wilfried-Hoesl.webp 1x,https:\/\/emag.baerenreiter.com\/wp-content\/uploads\/2024\/06\/3_Spektakulaere-Urauffuehrung-Miroslva-Srnkas-Oper-\u201eSouth-Pole-2016-an-der-Bayerischen-Staatsoper-Muenchen-Foto-Wilfried-Hoesl.webp 2x\" data-column-space=\"auto\" data-lazyload=\"\" data-grve-filter=\"yes\" loading=\"lazy\" \/><\/div><\/div>\t<\/div>\r\n\t<\/div>\r\n<\/div>\r\n<div style=\"height: 8px;\" class=\"grve-empty-space\"><\/div><div class=\"grve-element grve-text grve-small-text image-caption\">\r\n\t\t\t<p>Spectacular world premiere: Miroslva Srnka\u2018s opera \u201cSouth Pole\u201d at the Bayerische Staatsoper M\u00fcnchen in 2016 (Photo: Wilfried H\u00f6sl)<\/p>\n\r\n\t\t<\/div>\r\n\t<\/div><\/div><\/div><\/div><\/div><\/div><\/div><\/div><\/div><\/div><\/div><div class=\"grve-section grve-row-section grve-fullwidth-background grve-padding-bottom-3x grve-with-bg-color\" data-header-color=\"default\"><div class=\"grve-container\"><div class=\"grve-row grve-bookmark grve-columns-gap-default grve-mobile-vertical-gap-30\"><div class=\"grve-column wpb_column grve-bookmark grve-column-1  grve-vertical-position-middle grve-with-bg-transparent grve-animated-item\" data-delay=\"0\" data-duration=\"normal\" data-animation=\"fade-in-up\"><div class=\"grve-column-wrapper\"><div class=\"grve-column-content\" ><h2 class=\"grve-element grve-title grve-align-left grve-h3\" style=\"margin-bottom: 30px; color: ;\"><span>Expansion<\/span><\/h2><div class=\"grve-inner-section grve-with-bg-transparent\"><div class=\"grve-row-inner grve-bookmark grve-columns-gap-60 grve-tablet-sm-vertical-gap-30 grve-mobile-vertical-gap-30\"><div class=\"grve-column-inner wpb_column grve-column-1-2  grve-tablet-sm-column-1 grve-with-bg-transparent\"><div class=\"grve-column-wrapper-inner\"><div class=\"grve-column-inner-content\" ><div class=\"grve-element grve-text\">\r\n\t\t\t<p>From the 1950s onwards, all the signs pointed to expansion, which was also reflected in takeovers and the founding of new subsidiaries. Among the companies that found continuity and new perspectives under the umbrella of the growing B\u00e4renreiter publishing group were Nagels-Verlag (1952), Alkor-Edition (formerly Bruckner-Verlag, 1955), Gustav Bosse Verlag (1957) and Henschel Musik (1991). Starting with Basel \u2013- founded in 1944 as a possible alternative location to Kassel \u2013- there were foreign subsidiaries in New York (1958), Paris (1962, from 1971-1980 in Tours) and London (1963). Editio B\u00e4renreiter Praha (EBP) followed in 1998. After an arduous privatisation process, this company was separated from the former Czech state-owned publisher Supraphon. Today, close to twenty employees work in Prague and primarily focus on the rich heritage of Czech music. In addition, B\u00e4renreiter Praha (BP) represents B\u00e4renreiter as a sales and distribution centre for Eastern European territories.<\/p>\n\r\n\t\t<\/div>\r\n\t<div class=\"grve-empty-space grve-height-2x\"><\/div><div class=\"grve-element grve-image grve-align-center\">\r\n\t<div class=\"grve-image-item\">\r\n\t\t\r\n\r\n<div class=\"grve-image-wrapper grve-no-effect\">\r\n\t\t<div class=\"grve-thumbnail-wrapper\"  style=\"width: 1420px;\"><div class=\"grve-thumbnail\"  style=\"padding-top: 56.268%;\"><img loading=\"lazy\" decoding=\"async\" width=\"1420\" height=\"799\" src=\"https:\/\/emag.baerenreiter.com\/wp-content\/uploads\/2024\/06\/4_Beethoven-bei-Baerenreiter-ohne-ihn-nicht-denkbar.-Jonathan-Del-Mar-erhellt-auch-das-kleinste-Detail.webp\" class=\"attachment-full size-full\" alt=\"\" srcset=\"https:\/\/emag.baerenreiter.com\/wp-content\/uploads\/2024\/06\/4_Beethoven-bei-Baerenreiter-ohne-ihn-nicht-denkbar.-Jonathan-Del-Mar-erhellt-auch-das-kleinste-Detail.webp 1x,https:\/\/emag.baerenreiter.com\/wp-content\/uploads\/2024\/06\/4_Beethoven-bei-Baerenreiter-ohne-ihn-nicht-denkbar.-Jonathan-Del-Mar-erhellt-auch-das-kleinste-Detail.webp 2x\" data-column-space=\"auto\" data-lazyload=\"\" data-grve-filter=\"yes\" loading=\"lazy\" \/><\/div><\/div>\t<\/div>\r\n\t<\/div>\r\n<\/div>\r\n<div style=\"height: 8px;\" class=\"grve-empty-space\"><\/div><div class=\"grve-element grve-text grve-small-text image-caption\">\r\n\t\t\t<p>Beethoven at B\u00e4renreiter: inconceivable without Jonathan Del Mar who illuminates the smallest detail<\/p>\n\r\n\t\t<\/div>\r\n\t<div class=\"grve-empty-space grve-height-2x\"><\/div><div class=\"grve-element grve-text\">\r\n\t\t\t<p>The music book catalogue gained in quantity and quality. In addition to special studies in musicology, the catalogue includes study books, reference works, biographies and accessible introductions to music works. Despite the digital revolution, B\u00e4renreiter ventured to publish a second edition of the MGG music encyclopaedia: the 29-volume work was published between 1994 and 2008, covering all areas of music far beyond classical music based on the latest scholarly findings.<\/p>\n\r\n\t\t<\/div>\r\n\t<\/div><\/div><\/div><div class=\"grve-column-inner wpb_column grve-column-1-2  grve-tablet-sm-column-1 grve-vertical-position-middle grve-with-bg-transparent\"><div class=\"grve-column-wrapper-inner\"><div class=\"grve-column-inner-content\" ><div class=\"grve-element grve-image grve-align-center\">\r\n\t<div class=\"grve-image-item\">\r\n\t\t\r\n\r\n<div class=\"grve-image-wrapper grve-no-effect\">\r\n\t\t<div class=\"grve-thumbnail-wrapper\"  style=\"width: 1420px;\"><div class=\"grve-thumbnail\"  style=\"padding-top: 125%;\"><img loading=\"lazy\" decoding=\"async\" width=\"1420\" height=\"1775\" src=\"https:\/\/emag.baerenreiter.com\/wp-content\/uploads\/2024\/06\/5_Laengst-bei-den-Musikern-angekommen-die-praktischen-Ausgaben-hier-die-Klaviersonaten-des-Meisters-aus-Bonn.webp\" class=\"attachment-full size-full\" alt=\"\" srcset=\"https:\/\/emag.baerenreiter.com\/wp-content\/uploads\/2024\/06\/5_Laengst-bei-den-Musikern-angekommen-die-praktischen-Ausgaben-hier-die-Klaviersonaten-des-Meisters-aus-Bonn.webp 1x,https:\/\/emag.baerenreiter.com\/wp-content\/uploads\/2024\/06\/5_Laengst-bei-den-Musikern-angekommen-die-praktischen-Ausgaben-hier-die-Klaviersonaten-des-Meisters-aus-Bonn.webp 2x\" data-column-space=\"auto\" data-lazyload=\"\" data-grve-filter=\"yes\" loading=\"lazy\" \/><\/div><\/div>\t<\/div>\r\n\t<\/div>\r\n<\/div>\r\n<div style=\"height: 8px;\" class=\"grve-empty-space\"><\/div><div class=\"grve-element grve-text grve-small-text image-caption\">\r\n\t\t\t<p>The performing edition of the Beethoven Piano Sonatas, recognised by performers all over the world<\/p>\n\r\n\t\t<\/div>\r\n\t<div class=\"grve-empty-space grve-height-2x\"><\/div><div class=\"grve-element grve-text\">\r\n\t\t\t<p>One of the new objectives in recent years has been the expansion of the sheet music catalogue. Until well into the 1990s, predominantly the works of composers of the B\u00e4renreiter Complete Editions were made available in Urtext performing editions. Now the trend is to be able to offer as broad a spectrum as possible from the classical-romantic repertoire up to the early 20th century. The opening up of the catalogue began in 1996 with the Urtext edition of Ludwig van Beethoven&#8217;s nine symphonies edited by the British musicologist Jonathan Del Mar. This was followed by editions of works by Brahms, Chopin, Debussy, Elgar, Grieg, Ravel, Satie, Scriabin, Smetana, Vivaldi and many others.<\/p>\n\r\n\t\t<\/div>\r\n\t<\/div><\/div><\/div><\/div><\/div><\/div><\/div><\/div><\/div><\/div><\/div><div class=\"grve-section grve-row-section grve-fullwidth grve-headings-white grve-with-bg-color\" data-header-color=\"light\"  style=\"background-color:#000000;color:#ffffff;\"><div class=\"grve-container\"><div class=\"grve-row grve-bookmark grve-columns-gap-default grve-mobile-vertical-gap-30\"><div class=\"grve-column wpb_column grve-bookmark grve-column-1-2 grve-wpb-1718789264119 grve-horizontal-position-center grve-vertical-position-middle grve-with-bg-transparent grve-change-order\"  data-mobile-order=\"2\"><div class=\"grve-column-wrapper\"><div class=\"grve-column-content\"  style=\"max-width: 540px;\"><div class=\"grve-empty-space grve-height-1x\"><\/div><div class=\"grve-element grve-text\">\r\n\t\t\t<p>The newly established &#8220;B\u00e4renreiter Urtext&#8221; label ensured the high standard and quality of the editions and created a clearly recognisable look.<\/p>\n\r\n\t\t<\/div>\r\n\t<div class=\"grve-empty-space grve-height-1x\"><\/div><div class=\"grve-element grve-text\">\r\n\t\t\t<p>Great efforts were also made in the field of opera. The successive publication of stage works by Handel and Rameau offers theatres all over the world the opportunity to expand their repertoire. Previously rarely performed works from the Romantic opera repertoire, such as Hal\u00e9vy\u2019s La Juive, have also been performed on a regular basis.<br \/>\nOutdated editions of operas such as Bizet&#8217;s Carmen, Dvo\u0159\u00e1k&#8217;s Rusalka or Gounod&#8217;s Faust have been replaced by editions based on modern source evaluation.<\/p>\n\r\n\t\t<\/div>\r\n\t<div class=\"grve-empty-space grve-height-1x\"><\/div><div class=\"grve-element grve-text\">\r\n\t\t\t<p>Outdated editions of operas such as Bizet&#8217;s Carmen, Dvo\u0159\u00e1k&#8217;s Rusalka or Gounod&#8217;s Faust have been replaced by editions based on modern source evaluation.<\/p>\n\r\n\t\t<\/div>\r\n\t<div class=\"grve-empty-space grve-height-1x\"><\/div><\/div><\/div><\/div><div class=\"grve-column wpb_column grve-bookmark grve-column-1-2  grve-with-bg-transparent grve-change-order\"  data-mobile-order=\"1\"><div class=\"grve-column-wrapper\"><div class=\"grve-column-content\" ><div class=\"grve-element grve-image grve-align-center\">\r\n\t<div class=\"grve-image-item\">\r\n\t\t\r\n\r\n<div class=\"grve-image-wrapper grve-no-effect\">\r\n\t\t<div class=\"grve-thumbnail-wrapper\"  style=\"width: 1024px;\"><div class=\"grve-thumbnail\"  style=\"padding-top: 66.699%;\"><img loading=\"lazy\" decoding=\"async\" width=\"1024\" height=\"683\" src=\"https:\/\/emag.baerenreiter.com\/wp-content\/uploads\/2024\/06\/6_Tschechische-Nationaloper-Antonin-Dvoraks-\u201eRusalka-2023-am-Royal-Opera-House-London-mit-Asmik-Grigorian-in-der-Titelpartie-1024x683.webp\" class=\"attachment-large size-large\" alt=\"\" data-column-space=\"auto\" data-lazyload=\"\" data-grve-filter=\"yes\" srcset=\"https:\/\/emag.baerenreiter.com\/wp-content\/uploads\/2024\/06\/6_Tschechische-Nationaloper-Antonin-Dvoraks-\u201eRusalka-2023-am-Royal-Opera-House-London-mit-Asmik-Grigorian-in-der-Titelpartie-1024x683.webp 1024w, https:\/\/emag.baerenreiter.com\/wp-content\/uploads\/2024\/06\/6_Tschechische-Nationaloper-Antonin-Dvoraks-\u201eRusalka-2023-am-Royal-Opera-House-London-mit-Asmik-Grigorian-in-der-Titelpartie-300x200.webp 300w, https:\/\/emag.baerenreiter.com\/wp-content\/uploads\/2024\/06\/6_Tschechische-Nationaloper-Antonin-Dvoraks-\u201eRusalka-2023-am-Royal-Opera-House-London-mit-Asmik-Grigorian-in-der-Titelpartie-768x512.webp 768w, https:\/\/emag.baerenreiter.com\/wp-content\/uploads\/2024\/06\/6_Tschechische-Nationaloper-Antonin-Dvoraks-\u201eRusalka-2023-am-Royal-Opera-House-London-mit-Asmik-Grigorian-in-der-Titelpartie-500x333.webp 500w, https:\/\/emag.baerenreiter.com\/wp-content\/uploads\/2024\/06\/6_Tschechische-Nationaloper-Antonin-Dvoraks-\u201eRusalka-2023-am-Royal-Opera-House-London-mit-Asmik-Grigorian-in-der-Titelpartie-800x534.webp 800w, https:\/\/emag.baerenreiter.com\/wp-content\/uploads\/2024\/06\/6_Tschechische-Nationaloper-Antonin-Dvoraks-\u201eRusalka-2023-am-Royal-Opera-House-London-mit-Asmik-Grigorian-in-der-Titelpartie-1280x854.webp 1280w, https:\/\/emag.baerenreiter.com\/wp-content\/uploads\/2024\/06\/6_Tschechische-Nationaloper-Antonin-Dvoraks-\u201eRusalka-2023-am-Royal-Opera-House-London-mit-Asmik-Grigorian-in-der-Titelpartie.webp 1420w\" sizes=\"auto, (max-width: 1024px) 100vw, 1024px\" loading=\"lazy\" \/><\/div><\/div>\t<\/div>\r\n\t<\/div>\r\n<\/div>\r\n<\/div><\/div><\/div><\/div><\/div><\/div><div class=\"grve-section grve-row-section grve-container-width grve-headings-white grve-with-bg-transparent\" data-header-color=\"light\"><div class=\"grve-container\"><div class=\"grve-row grve-bookmark grve-columns-gap-default grve-mobile-vertical-gap-30\"><div class=\"grve-column wpb_column grve-bookmark grve-column-1-2 grve-wpb-1718789264119 grve-horizontal-position-center grve-vertical-position-middle grve-with-bg-transparent grve-change-order grve-empty-column\"  data-mobile-order=\"2\"><div class=\"grve-column-wrapper\"><div class=\"grve-column-content\"  style=\"max-width: 540px;\"><\/div><\/div><\/div><div class=\"grve-column wpb_column grve-bookmark grve-column-1-2  grve-with-bg-transparent grve-change-order\"  data-mobile-order=\"1\"><div class=\"grve-column-wrapper\"><div class=\"grve-column-content\" ><div style=\"height: 8px;\" class=\"grve-empty-space\"><\/div><div class=\"grve-element grve-text grve-small-text image-caption\">\r\n\t\t\t<p>Czech \u201cnational\u201d opera: Anton\u00edn Dvo\u0159ak\u2019s \u201cRusalka\u201d at the Royal Opera House (London) in 2023 with Asmik Grigorian in the main role. Based on B\u00e4renreiter Praha\u2019s new edition. (Photo: Camilla Greenwell)<\/p>\n\r\n\t\t<\/div>\r\n\t<\/div><\/div><\/div><\/div><\/div><\/div><div class=\"grve-section grve-row-section grve-fullwidth-background grve-padding-top-3x grve-padding-bottom-3x grve-with-bg-gradient\" data-header-color=\"default\"  style=\"background-color:#ffffff;background: linear-gradient(180deg,#ffffff 0%,#f5f7f5 100%);\"><div class=\"grve-container\"><div class=\"grve-row grve-bookmark grve-columns-gap-default grve-mobile-vertical-gap-30\"><div class=\"grve-column wpb_column grve-bookmark grve-column-1  grve-with-bg-transparent\"><div class=\"grve-column-wrapper\"><div class=\"grve-column-content\" ><div class=\"grve-inner-section grve-with-bg-transparent\"><div class=\"grve-row-inner grve-bookmark grve-columns-gap-default grve-mobile-vertical-gap-30\"><div class=\"grve-column-inner wpb_column grve-column-1-4  grve-tablet-sm-column-hide grve-with-bg-transparent grve-empty-column\"><div class=\"grve-column-wrapper-inner\"><div class=\"grve-column-inner-content\" ><\/div><\/div><\/div><div class=\"grve-column-inner wpb_column grve-column-1-2  grve-tablet-sm-column-1 grve-with-bg-transparent\"><div class=\"grve-column-wrapper-inner\"><div class=\"grve-column-inner-content\" ><h2 class=\"grve-element grve-title grve-align-left grve-h3\" style=\"margin-bottom: 30px; color: ;\"><span>Generation Change<\/span><\/h2><div class=\"grve-element grve-text\">\r\n\t\t\t<p>Karl V\u00f6tterle, who managed his publishing house for 52 years, died in 1975. He was succeeded by his daughter Barbara Scheuch-V\u00f6tterle and her husband Leonhard Scheuch, who were able to build on the company&#8217;s already existent worldwide reputation. Despite the established market position, there was no shortage of challenges. Concentrating on the publishing house&#8217;s core competencies was one of them. All programme areas not related to music were relinquished or sold. The in-house printing facilities were also closed.<\/p>\n\r\n\t\t<\/div>\r\n\t<div class=\"grve-empty-space grve-height-1x\"><\/div><div class=\"grve-element grve-image grve-align-center\">\r\n\t<div class=\"grve-image-item\">\r\n\t\t\r\n\r\n<div class=\"grve-image-wrapper grve-no-effect\">\r\n\t\t<div class=\"grve-thumbnail-wrapper\"  style=\"width: 1420px;\"><div class=\"grve-thumbnail\"  style=\"padding-top: 125%;\"><img loading=\"lazy\" decoding=\"async\" width=\"1420\" height=\"1775\" src=\"https:\/\/emag.baerenreiter.com\/wp-content\/uploads\/2024\/06\/7_Triumvirat-Barbara.-Leonhard-und-Clemens-Scheuch-2023.webp\" class=\"attachment-full size-full\" alt=\"\" srcset=\"https:\/\/emag.baerenreiter.com\/wp-content\/uploads\/2024\/06\/7_Triumvirat-Barbara.-Leonhard-und-Clemens-Scheuch-2023.webp 1x,https:\/\/emag.baerenreiter.com\/wp-content\/uploads\/2024\/06\/7_Triumvirat-Barbara.-Leonhard-und-Clemens-Scheuch-2023.webp 2x\" data-column-space=\"auto\" data-lazyload=\"\" data-grve-filter=\"yes\" loading=\"lazy\" \/><\/div><\/div>\t<\/div>\r\n\t<\/div>\r\n<\/div>\r\n<div style=\"height: 8px;\" class=\"grve-empty-space\"><\/div><div class=\"grve-element grve-text grve-small-text image-caption\">\r\n\t\t\t<p>Triumvirate: Barbara, Leonhard and Clemens Scheuch, 2023<\/p>\n\r\n\t\t<\/div>\r\n\t<div class=\"grve-empty-space grve-height-1x\"><\/div><div class=\"grve-element grve-text\">\r\n\t\t\t<p>The next generational change went very smoothly. In 2021, Clemens Scheuch joined his parents as the third managing director of B\u00e4renreiter. From 2023-2024, the publisher celebrated its 100th anniversary. The small Augsburg living room start-up has long since become an internationally-recognised company in the field of music, whose music editions are used from Cape Town to Oslo, from Buenos Aires to Tokyo, from Los Angeles to Sydney.<\/p>\n\r\n\t\t<\/div>\r\n\t<div class=\"grve-empty-space grve-height-1x\"><\/div><div class=\"grve-element grve-image grve-align-center\">\r\n\t<div class=\"grve-image-item\">\r\n\t\t\r\n\r\n<div class=\"grve-image-wrapper grve-no-effect\">\r\n\t\t<div class=\"grve-thumbnail-wrapper\"  style=\"width: 1200px;\"><div class=\"grve-thumbnail\"  style=\"padding-top: 132.75%;\"><img loading=\"lazy\" decoding=\"async\" width=\"1200\" height=\"1593\" src=\"https:\/\/emag.baerenreiter.com\/wp-content\/uploads\/2024\/06\/8_Frischer-Wind-Das-Verlagsgebaeude-im-Jubilaeumsjahr-2023.webp\" class=\"attachment-full size-full\" alt=\"\" srcset=\"https:\/\/emag.baerenreiter.com\/wp-content\/uploads\/2024\/06\/8_Frischer-Wind-Das-Verlagsgebaeude-im-Jubilaeumsjahr-2023.webp 1x,https:\/\/emag.baerenreiter.com\/wp-content\/uploads\/2024\/06\/8_Frischer-Wind-Das-Verlagsgebaeude-im-Jubilaeumsjahr-2023.webp 2x\" data-column-space=\"auto\" data-lazyload=\"\" data-grve-filter=\"yes\" loading=\"lazy\" \/><\/div><\/div>\t<\/div>\r\n\t<\/div>\r\n<\/div>\r\n<div style=\"height: 8px;\" class=\"grve-empty-space\"><\/div><div class=\"grve-element grve-text grve-small-text image-caption\">\r\n\t\t\t<p>Fresh impetus: The company building during the 2023 100th anniversary year<\/p>\n\r\n\t\t<\/div>\r\n\t<\/div><\/div><\/div><div class=\"grve-column-inner wpb_column grve-column-1-4  grve-tablet-sm-column-hide grve-with-bg-transparent grve-empty-column\"><div class=\"grve-column-wrapper-inner\"><div class=\"grve-column-inner-content\" ><\/div><\/div><\/div><\/div><\/div><\/div><\/div><\/div><\/div><\/div><\/div>\n"},"excerpt":{"rendered":"<div class=\"grve-section grve-row-section grve-fullwidth-background grve-with-bg-color\" data-header-color=\"default\"  style=\"background-color:#b71e42;color:#ffffff;\"><div class=\"grve-container\"><div class=\"grve-row grve-bookmark grve-columns-gap-default grve-mobile-vertical-gap-30\"><div class=\"grve-column wpb_column grve-bookmark grve-column-1 grve-wpb-1713421326501 grve-with-bg-transparent\"><div class=\"grve-column-wrapper\"><div class=\"grve-column-content\" ><div class=\"grve-inner-section grve-with-bg-transparent\"><div class=\"grve-row-inner grve-bookmark grve-columns-gap-default grve-mobile-vertical-gap-30\"><div class=\"grve-column-inner wpb_column grve-column-1  grve-tablet-sm-column-1 grve-with-bg-transparent\"><div class=\"grve-column-wrapper-inner\"><div class=\"grve-column-inner-content\" ><h1 class=\"grve-element grve-title grve-align-center grve-h2 grve-text-white header-mobile-text-left\" style=\"margin-bottom: 30px;\"><span>The Publisher after 1945<\/span><\/h1><h2 class=\"grve-element grve-title grve-align-center grve-h3 grve-text-white header-mobile-text-left\" style=\"margin-bottom: 30px;\"><span>Next Stop: A Company of International Standing<\/span><\/h2><\/div><\/div><\/div><\/div><\/div><div class=\"grve-inner-section grve-with-bg-transparent\"><div class=\"grve-row-inner grve-bookmark grve-columns-gap-none grve-tablet-sm-vertical-gap-30 grve-mobile-vertical-gap-30\"><div class=\"grve-column-inner wpb_column grve-column-1-4  grve-tablet-sm-column-hide grve-with-bg-transparent grve-empty-column\"  style=\"color:#ffffff;\"><div class=\"grve-column-wrapper-inner\"><div class=\"grve-column-inner-content\" ><\/div><\/div><\/div><div class=\"grve-column-inner wpb_column grve-column-1-2  grve-with-bg-transparent\"><div class=\"grve-column-wrapper-inner\"><div class=\"grve-column-inner-content\" ><div class=\"grve-element grve-text\">\r\n\t\t\t<p>Reconstruction began immediately after the end of the war. Before the publishing licence was reissued in January 1946 and the first printing press began to work shortly afterwards once more, the employees who had returned home rebuilt their publishing house with their own hands, sometimes under adventurous conditions. Once the continued existence of the publishing house was secured, the &#8220;great undertakings&#8221;, as V\u00f6tterle called them, could be tackled.<\/p>\n\r\n\t\t<\/div>\r\n\t<\/div><\/div><\/div><div class=\"grve-column-inner wpb_column grve-column-1-4  grve-with-bg-transparent grve-empty-column\"><div class=\"grve-column-wrapper-inner\"><div class=\"grve-column-inner-content\" ><\/div><\/div><\/div><\/div><\/div><\/div><\/div><\/div><\/div><\/div><\/div><div class=\"grve-section grve-row-section grve-fullwidth-background grve-padding-top-3x grve-padding-bottom-3x grve-with-bg-color\" data-header-color=\"default\"><div class=\"grve-container\"><div class=\"grve-row grve-bookmark grve-columns-gap-default grve-mobile-vertical-gap-30\"><div class=\"grve-column wpb_column grve-bookmark grve-column-1  grve-vertical-position-middle grve-with-bg-transparent grve-animated-item\" data-delay=\"0\" data-duration=\"normal\" data-animation=\"fade-in-up\"><div class=\"grve-column-wrapper\"><div class=\"grve-column-content\" ><div class=\"grve-inner-section grve-with-bg-transparent\"><div class=\"grve-row-inner grve-bookmark grve-columns-gap-60 grve-tablet-sm-vertical-gap-30 grve-mobile-vertical-gap-30\"><div class=\"grve-column-inner wpb_column grve-column-1-2  grve-tablet-sm-column-1 grve-with-bg-transparent\"><div class=\"grve-column-wrapper-inner\"><div class=\"grve-column-inner-content\" ><div class=\"grve-element grve-image grve-align-center\">\r\n\t<div class=\"grve-image-item\">\r\n\t\t\r\n\r\n<div class=\"grve-image-wrapper grve-no-effect\">\r\n\t\t<div class=\"grve-thumbnail-wrapper\"  style=\"width: 1420px;\"><div class=\"grve-thumbnail\"  style=\"padding-top: 147.606%;\"><img loading=\"lazy\" decoding=\"async\" width=\"1420\" height=\"2096\" src=\"https:\/\/emag.baerenreiter.com\/wp-content\/uploads\/2024\/06\/1_Flaggschiff-der-Baerenreiter-Gesamtausgabe-Die-\u201eNeue-Bach-Ausgabe-1954\u20132007.webp\" class=\"attachment-full size-full\" alt=\"\" srcset=\"https:\/\/emag.baerenreiter.com\/wp-content\/uploads\/2024\/06\/1_Flaggschiff-der-Baerenreiter-Gesamtausgabe-Die-\u201eNeue-Bach-Ausgabe-1954\u20132007.webp 1x,https:\/\/emag.baerenreiter.com\/wp-content\/uploads\/2024\/06\/1_Flaggschiff-der-Baerenreiter-Gesamtausgabe-Die-\u201eNeue-Bach-Ausgabe-1954\u20132007.webp 2x\" data-column-space=\"auto\" data-lazyload=\"\" data-grve-filter=\"yes\" loading=\"lazy\" \/><\/div><\/div>\t<\/div>\r\n\t<\/div>\r\n<\/div>\r\n<div style=\"height: 8px;\" class=\"grve-empty-space\"><\/div><div class=\"grve-element grve-text grve-small-text image-caption\">\r\n\t\t\t<p>Flagship of the B\u00e4renreiter Complete Editions: The \u201cNew Bach Edition\u201d (1954\u20132007)<\/p>\n\r\n\t\t<\/div>\r\n\t<div class=\"grve-empty-space grve-height-2x\"><\/div><\/div><\/div><\/div><div class=\"grve-column-inner wpb_column grve-column-1-2  grve-tablet-sm-column-1 grve-vertical-position-middle grve-with-bg-transparent\"><div class=\"grve-column-wrapper-inner\"><div class=\"grve-column-inner-content\" ><h2 class=\"grve-element grve-title grve-align-left grve-h3\" style=\"margin-bottom: 30px; color: ;\"><span>\u201cThe Great Undertakings\u201d<\/span><\/h2><div class=\"grve-element grve-text\">\r\n\t\t\t<p>The end of the war also meant the end of a fixation on Germany. An example of a much-acclaimed international publishing project is the MGG, the music encyclopaedia Die Musik in Geschichte und Gegenwart. After lengthy preparatory work, the first volume was sent out to subscribers in June 1949. Due to the phenomenal wealth of information which was accrued, the work had to be expanded several times before it was completed in 1987 after 17 volumes.<\/p>\n\r\n\t\t<\/div>\r\n\t<div class=\"grve-empty-space grve-height-1x\"><\/div><div class=\"grve-element grve-text\">\r\n\t\t\t<p>The publisher earned an equally great reputation for the publication of scholarly-critical Complete Editions. With the Gluck Complete Edition (from 1951), Georg Philipp Telemann,Musical Works (from 1953), the New Bach Edition (1954-2007), the New Mozart Edition (1955-2007), the Halle Handel Edition (from 1955), the New Sch\u00fctz Edition (from 1955), the New Schubert Edition (from 1964) and the New Berlioz Edition (1967-2006), B\u00e4renreiter succeeded in providing music volumes of a high editorial standard for performers and scholars alike. Further editions were added; Franz Berwald, Niels Wilhelm Gade, Leo\u0161 Jan\u00e1\u010dek, Leonhard Lechner, Orlando di Lasso, Jean-Philippe Rameau, Sergei Rachmaninoff, Gioachino Rossini and Giuseppe Tartini.<\/p>\n\r\n\t\t<\/div>\r\n\t<\/div><\/div><\/div><\/div><\/div><\/div><\/div><\/div><\/div><\/div><\/div><div class=\"grve-section grve-row-section grve-fullwidth-background grve-padding-bottom-3x grve-with-bg-color\" data-header-color=\"default\"  style=\"background-color:#f0e9e1;\"><div class=\"grve-container\"><div class=\"grve-row grve-bookmark grve-columns-gap-default grve-mobile-vertical-gap-30\"><div class=\"grve-column wpb_column grve-bookmark grve-column-1-6  grve-tablet-sm-column-hide grve-with-bg-transparent grve-empty-column\"><div class=\"grve-column-wrapper\"><div class=\"grve-column-content\" ><\/div><\/div><\/div><div class=\"grve-column wpb_column grve-bookmark grve-column-5-6 grve-wpb-1718268313345 grve-tablet-sm-column-1 grve-with-bg-transparent\"><div class=\"grve-column-wrapper\"><div class=\"grve-column-content\" ><h2 class=\"grve-element grve-title grve-align-left grve-h3\" style=\"margin-bottom: 30px; color: ;\"><span>Commitment to Contemporary Music<\/span><\/h2><div class=\"grve-inner-section grve-with-bg-transparent\"><div class=\"grve-row-inner grve-bookmark grve-columns-gap-default grve-tablet-sm-vertical-gap-30 grve-mobile-vertical-gap-30\"><div class=\"grve-column-inner wpb_column grve-column-2-3  grve-tablet-sm-column-1 grve-with-bg-transparent\"><div class=\"grve-column-wrapper-inner\"><div class=\"grve-column-inner-content\" ><div class=\"grve-element grve-text\">\r\n\t\t\t<p>With the end of the war, the politically imposed barriers in the arts fell. For B\u00e4renreiter, this also provided the opportunity to focus more strongly on contemporary music. The number of premieres of published works increased, including numerous sensational musical events, e.g. Ernst Krenek, Lamentatio Jeremiae Prophetae (1958), Bohuslav Martin\u016f, Rhapsody-Concerto for Viola and Orchestra (1953), Bernd Alois Zimmermann, Musique pour les soupers du Roi Ubu (1966), Klaus Huber, Soliloquia. Oratorio (1962\/1964), Giselher Klebe, Der j\u00fcngste Tag (1982), Matthias Pintscher, Thomas Chatterton (1998), Beat Furrer, FAMA (2005), Manfred Trojahn, Orest (2011), Miroslav Srnka, South Pole (2016), Dieter Ammann, The Piano Concerto (Gran Toccata) (2019), Andreas Lorenzo Scartazzini, a cycle of orchestral pieces to Gustav Mahler&#8217;s nine symphonies (2018-2025) and many others.<\/p>\n<p>For decades, B\u00e4renreiter has lived up to its commitment to publish and promote not only the music of the past but also that of the present.<\/p>\n\r\n\t\t<\/div>\r\n\t<\/div><\/div><\/div><div class=\"grve-column-inner wpb_column grve-column-1-3  grve-with-bg-transparent grve-empty-column\"><div class=\"grve-column-wrapper-inner\"><div class=\"grve-column-inner-content\" ><\/div><\/div><\/div><\/div><\/div><\/div><\/div><\/div><\/div><\/div><\/div><div class=\"grve-section grve-row-section grve-fullwidth-background grve-padding-bottom-3x grve-with-bg-transparent\" data-header-color=\"default\"><div class=\"grve-container\"><div class=\"grve-row grve-bookmark grve-columns-gap-default grve-mobile-vertical-gap-30\"><div class=\"grve-column wpb_column grve-bookmark grve-column-1 grve-wpb-1599199444770 grve-with-bg-transparent\"><div class=\"grve-column-wrapper\"><div class=\"grve-column-content\" ><div class=\"grve-inner-section grve-with-bg-transparent\"><div class=\"grve-row-inner grve-bookmark grve-columns-gap-default grve-mobile-vertical-gap-30\"><div class=\"grve-column-inner wpb_column grve-column-1-2  grve-with-bg-transparent\"><div class=\"grve-column-wrapper-inner\"><div class=\"grve-column-inner-content\" ><div class=\"grve-element grve-image grve-align-center\">\r\n\t<div class=\"grve-image-item\">\r\n\t\t\r\n\r\n<div class=\"grve-image-wrapper grve-no-effect\">\r\n\t\t<div class=\"grve-thumbnail-wrapper\"  style=\"width: 1170px;\"><div class=\"grve-thumbnail\"  style=\"padding-top: 68.803%;\"><img loading=\"lazy\" decoding=\"async\" width=\"1170\" height=\"805\" src=\"https:\/\/emag.baerenreiter.com\/wp-content\/uploads\/2024\/06\/2_Karl-Voetterle-und-Ernst-Krenek-1958.webp\" class=\"attachment-full size-full\" alt=\"\" srcset=\"https:\/\/emag.baerenreiter.com\/wp-content\/uploads\/2024\/06\/2_Karl-Voetterle-und-Ernst-Krenek-1958.webp 1x,https:\/\/emag.baerenreiter.com\/wp-content\/uploads\/2024\/06\/2_Karl-Voetterle-und-Ernst-Krenek-1958.webp 2x\" data-column-space=\"auto\" data-lazyload=\"\" data-grve-filter=\"yes\" loading=\"lazy\" \/><\/div><\/div>\t<\/div>\r\n\t<\/div>\r\n<\/div>\r\n<div style=\"height: 8px;\" class=\"grve-empty-space\"><\/div><div class=\"grve-element grve-text grve-small-text image-caption\">\r\n\t\t\t<p>Karl V\u00f6tterle and Ernst Krenek, 1958<\/p>\n\r\n\t\t<\/div>\r\n\t<\/div><\/div><\/div><div class=\"grve-column-inner wpb_column grve-column-1-2  grve-with-bg-transparent\"><div class=\"grve-column-wrapper-inner\"><div class=\"grve-column-inner-content\" ><div class=\"grve-element grve-image grve-align-center\">\r\n\t<div class=\"grve-image-item\">\r\n\t\t\r\n\r\n<div class=\"grve-image-wrapper grve-no-effect\">\r\n\t\t<div class=\"grve-thumbnail-wrapper\"  style=\"width: 1420px;\"><div class=\"grve-thumbnail\"  style=\"padding-top: 65.07%;\"><img loading=\"lazy\" decoding=\"async\" width=\"1420\" height=\"924\" src=\"https:\/\/emag.baerenreiter.com\/wp-content\/uploads\/2024\/06\/3_Spektakulaere-Urauffuehrung-Miroslva-Srnkas-Oper-\u201eSouth-Pole-2016-an-der-Bayerischen-Staatsoper-Muenchen-Foto-Wilfried-Hoesl.webp\" class=\"attachment-full size-full\" alt=\"\" srcset=\"https:\/\/emag.baerenreiter.com\/wp-content\/uploads\/2024\/06\/3_Spektakulaere-Urauffuehrung-Miroslva-Srnkas-Oper-\u201eSouth-Pole-2016-an-der-Bayerischen-Staatsoper-Muenchen-Foto-Wilfried-Hoesl.webp 1x,https:\/\/emag.baerenreiter.com\/wp-content\/uploads\/2024\/06\/3_Spektakulaere-Urauffuehrung-Miroslva-Srnkas-Oper-\u201eSouth-Pole-2016-an-der-Bayerischen-Staatsoper-Muenchen-Foto-Wilfried-Hoesl.webp 2x\" data-column-space=\"auto\" data-lazyload=\"\" data-grve-filter=\"yes\" loading=\"lazy\" \/><\/div><\/div>\t<\/div>\r\n\t<\/div>\r\n<\/div>\r\n<div style=\"height: 8px;\" class=\"grve-empty-space\"><\/div><div class=\"grve-element grve-text grve-small-text image-caption\">\r\n\t\t\t<p>Spectacular world premiere: Miroslva Srnka\u2018s opera \u201cSouth Pole\u201d at the Bayerische Staatsoper M\u00fcnchen in 2016 (Photo: Wilfried H\u00f6sl)<\/p>\n\r\n\t\t<\/div>\r\n\t<\/div><\/div><\/div><\/div><\/div><\/div><\/div><\/div><\/div><\/div><\/div><div class=\"grve-section grve-row-section grve-fullwidth-background grve-padding-bottom-3x grve-with-bg-color\" data-header-color=\"default\"><div class=\"grve-container\"><div class=\"grve-row grve-bookmark grve-columns-gap-default grve-mobile-vertical-gap-30\"><div class=\"grve-column wpb_column grve-bookmark grve-column-1  grve-vertical-position-middle grve-with-bg-transparent grve-animated-item\" data-delay=\"0\" data-duration=\"normal\" data-animation=\"fade-in-up\"><div class=\"grve-column-wrapper\"><div class=\"grve-column-content\" ><h2 class=\"grve-element grve-title grve-align-left grve-h3\" style=\"margin-bottom: 30px; color: ;\"><span>Expansion<\/span><\/h2><div class=\"grve-inner-section grve-with-bg-transparent\"><div class=\"grve-row-inner grve-bookmark grve-columns-gap-60 grve-tablet-sm-vertical-gap-30 grve-mobile-vertical-gap-30\"><div class=\"grve-column-inner wpb_column grve-column-1-2  grve-tablet-sm-column-1 grve-with-bg-transparent\"><div class=\"grve-column-wrapper-inner\"><div class=\"grve-column-inner-content\" ><div class=\"grve-element grve-text\">\r\n\t\t\t<p>From the 1950s onwards, all the signs pointed to expansion, which was also reflected in takeovers and the founding of new subsidiaries. Among the companies that found continuity and new perspectives under the umbrella of the growing B\u00e4renreiter publishing group were Nagels-Verlag (1952), Alkor-Edition (formerly Bruckner-Verlag, 1955), Gustav Bosse Verlag (1957) and Henschel Musik (1991). Starting with Basel \u2013- founded in 1944 as a possible alternative location to Kassel \u2013- there were foreign subsidiaries in New York (1958), Paris (1962, from 1971-1980 in Tours) and London (1963). Editio B\u00e4renreiter Praha (EBP) followed in 1998. After an arduous privatisation process, this company was separated from the former Czech state-owned publisher Supraphon. Today, close to twenty employees work in Prague and primarily focus on the rich heritage of Czech music. In addition, B\u00e4renreiter Praha (BP) represents B\u00e4renreiter as a sales and distribution centre for Eastern European territories.<\/p>\n\r\n\t\t<\/div>\r\n\t<div class=\"grve-empty-space grve-height-2x\"><\/div><div class=\"grve-element grve-image grve-align-center\">\r\n\t<div class=\"grve-image-item\">\r\n\t\t\r\n\r\n<div class=\"grve-image-wrapper grve-no-effect\">\r\n\t\t<div class=\"grve-thumbnail-wrapper\"  style=\"width: 1420px;\"><div class=\"grve-thumbnail\"  style=\"padding-top: 56.268%;\"><img loading=\"lazy\" decoding=\"async\" width=\"1420\" height=\"799\" src=\"https:\/\/emag.baerenreiter.com\/wp-content\/uploads\/2024\/06\/4_Beethoven-bei-Baerenreiter-ohne-ihn-nicht-denkbar.-Jonathan-Del-Mar-erhellt-auch-das-kleinste-Detail.webp\" class=\"attachment-full size-full\" alt=\"\" srcset=\"https:\/\/emag.baerenreiter.com\/wp-content\/uploads\/2024\/06\/4_Beethoven-bei-Baerenreiter-ohne-ihn-nicht-denkbar.-Jonathan-Del-Mar-erhellt-auch-das-kleinste-Detail.webp 1x,https:\/\/emag.baerenreiter.com\/wp-content\/uploads\/2024\/06\/4_Beethoven-bei-Baerenreiter-ohne-ihn-nicht-denkbar.-Jonathan-Del-Mar-erhellt-auch-das-kleinste-Detail.webp 2x\" data-column-space=\"auto\" data-lazyload=\"\" data-grve-filter=\"yes\" loading=\"lazy\" \/><\/div><\/div>\t<\/div>\r\n\t<\/div>\r\n<\/div>\r\n<div style=\"height: 8px;\" class=\"grve-empty-space\"><\/div><div class=\"grve-element grve-text grve-small-text image-caption\">\r\n\t\t\t<p>Beethoven at B\u00e4renreiter: inconceivable without Jonathan Del Mar who illuminates the smallest detail<\/p>\n\r\n\t\t<\/div>\r\n\t<div class=\"grve-empty-space grve-height-2x\"><\/div><div class=\"grve-element grve-text\">\r\n\t\t\t<p>The music book catalogue gained in quantity and quality. In addition to special studies in musicology, the catalogue includes study books, reference works, biographies and accessible introductions to music works. Despite the digital revolution, B\u00e4renreiter ventured to publish a second edition of the MGG music encyclopaedia: the 29-volume work was published between 1994 and 2008, covering all areas of music far beyond classical music based on the latest scholarly findings.<\/p>\n\r\n\t\t<\/div>\r\n\t<\/div><\/div><\/div><div class=\"grve-column-inner wpb_column grve-column-1-2  grve-tablet-sm-column-1 grve-vertical-position-middle grve-with-bg-transparent\"><div class=\"grve-column-wrapper-inner\"><div class=\"grve-column-inner-content\" ><div class=\"grve-element grve-image grve-align-center\">\r\n\t<div class=\"grve-image-item\">\r\n\t\t\r\n\r\n<div class=\"grve-image-wrapper grve-no-effect\">\r\n\t\t<div class=\"grve-thumbnail-wrapper\"  style=\"width: 1420px;\"><div class=\"grve-thumbnail\"  style=\"padding-top: 125%;\"><img loading=\"lazy\" decoding=\"async\" width=\"1420\" height=\"1775\" src=\"https:\/\/emag.baerenreiter.com\/wp-content\/uploads\/2024\/06\/5_Laengst-bei-den-Musikern-angekommen-die-praktischen-Ausgaben-hier-die-Klaviersonaten-des-Meisters-aus-Bonn.webp\" class=\"attachment-full size-full\" alt=\"\" srcset=\"https:\/\/emag.baerenreiter.com\/wp-content\/uploads\/2024\/06\/5_Laengst-bei-den-Musikern-angekommen-die-praktischen-Ausgaben-hier-die-Klaviersonaten-des-Meisters-aus-Bonn.webp 1x,https:\/\/emag.baerenreiter.com\/wp-content\/uploads\/2024\/06\/5_Laengst-bei-den-Musikern-angekommen-die-praktischen-Ausgaben-hier-die-Klaviersonaten-des-Meisters-aus-Bonn.webp 2x\" data-column-space=\"auto\" data-lazyload=\"\" data-grve-filter=\"yes\" loading=\"lazy\" \/><\/div><\/div>\t<\/div>\r\n\t<\/div>\r\n<\/div>\r\n<div style=\"height: 8px;\" class=\"grve-empty-space\"><\/div><div class=\"grve-element grve-text grve-small-text image-caption\">\r\n\t\t\t<p>The performing edition of the Beethoven Piano Sonatas, recognised by performers all over the world<\/p>\n\r\n\t\t<\/div>\r\n\t<div class=\"grve-empty-space grve-height-2x\"><\/div><div class=\"grve-element grve-text\">\r\n\t\t\t<p>One of the new objectives in recent years has been the expansion of the sheet music catalogue. Until well into the 1990s, predominantly the works of composers of the B\u00e4renreiter Complete Editions were made available in Urtext performing editions. Now the trend is to be able to offer as broad a spectrum as possible from the classical-romantic repertoire up to the early 20th century. The opening up of the catalogue began in 1996 with the Urtext edition of Ludwig van Beethoven&#8217;s nine symphonies edited by the British musicologist Jonathan Del Mar. This was followed by editions of works by Brahms, Chopin, Debussy, Elgar, Grieg, Ravel, Satie, Scriabin, Smetana, Vivaldi and many others.<\/p>\n\r\n\t\t<\/div>\r\n\t<\/div><\/div><\/div><\/div><\/div><\/div><\/div><\/div><\/div><\/div><\/div><div class=\"grve-section grve-row-section grve-fullwidth grve-headings-white grve-with-bg-color\" data-header-color=\"light\"  style=\"background-color:#000000;color:#ffffff;\"><div class=\"grve-container\"><div class=\"grve-row grve-bookmark grve-columns-gap-default grve-mobile-vertical-gap-30\"><div class=\"grve-column wpb_column grve-bookmark grve-column-1-2 grve-wpb-1718789264119 grve-horizontal-position-center grve-vertical-position-middle grve-with-bg-transparent grve-change-order\"  data-mobile-order=\"2\"><div class=\"grve-column-wrapper\"><div class=\"grve-column-content\"  style=\"max-width: 540px;\"><div class=\"grve-empty-space grve-height-1x\"><\/div><div class=\"grve-element grve-text\">\r\n\t\t\t<p>The newly established &#8220;B\u00e4renreiter Urtext&#8221; label ensured the high standard and quality of the editions and created a clearly recognisable look.<\/p>\n\r\n\t\t<\/div>\r\n\t<div class=\"grve-empty-space grve-height-1x\"><\/div><div class=\"grve-element grve-text\">\r\n\t\t\t<p>Great efforts were also made in the field of opera. The successive publication of stage works by Handel and Rameau offers theatres all over the world the opportunity to expand their repertoire. Previously rarely performed works from the Romantic opera repertoire, such as Hal\u00e9vy\u2019s La Juive, have also been performed on a regular basis.<br \/>\nOutdated editions of operas such as Bizet&#8217;s Carmen, Dvo\u0159\u00e1k&#8217;s Rusalka or Gounod&#8217;s Faust have been replaced by editions based on modern source evaluation.<\/p>\n\r\n\t\t<\/div>\r\n\t<div class=\"grve-empty-space grve-height-1x\"><\/div><div class=\"grve-element grve-text\">\r\n\t\t\t<p>Outdated editions of operas such as Bizet&#8217;s Carmen, Dvo\u0159\u00e1k&#8217;s Rusalka or Gounod&#8217;s Faust have been replaced by editions based on modern source evaluation.<\/p>\n\r\n\t\t<\/div>\r\n\t<div class=\"grve-empty-space grve-height-1x\"><\/div><\/div><\/div><\/div><div class=\"grve-column wpb_column grve-bookmark grve-column-1-2  grve-with-bg-transparent grve-change-order\"  data-mobile-order=\"1\"><div class=\"grve-column-wrapper\"><div class=\"grve-column-content\" ><div class=\"grve-element grve-image grve-align-center\">\r\n\t<div class=\"grve-image-item\">\r\n\t\t\r\n\r\n<div class=\"grve-image-wrapper grve-no-effect\">\r\n\t\t<div class=\"grve-thumbnail-wrapper\"  style=\"width: 1024px;\"><div class=\"grve-thumbnail\"  style=\"padding-top: 66.699%;\"><img loading=\"lazy\" decoding=\"async\" width=\"1024\" height=\"683\" src=\"https:\/\/emag.baerenreiter.com\/wp-content\/uploads\/2024\/06\/6_Tschechische-Nationaloper-Antonin-Dvoraks-\u201eRusalka-2023-am-Royal-Opera-House-London-mit-Asmik-Grigorian-in-der-Titelpartie-1024x683.webp\" class=\"attachment-large size-large\" alt=\"\" data-column-space=\"auto\" data-lazyload=\"\" data-grve-filter=\"yes\" srcset=\"https:\/\/emag.baerenreiter.com\/wp-content\/uploads\/2024\/06\/6_Tschechische-Nationaloper-Antonin-Dvoraks-\u201eRusalka-2023-am-Royal-Opera-House-London-mit-Asmik-Grigorian-in-der-Titelpartie-1024x683.webp 1024w, https:\/\/emag.baerenreiter.com\/wp-content\/uploads\/2024\/06\/6_Tschechische-Nationaloper-Antonin-Dvoraks-\u201eRusalka-2023-am-Royal-Opera-House-London-mit-Asmik-Grigorian-in-der-Titelpartie-300x200.webp 300w, https:\/\/emag.baerenreiter.com\/wp-content\/uploads\/2024\/06\/6_Tschechische-Nationaloper-Antonin-Dvoraks-\u201eRusalka-2023-am-Royal-Opera-House-London-mit-Asmik-Grigorian-in-der-Titelpartie-768x512.webp 768w, https:\/\/emag.baerenreiter.com\/wp-content\/uploads\/2024\/06\/6_Tschechische-Nationaloper-Antonin-Dvoraks-\u201eRusalka-2023-am-Royal-Opera-House-London-mit-Asmik-Grigorian-in-der-Titelpartie-500x333.webp 500w, https:\/\/emag.baerenreiter.com\/wp-content\/uploads\/2024\/06\/6_Tschechische-Nationaloper-Antonin-Dvoraks-\u201eRusalka-2023-am-Royal-Opera-House-London-mit-Asmik-Grigorian-in-der-Titelpartie-800x534.webp 800w, https:\/\/emag.baerenreiter.com\/wp-content\/uploads\/2024\/06\/6_Tschechische-Nationaloper-Antonin-Dvoraks-\u201eRusalka-2023-am-Royal-Opera-House-London-mit-Asmik-Grigorian-in-der-Titelpartie-1280x854.webp 1280w, https:\/\/emag.baerenreiter.com\/wp-content\/uploads\/2024\/06\/6_Tschechische-Nationaloper-Antonin-Dvoraks-\u201eRusalka-2023-am-Royal-Opera-House-London-mit-Asmik-Grigorian-in-der-Titelpartie.webp 1420w\" sizes=\"auto, (max-width: 1024px) 100vw, 1024px\" loading=\"lazy\" \/><\/div><\/div>\t<\/div>\r\n\t<\/div>\r\n<\/div>\r\n<\/div><\/div><\/div><\/div><\/div><\/div><div class=\"grve-section grve-row-section grve-container-width grve-headings-white grve-with-bg-transparent\" data-header-color=\"light\"><div class=\"grve-container\"><div class=\"grve-row grve-bookmark grve-columns-gap-default grve-mobile-vertical-gap-30\"><div class=\"grve-column wpb_column grve-bookmark grve-column-1-2 grve-wpb-1718789264119 grve-horizontal-position-center grve-vertical-position-middle grve-with-bg-transparent grve-change-order grve-empty-column\"  data-mobile-order=\"2\"><div class=\"grve-column-wrapper\"><div class=\"grve-column-content\"  style=\"max-width: 540px;\"><\/div><\/div><\/div><div class=\"grve-column wpb_column grve-bookmark grve-column-1-2  grve-with-bg-transparent grve-change-order\"  data-mobile-order=\"1\"><div class=\"grve-column-wrapper\"><div class=\"grve-column-content\" ><div style=\"height: 8px;\" class=\"grve-empty-space\"><\/div><div class=\"grve-element grve-text grve-small-text image-caption\">\r\n\t\t\t<p>Czech \u201cnational\u201d opera: Anton\u00edn Dvo\u0159ak\u2019s \u201cRusalka\u201d at the Royal Opera House (London) in 2023 with Asmik Grigorian in the main role. Based on B\u00e4renreiter Praha\u2019s new edition. (Photo: Camilla Greenwell)<\/p>\n\r\n\t\t<\/div>\r\n\t<\/div><\/div><\/div><\/div><\/div><\/div><div class=\"grve-section grve-row-section grve-fullwidth-background grve-padding-top-3x grve-padding-bottom-3x grve-with-bg-gradient\" data-header-color=\"default\"  style=\"background-color:#ffffff;background: linear-gradient(180deg,#ffffff 0%,#f5f7f5 100%);\"><div class=\"grve-container\"><div class=\"grve-row grve-bookmark grve-columns-gap-default grve-mobile-vertical-gap-30\"><div class=\"grve-column wpb_column grve-bookmark grve-column-1  grve-with-bg-transparent\"><div class=\"grve-column-wrapper\"><div class=\"grve-column-content\" ><div class=\"grve-inner-section grve-with-bg-transparent\"><div class=\"grve-row-inner grve-bookmark grve-columns-gap-default grve-mobile-vertical-gap-30\"><div class=\"grve-column-inner wpb_column grve-column-1-4  grve-tablet-sm-column-hide grve-with-bg-transparent grve-empty-column\"><div class=\"grve-column-wrapper-inner\"><div class=\"grve-column-inner-content\" ><\/div><\/div><\/div><div class=\"grve-column-inner wpb_column grve-column-1-2  grve-tablet-sm-column-1 grve-with-bg-transparent\"><div class=\"grve-column-wrapper-inner\"><div class=\"grve-column-inner-content\" ><h2 class=\"grve-element grve-title grve-align-left grve-h3\" style=\"margin-bottom: 30px; color: ;\"><span>Generation Change<\/span><\/h2><div class=\"grve-element grve-text\">\r\n\t\t\t<p>Karl V\u00f6tterle, who managed his publishing house for 52 years, died in 1975. He was succeeded by his daughter Barbara Scheuch-V\u00f6tterle and her husband Leonhard Scheuch, who were able to build on the company&#8217;s already existent worldwide reputation. Despite the established market position, there was no shortage of challenges. Concentrating on the publishing house&#8217;s core competencies was one of them. All programme areas not related to music were relinquished or sold. The in-house printing facilities were also closed.<\/p>\n\r\n\t\t<\/div>\r\n\t<div class=\"grve-empty-space grve-height-1x\"><\/div><div class=\"grve-element grve-image grve-align-center\">\r\n\t<div class=\"grve-image-item\">\r\n\t\t\r\n\r\n<div class=\"grve-image-wrapper grve-no-effect\">\r\n\t\t<div class=\"grve-thumbnail-wrapper\"  style=\"width: 1420px;\"><div class=\"grve-thumbnail\"  style=\"padding-top: 125%;\"><img loading=\"lazy\" decoding=\"async\" width=\"1420\" height=\"1775\" src=\"https:\/\/emag.baerenreiter.com\/wp-content\/uploads\/2024\/06\/7_Triumvirat-Barbara.-Leonhard-und-Clemens-Scheuch-2023.webp\" class=\"attachment-full size-full\" alt=\"\" srcset=\"https:\/\/emag.baerenreiter.com\/wp-content\/uploads\/2024\/06\/7_Triumvirat-Barbara.-Leonhard-und-Clemens-Scheuch-2023.webp 1x,https:\/\/emag.baerenreiter.com\/wp-content\/uploads\/2024\/06\/7_Triumvirat-Barbara.-Leonhard-und-Clemens-Scheuch-2023.webp 2x\" data-column-space=\"auto\" data-lazyload=\"\" data-grve-filter=\"yes\" loading=\"lazy\" \/><\/div><\/div>\t<\/div>\r\n\t<\/div>\r\n<\/div>\r\n<div style=\"height: 8px;\" class=\"grve-empty-space\"><\/div><div class=\"grve-element grve-text grve-small-text image-caption\">\r\n\t\t\t<p>Triumvirate: Barbara, Leonhard and Clemens Scheuch, 2023<\/p>\n\r\n\t\t<\/div>\r\n\t<div class=\"grve-empty-space grve-height-1x\"><\/div><div class=\"grve-element grve-text\">\r\n\t\t\t<p>The next generational change went very smoothly. In 2021, Clemens Scheuch joined his parents as the third managing director of B\u00e4renreiter. From 2023-2024, the publisher celebrated its 100th anniversary. The small Augsburg living room start-up has long since become an internationally-recognised company in the field of music, whose music editions are used from Cape Town to Oslo, from Buenos Aires to Tokyo, from Los Angeles to Sydney.<\/p>\n\r\n\t\t<\/div>\r\n\t<div class=\"grve-empty-space grve-height-1x\"><\/div><div class=\"grve-element grve-image grve-align-center\">\r\n\t<div class=\"grve-image-item\">\r\n\t\t\r\n\r\n<div class=\"grve-image-wrapper grve-no-effect\">\r\n\t\t<div class=\"grve-thumbnail-wrapper\"  style=\"width: 1200px;\"><div class=\"grve-thumbnail\"  style=\"padding-top: 132.75%;\"><img loading=\"lazy\" decoding=\"async\" width=\"1200\" height=\"1593\" src=\"https:\/\/emag.baerenreiter.com\/wp-content\/uploads\/2024\/06\/8_Frischer-Wind-Das-Verlagsgebaeude-im-Jubilaeumsjahr-2023.webp\" class=\"attachment-full size-full\" alt=\"\" srcset=\"https:\/\/emag.baerenreiter.com\/wp-content\/uploads\/2024\/06\/8_Frischer-Wind-Das-Verlagsgebaeude-im-Jubilaeumsjahr-2023.webp 1x,https:\/\/emag.baerenreiter.com\/wp-content\/uploads\/2024\/06\/8_Frischer-Wind-Das-Verlagsgebaeude-im-Jubilaeumsjahr-2023.webp 2x\" data-column-space=\"auto\" data-lazyload=\"\" data-grve-filter=\"yes\" loading=\"lazy\" \/><\/div><\/div>\t<\/div>\r\n\t<\/div>\r\n<\/div>\r\n<div style=\"height: 8px;\" class=\"grve-empty-space\"><\/div><div class=\"grve-element grve-text grve-small-text image-caption\">\r\n\t\t\t<p>Fresh impetus: The company building during the 2023 100th anniversary year<\/p>\n\r\n\t\t<\/div>\r\n\t<\/div><\/div><\/div><div class=\"grve-column-inner wpb_column grve-column-1-4  grve-tablet-sm-column-hide grve-with-bg-transparent grve-empty-column\"><div class=\"grve-column-wrapper-inner\"><div class=\"grve-column-inner-content\" ><\/div><\/div><\/div><\/div><\/div><\/div><\/div><\/div><\/div><\/div><\/div>\n"},"author":11,"featured_media":0,"parent":13721,"menu_order":0,"comment_status":"closed","ping_status":"closed","template":"","meta":{"_acf_changed":false,"_vp_format_video_url":"","_vp_image_focal_point":[],"_vp_custom_popup_image":0,"_vp_format_audio_url":"","_vp_album_images":[],"_vp_custom_thumbnail":0,"_vp_custom_thumbnail_focal_point":[],"_vp_custom_thumbnail_cover":0,"_vp_hover_thumbnail":0,"_vp_hover_thumbnail_focal_point":[],"footnotes":""},"class_list":["post-13618","page","type-page","status-publish","hentry","grve-entry-item"],"acf":[],"wpml_current_locale":"en_US","wpml_translations":{"de_DE":{"locale":"de_DE","id":9611,"slug":"der-verlag-ab-1945","post_title":"Der Verlag ab 1945","href":"https:\/\/emag.baerenreiter.com\/verlag\/die-geschichte\/der-verlag-ab-1945\/"}},"_links":{"self":[{"href":"https:\/\/emag.baerenreiter.com\/en\/wp-json\/wp\/v2\/pages\/13618","targetHints":{"allow":["GET"]}}],"collection":[{"href":"https:\/\/emag.baerenreiter.com\/en\/wp-json\/wp\/v2\/pages"}],"about":[{"href":"https:\/\/emag.baerenreiter.com\/en\/wp-json\/wp\/v2\/types\/page"}],"author":[{"embeddable":true,"href":"https:\/\/emag.baerenreiter.com\/en\/wp-json\/wp\/v2\/users\/11"}],"replies":[{"embeddable":true,"href":"https:\/\/emag.baerenreiter.com\/en\/wp-json\/wp\/v2\/comments?post=13618"}],"version-history":[{"count":2,"href":"https:\/\/emag.baerenreiter.com\/en\/wp-json\/wp\/v2\/pages\/13618\/revisions"}],"predecessor-version":[{"id":13620,"href":"https:\/\/emag.baerenreiter.com\/en\/wp-json\/wp\/v2\/pages\/13618\/revisions\/13620"}],"up":[{"embeddable":true,"href":"https:\/\/emag.baerenreiter.com\/en\/wp-json\/wp\/v2\/pages\/13721"}],"wp:attachment":[{"href":"https:\/\/emag.baerenreiter.com\/en\/wp-json\/wp\/v2\/media?parent=13618"}],"curies":[{"name":"wp","href":"https:\/\/api.w.org\/{rel}","templated":true}]}}