{"id":13386,"date":"2024-06-28T07:40:57","date_gmt":"2024-06-28T05:40:57","guid":{"rendered":"https:\/\/emag.baerenreiter.com\/faure-gabriel\/"},"modified":"2026-02-20T14:15:50","modified_gmt":"2026-02-20T13:15:50","slug":"faure-gabriel","status":"publish","type":"page","link":"https:\/\/emag.baerenreiter.com\/en\/faure-gabriel\/","title":{"rendered":"Faur\u00e9, Gabriel"},"content":{"rendered":"<div class=\"grve-section grve-row-section grve-fullwidth-background grve-with-bg-color\" data-header-color=\"default\"  style=\"background-color:#e7e7e7;\"><div class=\"grve-container\"><div class=\"grve-row grve-bookmark grve-columns-gap-default grve-mobile-vertical-gap-30\"><div class=\"grve-column wpb_column grve-bookmark grve-column-1  grve-with-bg-transparent\"><div class=\"grve-column-wrapper\"><div class=\"grve-column-content\" ><div class=\"grve-inner-section composer-header grve-with-bg-transparent\"><div class=\"grve-row-inner grve-bookmark grve-columns-gap-default grve-mobile-vertical-gap-30\"><div class=\"grve-column-inner wpb_column grve-column-5-12 grve-wpb-1715857276604 grve-vertical-position-middle grve-with-bg-transparent\"><div class=\"grve-column-wrapper-inner\"><div class=\"grve-column-inner-content\" ><div class=\"grve-element grve-image grve-align-left\">\r\n\t<div class=\"grve-image-item\">\r\n\t\t\r\n\r\n<div class=\"grve-image-wrapper grve-no-effect\">\r\n\t\t<div class=\"grve-thumbnail-wrapper\"  style=\"width: 1280px;\"><div class=\"grve-thumbnail\"  style=\"padding-top: 100%;\"><img loading=\"lazy\" decoding=\"async\" width=\"1280\" height=\"1280\" src=\"https:\/\/emag.baerenreiter.com\/wp-content\/uploads\/2024\/07\/Faure_1280x1280.webp\" class=\"attachment-full size-full\" alt=\"\" srcset=\"https:\/\/emag.baerenreiter.com\/wp-content\/uploads\/2024\/07\/Faure_1280x1280.webp 1x,https:\/\/emag.baerenreiter.com\/wp-content\/uploads\/2024\/07\/Faure_1280x1280.webp 2x\" data-column-space=\"auto\" data-lazyload=\"\" data-grve-filter=\"yes\" loading=\"lazy\" \/><\/div><\/div>\t<\/div>\r\n\t<\/div>\r\n<\/div>\r\n<\/div><\/div><\/div><div class=\"grve-column-inner wpb_column grve-column-7-12 grve-wpb-1715857422252 grve-vertical-position-middle grve-with-bg-transparent grve-align-center\"><div class=\"grve-column-wrapper-inner\"><div class=\"grve-column-inner-content\" ><h1 class=\"grve-element grve-title grve-align-center grve-page-title grve-text-primary-2\"><span>Gabriel Faur\u00e9<\/span><\/h1><h3 class=\"grve-element grve-title grve-align-inherit grve-h3\"><span>(1845 &#8211; 1924)<\/span><\/h3><div class=\"grve-element grve-text grve-leader-text text-color-white\">\r\n\t\t\t<p>The Complete Works<\/p>\n\r\n\t\t<\/div>\r\n\t<div class=\"grve-empty-space grve-height-1x\"><\/div><\/div><\/div><\/div><\/div><\/div><\/div><\/div><\/div><\/div><\/div><\/div><div class=\"grve-section grve-row-section grve-fullwidth-background grve-padding-top-4x grve-padding-bottom-4x grve-with-bg-transparent\" data-header-color=\"default\"><div class=\"grve-container\"><div class=\"grve-row grve-bookmark grve-columns-gap-default grve-mobile-vertical-gap-30\"><div class=\"grve-column wpb_column grve-bookmark grve-column-1  grve-with-bg-transparent\"><div class=\"grve-column-wrapper\"><div class=\"grve-column-content\" ><div class=\"grve-inner-section grve-with-bg-transparent\"><div class=\"grve-row-inner grve-bookmark grve-columns-gap-default grve-mobile-vertical-gap-30\"><div class=\"grve-column-inner wpb_column grve-column-1-4  grve-tablet-column-1-6 grve-tablet-sm-column-1-6 grve-mobile-column-hide grve-with-bg-transparent grve-empty-column\"><div class=\"grve-column-wrapper-inner\"><div class=\"grve-column-inner-content\" ><\/div><\/div><\/div><div class=\"grve-column-inner wpb_column grve-column-1-2  grve-tablet-column-2-3 grve-tablet-sm-column-2-3 grve-with-bg-transparent\"><div class=\"grve-column-wrapper-inner\"><div class=\"grve-column-inner-content\" ><h3 class=\"grve-element grve-title grve-align-inherit grve-h4\"><span>Scientific Director : Jean-Michel Nectoux<br \/>\nChief Editor : Nicolas Southon<\/span><\/h3><div class=\"grve-element grve-text\">\r\n\t\t\t<p>For the first time, the Complete Works of Gabriel Faur\u00e9 (1845\u20131924) has managed to amass all the scores which were issued during the composer\u2019s lifetime, mostly by three different publishers. Furthermore, it offers a corrected text based on all available sources, some of which have been recently discovered. These sources include: manuscripts, corrected proofs, first editions, printed scores with corrections by the composer, etc.<\/p>\n\r\n\t\t<\/div>\r\n\t<\/div><\/div><\/div><div class=\"grve-column-inner wpb_column grve-column-1-4  grve-tablet-column-1-6 grve-tablet-sm-column-1-6 grve-with-bg-transparent grve-empty-column\"><div class=\"grve-column-wrapper-inner\"><div class=\"grve-column-inner-content\" ><\/div><\/div><\/div><\/div><\/div><div class=\"grve-empty-space grve-height-2x\"><\/div><div class=\"grve-inner-section grve-with-bg-transparent\"><div class=\"grve-row-inner grve-bookmark grve-columns-gap-default grve-mobile-vertical-gap-30\"><div class=\"grve-column-inner wpb_column grve-column-1-2  grve-with-bg-transparent\"><div class=\"grve-column-wrapper-inner\"><div class=\"grve-column-inner-content\" ><div class=\"grve-element grve-text\">\r\n\t\t\t<p>The Complete Works will reveal many nearly unknown or unpublished pieces, particularly from Faur\u00e9\u2019s youth. This will give a more complete picture of Faur\u00e9\u2019s aesthetic development; a musician who started composing when classical impulses prevailed but quickly found his own personal harmonic language which continually developed to include the boldness of \u201ePenelope\u201c and the late chamber as well as piano works. Throughout the volumes abandoned works will be published such as the Allegro of the \u201eViolin Concerto op. 14\u201c, the Symphony or \u201eOrchestral Suite in F major op. 20\u201c. Yet, more significantly, unpublished versions of wellknown works will be uncovered and it will also be possible to discover hitherto unpublished orchestral scores or the very few songs the composer agreed to orchestrate himself.<\/p>\n\r\n\t\t<\/div>\r\n\t<\/div><\/div><\/div><div class=\"grve-column-inner wpb_column grve-column-1-2  grve-column-fullheight grve-with-bg-image grve-empty-column\"><div class=\"grve-column-wrapper-inner\"><div class=\"grve-column-inner-content\" ><\/div><div class=\"grve-background-wrapper\">  <div class=\"grve-bg-image grve-bg-center-center grve-bg-image-id-11781 lazyload\"  data-bgset=\"https:\/\/emag.baerenreiter.com\/wp-content\/uploads\/2024\/07\/Fauret_Details-7_900px.webp 900w, https:\/\/emag.baerenreiter.com\/wp-content\/uploads\/2024\/07\/Fauret_Details-7_900px-200x300.webp 200w, https:\/\/emag.baerenreiter.com\/wp-content\/uploads\/2024\/07\/Fauret_Details-7_900px-683x1024.webp 683w, https:\/\/emag.baerenreiter.com\/wp-content\/uploads\/2024\/07\/Fauret_Details-7_900px-768x1152.webp 768w, https:\/\/emag.baerenreiter.com\/wp-content\/uploads\/2024\/07\/Fauret_Details-7_900px-500x750.webp 500w, https:\/\/emag.baerenreiter.com\/wp-content\/uploads\/2024\/07\/Fauret_Details-7_900px-800x1200.webp 800w\" data-sizes=\"auto\"><\/div><\/div><\/div><\/div><\/div><\/div><div class=\"grve-empty-space grve-height-2x\"><\/div><div class=\"grve-inner-section grve-with-bg-transparent\"><div class=\"grve-row-inner grve-bookmark grve-columns-gap-default grve-mobile-vertical-gap-30\"><div class=\"grve-column-inner wpb_column grve-column-1-6  grve-with-bg-transparent grve-empty-column\"><div class=\"grve-column-wrapper-inner\"><div class=\"grve-column-inner-content\" ><\/div><\/div><\/div><div class=\"grve-column-inner wpb_column grve-column-2-3  grve-with-bg-transparent\"><div class=\"grve-column-wrapper-inner\"><div class=\"grve-column-inner-content\" ><div class=\"grve-element grve-text\">\r\n\t\t\t<p>This edition of the Complete Works is based on international research conducted during the past four decades on both musical and literary sources, the correspondence, iconography and historical recordings. It has brought together musicologists of five different nationalities who share the same fascination for this unique music. This eagerly awaited edition will reveal much new material while furthering the international dissemination of a musical oeuvre that continuously attracts new enthusiasts.<\/p>\n<p>Each volume includes a preface (Fr\/Eng\/Ger) and a critical commentary (Fr or Eng). On the basis of this Critical Edition, B\u00e4renreiter will publish performance material.<\/p>\n\r\n\t\t<\/div>\r\n\t<\/div><\/div><\/div><div class=\"grve-column-inner wpb_column grve-column-1-6  grve-with-bg-transparent grve-empty-column\"><div class=\"grve-column-wrapper-inner\"><div class=\"grve-column-inner-content\" ><\/div><\/div><\/div><\/div><\/div><div class=\"grve-empty-space grve-height-2x\"><\/div><h3 class=\"grve-element grve-title grve-align-inherit grve-h4\"><span>Publication Schedule<\/span><\/h3><div class=\"grve-element grve-accordion \"><ul class=\"grve-accordion-wrapper grve-action-toggle grve-with-icon\"><li><div class=\"grve-title-wrapper grve-tab-link grve-align-default grve-icon-position-right\" data-rel=\"#1755254244086-d936e6ff-fd2f\"><div class=\"grve-accordion-arrow grve-svg-heading-color grve-accordion-plus\">\t\t\t\t<svg width=\"24px\" height=\"24px\" viewBox=\"0 0 24 24\" stroke-width=\"0\">\r\n\t\t\t\t\t<path d=\"M12,5 C12.5128358,5 12.9355072,5.38604019 12.9932723,5.88337887 L13,6 L13,11 L18,11 C18.5522847,11 19,11.4477153 19,12 C19,12.5128358 18.6139598,12.9355072 18.1166211,12.9932723 L18,13 L13,13 L13,18 C13,18.5522847 12.5522847,19 12,19 C11.4871642,19 11.0644928,18.6139598 11.0067277,18.1166211 L11,18 L11,13 L6,13 C5.44771525,13 5,12.5522847 5,12 C5,11.4871642 5.38604019,11.0644928 5.88337887,11.0067277 L6,11 L11,11 L11,6 C11,5.44771525 11.4477153,5 12,5 Z\"><\/path>\r\n\t\t\t\t<\/svg>\r\n\t\t\t<\/div><h3 class=\"grve-title grve-h6\">Series I: Sacred Vocal Music<\/h3><\/div><div class=\"grve-accordion-content \" id=\"1755254244086-d936e6ff-fd2f\"><div class=\"grve-element grve-text\">\r\n\t\t\t\n<table id=\"tablepress-Faure-Series-1-no-2\" class=\"tablepress tablepress-id-Faure-Series-1\">\n<thead>\n<tr class=\"row-1\">\n\t<th class=\"column-1\">Ref. No.<\/th><th class=\"column-2\">Volume<\/th><th class=\"column-3\">Title<\/th><th class=\"column-4\">Editor<\/th><th class=\"column-5\">Edition<\/th><th class=\"column-6\">Year of publication<\/th>\n<\/tr>\n<\/thead>\n<tbody class=\"row-striping row-hover\">\n<tr class=\"row-2\">\n\t<td class=\"column-1\"><\/td><td class=\"column-2\">Series I, 1<\/td><td class=\"column-3\">Messe de Requiem op. 48 <br \/>(version of 1893)<\/td><td class=\"column-4\"><\/td><td class=\"column-5\">Score<\/td><td class=\"column-6\">in preparation<\/td>\n<\/tr>\n<tr class=\"row-3\">\n\t<td class=\"column-1\">BA09461<\/td><td class=\"column-2\">Series I, 2<\/td><td class=\"column-3\"><a title=\"Opens product information in the B\u00e4renreiter webshop in the same tab\" href=\"https:\/\/www.baerenreiter.com\/moreinfo\/BA09461_01\">Messe de Requiem op. 48 <\/a><br \/>(version of 1900)<br \/><\/td><td class=\"column-4\">Stegemann, Michael<br \/>Stahl, Christina M.<\/td><td class=\"column-5\">Score<\/td><td class=\"column-6\">2011 <\/td>\n<\/tr>\n<tr class=\"row-4\">\n\t<td class=\"column-1\"><\/td><td class=\"column-2\">Series I, 3<\/td><td class=\"column-3\">Works with Orchestra or Instrumental Ensemble<br \/><\/td><td class=\"column-4\"><\/td><td class=\"column-5\">Score<\/td><td class=\"column-6\">in preparation <\/td>\n<\/tr>\n<tr class=\"row-5\">\n\t<td class=\"column-1\">BA09478-01<\/td><td class=\"column-2\">Series I, 4<\/td><td class=\"column-3\"><a title=\"Opens product information in the B\u00e4renreiter webshop in the same tab\" href=\"https:\/\/www.baerenreiter.com\/moreinfo\/BA09478_01\/\">Motets and Chorals \/ Messe de l'Association des p\u00eacheurs de Villerville N 60a \/ Messe basse N 163 \/ Harmonizations of Christmas Carols<\/a><br \/><\/td><td class=\"column-4\">Schauerte-Maubouet, Helga<\/td><td class=\"column-5\">Score<\/td><td class=\"column-6\">2020<\/td>\n<\/tr>\n<\/tbody>\n<\/table>\n\n\r\n\t\t<\/div>\r\n\t<\/div><\/li><li><div class=\"grve-title-wrapper grve-tab-link grve-align-default grve-icon-position-right\" data-rel=\"#1755254244125-bf6d560a-bdad\"><div class=\"grve-accordion-arrow grve-svg-heading-color grve-accordion-plus\">\t\t\t\t<svg width=\"24px\" height=\"24px\" viewBox=\"0 0 24 24\" stroke-width=\"0\">\r\n\t\t\t\t\t<path d=\"M12,5 C12.5128358,5 12.9355072,5.38604019 12.9932723,5.88337887 L13,6 L13,11 L18,11 C18.5522847,11 19,11.4477153 19,12 C19,12.5128358 18.6139598,12.9355072 18.1166211,12.9932723 L18,13 L13,13 L13,18 C13,18.5522847 12.5522847,19 12,19 C11.4871642,19 11.0644928,18.6139598 11.0067277,18.1166211 L11,18 L11,13 L6,13 C5.44771525,13 5,12.5522847 5,12 C5,11.4871642 5.38604019,11.0644928 5.88337887,11.0067277 L6,11 L11,11 L11,6 C11,5.44771525 11.4477153,5 12,5 Z\"><\/path>\r\n\t\t\t\t<\/svg>\r\n\t\t\t<\/div><h3 class=\"grve-title grve-h6\">Series II: Secular Vocal Music<\/h3><\/div><div class=\"grve-accordion-content \" id=\"1755254244125-bf6d560a-bdad\"><div class=\"grve-element grve-text\">\r\n\t\t\t\n<table id=\"tablepress-Faure-Series-2-no-2\" class=\"tablepress tablepress-id-Faure-Series-2\">\n<thead>\n<tr class=\"row-1\">\n\t<th class=\"column-1\">Ref. No.<\/th><th class=\"column-2\">Volume<\/th><th class=\"column-3\">Title<\/th><th class=\"column-4\">Editor<\/th><th class=\"column-5\">Edition<\/th><th class=\"column-6\">Year of publication<\/th>\n<\/tr>\n<\/thead>\n<tbody class=\"row-striping row-hover\">\n<tr class=\"row-2\">\n\t<td class=\"column-1\">BA09473-01<\/td><td class=\"column-2\">Series II, 1<\/td><td class=\"column-3\"><a title=\"Opens product information in the B\u00e4renreiter webshop in the same tab\" href=\"https:\/\/www.baerenreiter.com\/moreinfo\/BA09473_01\/\">Works for Mixed Choir and Orchestra<\/a><\/td><td class=\"column-4\">Macdonald, Hugh<\/td><td class=\"column-5\">Score<\/td><td class=\"column-6\">2019<\/td>\n<\/tr>\n<tr class=\"row-3\">\n\t<td class=\"column-1\"><\/td><td class=\"column-2\">Series II, 2<\/td><td class=\"column-3\">Choirs with Piano<br \/><\/td><td class=\"column-4\"><\/td><td class=\"column-5\">Score<\/td><td class=\"column-6\">in preparation <\/td>\n<\/tr>\n<tr class=\"row-4\">\n\t<td class=\"column-1\"><\/td><td class=\"column-2\">Series II, 3<\/td><td class=\"column-3\">Songs with Orchestra or Instrumental Ensemble<br \/><\/td><td class=\"column-4\"><\/td><td class=\"column-5\">Score<\/td><td class=\"column-6\">in preparation <\/td>\n<\/tr>\n<tr class=\"row-5\">\n\t<td class=\"column-1\"><\/td><td class=\"column-2\">Series II, 4<\/td><td class=\"column-3\">Songs and Duets with Piano I<br \/><\/td><td class=\"column-4\"><\/td><td class=\"column-5\">Score<\/td><td class=\"column-6\">in preparation <\/td>\n<\/tr>\n<tr class=\"row-6\">\n\t<td class=\"column-1\"><\/td><td class=\"column-2\">Series II, 5<\/td><td class=\"column-3\">Songs and Duets with Piano II<\/td><td class=\"column-4\"><\/td><td class=\"column-5\">Score<\/td><td class=\"column-6\">in preparation <\/td>\n<\/tr>\n<tr class=\"row-7\">\n\t<td class=\"column-1\"><\/td><td class=\"column-2\">Series II, 6<\/td><td class=\"column-3\">Songs and Duets with Piano III<\/td><td class=\"column-4\"><\/td><td class=\"column-5\">Score<\/td><td class=\"column-6\">in preparation<\/td>\n<\/tr>\n<\/tbody>\n<\/table>\n\n\r\n\t\t<\/div>\r\n\t<\/div><\/li><li><div class=\"grve-title-wrapper grve-tab-link grve-align-default grve-icon-position-right\" data-rel=\"#1755254338634-d9737890-9645\"><div class=\"grve-accordion-arrow grve-svg-heading-color grve-accordion-plus\">\t\t\t\t<svg width=\"24px\" height=\"24px\" viewBox=\"0 0 24 24\" stroke-width=\"0\">\r\n\t\t\t\t\t<path d=\"M12,5 C12.5128358,5 12.9355072,5.38604019 12.9932723,5.88337887 L13,6 L13,11 L18,11 C18.5522847,11 19,11.4477153 19,12 C19,12.5128358 18.6139598,12.9355072 18.1166211,12.9932723 L18,13 L13,13 L13,18 C13,18.5522847 12.5522847,19 12,19 C11.4871642,19 11.0644928,18.6139598 11.0067277,18.1166211 L11,18 L11,13 L6,13 C5.44771525,13 5,12.5522847 5,12 C5,11.4871642 5.38604019,11.0644928 5.88337887,11.0067277 L6,11 L11,11 L11,6 C11,5.44771525 11.4477153,5 12,5 Z\"><\/path>\r\n\t\t\t\t<\/svg>\r\n\t\t\t<\/div><h3 class=\"grve-title grve-h6\">Series III: Stage Works<\/h3><\/div><div class=\"grve-accordion-content \" id=\"1755254338634-d9737890-9645\"><div class=\"grve-element grve-text\">\r\n\t\t\t\n<table id=\"tablepress-Faure-Series-3-no-2\" class=\"tablepress tablepress-id-Faure-Series-3\">\n<thead>\n<tr class=\"row-1\">\n\t<th class=\"column-1\">Ref. No.<\/th><th class=\"column-2\">Volume<\/th><th class=\"column-3\">Title<\/th><th class=\"column-4\">Editor<\/th><th class=\"column-5\">Edition<\/th><th class=\"column-6\">Year of publication<\/th>\n<\/tr>\n<\/thead>\n<tbody class=\"row-striping row-hover\">\n<tr class=\"row-2\">\n\t<td class=\"column-1\"><\/td><td class=\"column-2\">Series III, 1<\/td><td class=\"column-3\">Prom\u00e9th\u00e9e op. 82 <br \/>(1. version 1900)<\/td><td class=\"column-4\"><\/td><td class=\"column-5\">Score<\/td><td class=\"column-6\">in preparation<\/td>\n<\/tr>\n<tr class=\"row-3\">\n\t<td class=\"column-1\"><\/td><td class=\"column-2\">Series III, 2<\/td><td class=\"column-3\">Prom\u00e9th\u00e9e op. 82 <br \/>(2. version 1916)<\/td><td class=\"column-4\"><\/td><td class=\"column-5\">Score<\/td><td class=\"column-6\">in preparation <\/td>\n<\/tr>\n<tr class=\"row-4\">\n\t<td class=\"column-1\"><\/td><td class=\"column-2\">Series III, 3<\/td><td class=\"column-3\">P\u00e9n\u00e9lope (2 volumes)<\/td><td class=\"column-4\"><\/td><td class=\"column-5\">Score<\/td><td class=\"column-6\">in preparation <\/td>\n<\/tr>\n<tr class=\"row-5\">\n\t<td class=\"column-1\"><\/td><td class=\"column-2\">Series III, 4<\/td><td class=\"column-3\">Incidental Music<\/td><td class=\"column-4\"><\/td><td class=\"column-5\">Score<\/td><td class=\"column-6\">in preparation<\/td>\n<\/tr>\n<\/tbody>\n<\/table>\n\n\r\n\t\t<\/div>\r\n\t<\/div><\/li><li><div class=\"grve-title-wrapper grve-tab-link grve-align-default grve-icon-position-right\" data-rel=\"#1755254351542-bd736d66-b89c\"><div class=\"grve-accordion-arrow grve-svg-heading-color grve-accordion-plus\">\t\t\t\t<svg width=\"24px\" height=\"24px\" viewBox=\"0 0 24 24\" stroke-width=\"0\">\r\n\t\t\t\t\t<path d=\"M12,5 C12.5128358,5 12.9355072,5.38604019 12.9932723,5.88337887 L13,6 L13,11 L18,11 C18.5522847,11 19,11.4477153 19,12 C19,12.5128358 18.6139598,12.9355072 18.1166211,12.9932723 L18,13 L13,13 L13,18 C13,18.5522847 12.5522847,19 12,19 C11.4871642,19 11.0644928,18.6139598 11.0067277,18.1166211 L11,18 L11,13 L6,13 C5.44771525,13 5,12.5522847 5,12 C5,11.4871642 5.38604019,11.0644928 5.88337887,11.0067277 L6,11 L11,11 L11,6 C11,5.44771525 11.4477153,5 12,5 Z\"><\/path>\r\n\t\t\t\t<\/svg>\r\n\t\t\t<\/div><h3 class=\"grve-title grve-h6\">Symphonic Works and Works for Solo Instrument and Orchestra<\/h3><\/div><div class=\"grve-accordion-content \" id=\"1755254351542-bd736d66-b89c\"><div class=\"grve-element grve-text\">\r\n\t\t\t\n<table id=\"tablepress-Faure-Series-4-no-2\" class=\"tablepress tablepress-id-Faure-Series-4\">\n<thead>\n<tr class=\"row-1\">\n\t<th class=\"column-1\">Ref. No.<\/th><th class=\"column-2\">Volume<\/th><th class=\"column-3\">Title<\/th><th class=\"column-4\">Editor<\/th><th class=\"column-5\">Edition<\/th><th class=\"column-6\">Year of publication<\/th>\n<\/tr>\n<\/thead>\n<tbody class=\"row-striping row-hover\">\n<tr class=\"row-2\">\n\t<td class=\"column-1\">BA09467-01<\/td><td class=\"column-2\">Series IV, 1<\/td><td class=\"column-3\"><a title=\"Opens product information in the B\u00e4renreiter webshop in the same tab\" href=\"https:\/\/www.baerenreiter.com\/moreinfo\/BA09467_01\">Symphonic Works I (op. 20, 50, 52)<\/a><br \/><\/td><td class=\"column-4\">Tait, Robin<\/td><td class=\"column-5\">Score<\/td><td class=\"column-6\">2013<\/td>\n<\/tr>\n<tr class=\"row-3\">\n\t<td class=\"column-1\">BA09475-01<\/td><td class=\"column-2\">Series IV, 2<\/td><td class=\"column-3\"><a title=\"Opens product information in the B\u00e4renreiter webshop in the same tab\" href=\"https:\/\/www.baerenreiter.com\/moreinfo\/BA09475_01\">Symphonic Works II (op. 57, 80, 112 P\u00e9n\u00e9lope, Pr\u00e9lude N 174b)<\/a><br \/><\/td><td class=\"column-4\">Tait, Robin<\/td><td class=\"column-5\">Score<\/td><td class=\"column-6\">2016<\/td>\n<\/tr>\n<tr class=\"row-4\">\n\t<td class=\"column-1\">BA09465-01<\/td><td class=\"column-2\">Series IV, 3<\/td><td class=\"column-3\"><a title=\"Opens product information in the B\u00e4renreiter webshop in the same tab\" href=\"https:\/\/www.baerenreiter.com\/moreinfo\/BA09465_01\">Concertant Works (op. 14, 16, 19, 24, 28, 111)<\/a><br \/><\/td><td class=\"column-4\">Jost, Peter<\/td><td class=\"column-5\">Score<\/td><td class=\"column-6\">2016<\/td>\n<\/tr>\n<\/tbody>\n<\/table>\n\n\r\n\t\t<\/div>\r\n\t<\/div><\/li><li><div class=\"grve-title-wrapper grve-tab-link grve-align-default grve-icon-position-right\" data-rel=\"#1755254385157-fa4898a0-8b8b\"><div class=\"grve-accordion-arrow grve-svg-heading-color grve-accordion-plus\">\t\t\t\t<svg width=\"24px\" height=\"24px\" viewBox=\"0 0 24 24\" stroke-width=\"0\">\r\n\t\t\t\t\t<path d=\"M12,5 C12.5128358,5 12.9355072,5.38604019 12.9932723,5.88337887 L13,6 L13,11 L18,11 C18.5522847,11 19,11.4477153 19,12 C19,12.5128358 18.6139598,12.9355072 18.1166211,12.9932723 L18,13 L13,13 L13,18 C13,18.5522847 12.5522847,19 12,19 C11.4871642,19 11.0644928,18.6139598 11.0067277,18.1166211 L11,18 L11,13 L6,13 C5.44771525,13 5,12.5522847 5,12 C5,11.4871642 5.38604019,11.0644928 5.88337887,11.0067277 L6,11 L11,11 L11,6 C11,5.44771525 11.4477153,5 12,5 Z\"><\/path>\r\n\t\t\t\t<\/svg>\r\n\t\t\t<\/div><h3 class=\"grve-title grve-h6\">Series V: Chamber Music<\/h3><\/div><div class=\"grve-accordion-content \" id=\"1755254385157-fa4898a0-8b8b\"><div class=\"grve-element grve-text\">\r\n\t\t\t\n<table id=\"tablepress-Faure-Series-5-no-2\" class=\"tablepress tablepress-id-Faure-Series-5\">\n<thead>\n<tr class=\"row-1\">\n\t<th class=\"column-1\">Ref. No.<\/th><th class=\"column-2\">Volume<\/th><th class=\"column-3\">Title<\/th><th class=\"column-4\">Editor<\/th><th class=\"column-5\">Edition<\/th><th class=\"column-6\">Year of publication<\/th>\n<\/tr>\n<\/thead>\n<tbody class=\"row-striping row-hover\">\n<tr class=\"row-2\">\n\t<td class=\"column-1\"><\/td><td class=\"column-2\">Series V, 1<\/td><td class=\"column-3\">Piano Quintets <br \/><\/td><td class=\"column-4\"> <\/td><td class=\"column-5\">Score<\/td><td class=\"column-6\">in preparation<\/td>\n<\/tr>\n<tr class=\"row-3\">\n\t<td class=\"column-1\">BA09462-01<\/td><td class=\"column-2\">Series V, 2<\/td><td class=\"column-3\"><a title=\"Opens product information in the B\u00e4renreiter webshop in the same tab\" href=\"https:\/\/www.baerenreiter.com\/moreinfo\/BA09462_01\">Piano Quartets <\/a><br \/><\/td><td class=\"column-4\">Herlin, Denis<\/td><td class=\"column-5\">Score<\/td><td class=\"column-6\">2010 \t<\/td>\n<\/tr>\n<tr class=\"row-4\">\n\t<td class=\"column-1\">BA09464-01<\/td><td class=\"column-2\">Series V, 3<\/td><td class=\"column-3\"><a title=\"Opens product information in the B\u00e4renreiter webshop in the same tab\" href=\"https:\/\/www.baerenreiter.com\/moreinfo\/BA09464_01\">Trio pour piano, violon et violoncelle, op. 120<br \/>Quatuor \u00e0 cordes, op. 121<\/a><br \/><\/td><td class=\"column-4\">Sobaskie, James W.<\/td><td class=\"column-5\">Score<\/td><td class=\"column-6\">2010 \t<\/td>\n<\/tr>\n<tr class=\"row-5\">\n\t<td class=\"column-1\"><\/td><td class=\"column-2\">Series V, 4<\/td><td class=\"column-3\">Works for Violin and Piano<\/td><td class=\"column-4\"><\/td><td class=\"column-5\">Score<\/td><td class=\"column-6\">in preparation \t<\/td>\n<\/tr>\n<tr class=\"row-6\">\n\t<td class=\"column-1\"><\/td><td class=\"column-2\">Series V, 5<\/td><td class=\"column-3\">Works for Cello and Piano, Flute and Piano, Flute, Harp solo<\/td><td class=\"column-4\"><\/td><td class=\"column-5\">Score<\/td><td class=\"column-6\">in preparation<\/td>\n<\/tr>\n<\/tbody>\n<\/table>\n\n\r\n\t\t<\/div>\r\n\t<\/div><\/li><li><div class=\"grve-title-wrapper grve-tab-link grve-align-default grve-icon-position-right\" data-rel=\"#1755254399058-69eba692-87f6\"><div class=\"grve-accordion-arrow grve-svg-heading-color grve-accordion-plus\">\t\t\t\t<svg width=\"24px\" height=\"24px\" viewBox=\"0 0 24 24\" stroke-width=\"0\">\r\n\t\t\t\t\t<path d=\"M12,5 C12.5128358,5 12.9355072,5.38604019 12.9932723,5.88337887 L13,6 L13,11 L18,11 C18.5522847,11 19,11.4477153 19,12 C19,12.5128358 18.6139598,12.9355072 18.1166211,12.9932723 L18,13 L13,13 L13,18 C13,18.5522847 12.5522847,19 12,19 C11.4871642,19 11.0644928,18.6139598 11.0067277,18.1166211 L11,18 L11,13 L6,13 C5.44771525,13 5,12.5522847 5,12 C5,11.4871642 5.38604019,11.0644928 5.88337887,11.0067277 L6,11 L11,11 L11,6 C11,5.44771525 11.4477153,5 12,5 Z\"><\/path>\r\n\t\t\t\t<\/svg>\r\n\t\t\t<\/div><h3 class=\"grve-title grve-h6\">Serie VI: Piano Works<\/h3><\/div><div class=\"grve-accordion-content \" id=\"1755254399058-69eba692-87f6\"><div class=\"grve-element grve-text\">\r\n\t\t\t\n<table id=\"tablepress-Faure-Series-6-no-2\" class=\"tablepress tablepress-id-Faure-Series-6\">\n<thead>\n<tr class=\"row-1\">\n\t<th class=\"column-1\">Ref. No.<\/th><th class=\"column-2\">Volume<\/th><th class=\"column-3\">Title<\/th><th class=\"column-4\">Editor<\/th><th class=\"column-5\">Edition<\/th><th class=\"column-6\">Year of publication<\/th>\n<\/tr>\n<\/thead>\n<tbody class=\"row-striping row-hover\">\n<tr class=\"row-2\">\n\t<td class=\"column-1\"><\/td><td class=\"column-2\">Series VI, 1<\/td><td class=\"column-3\">Works for Piano 2 hands I<\/td><td class=\"column-4\"><\/td><td class=\"column-5\">Score<\/td><td class=\"column-6\">in preparation<\/td>\n<\/tr>\n<tr class=\"row-3\">\n\t<td class=\"column-1\">BA09468-01<\/td><td class=\"column-2\">Series VI, 2<\/td><td class=\"column-3\"><a title=\"Opens product information in the B\u00e4renreiter webshop in the same tab\" href=\"https:\/\/www.baerenreiter.com\/moreinfo\/BA09468-01\">Works for Piano 2 hands II<\/a><\/td><td class=\"column-4\">Grabowski, Christophe<\/td><td class=\"column-5\">Score<\/td><td class=\"column-6\">2012 <\/td>\n<\/tr>\n<tr class=\"row-4\">\n\t<td class=\"column-1\">BA09471-01<\/td><td class=\"column-2\">Series VI, 3<\/td><td class=\"column-3\"><a title=\"Opens product information in the B\u00e4renreiter webshop in the same tab\" href=\"https:\/\/www.baerenreiter.com\/moreinfo\/BA09471_01\/\">Works for Piano 2 hands III<\/a><\/td><td class=\"column-4\"><div class=\"col-md-8\">Bartoli, Jean-Pierre<\/div><\/td><td class=\"column-5\">Score<\/td><td class=\"column-6\">2020 <\/td>\n<\/tr>\n<tr class=\"row-5\">\n\t<td class=\"column-1\"><\/td><td class=\"column-2\">Series VI, 4<\/td><td class=\"column-3\">Works for Piano 4 hands and for 2 Pianos<\/td><td class=\"column-4\"><\/td><td class=\"column-5\">Score<\/td><td class=\"column-6\">in preparation<\/td>\n<\/tr>\n<\/tbody>\n<\/table>\n\n\r\n\t\t<\/div>\r\n\t<\/div><\/li><li><div class=\"grve-title-wrapper grve-tab-link grve-align-default grve-icon-position-right\" data-rel=\"#1755254418980-201a13f0-2424\"><div class=\"grve-accordion-arrow grve-svg-heading-color grve-accordion-plus\">\t\t\t\t<svg width=\"24px\" height=\"24px\" viewBox=\"0 0 24 24\" stroke-width=\"0\">\r\n\t\t\t\t\t<path d=\"M12,5 C12.5128358,5 12.9355072,5.38604019 12.9932723,5.88337887 L13,6 L13,11 L18,11 C18.5522847,11 19,11.4477153 19,12 C19,12.5128358 18.6139598,12.9355072 18.1166211,12.9932723 L18,13 L13,13 L13,18 C13,18.5522847 12.5522847,19 12,19 C11.4871642,19 11.0644928,18.6139598 11.0067277,18.1166211 L11,18 L11,13 L6,13 C5.44771525,13 5,12.5522847 5,12 C5,11.4871642 5.38604019,11.0644928 5.88337887,11.0067277 L6,11 L11,11 L11,6 C11,5.44771525 11.4477153,5 12,5 Z\"><\/path>\r\n\t\t\t\t<\/svg>\r\n\t\t\t<\/div><h3 class=\"grve-title grve-h6\">Series VII: Supplement<\/h3><\/div><div class=\"grve-accordion-content \" id=\"1755254418980-201a13f0-2424\"><div class=\"grve-element grve-text\">\r\n\t\t\t\n<table id=\"tablepress-Faure-Series-7-no-2\" class=\"tablepress tablepress-id-Faure-Series-7\">\n<thead>\n<tr class=\"row-1\">\n\t<th class=\"column-1\">Ref. No.<\/th><th class=\"column-2\">Volume<\/th><th class=\"column-3\">Title<\/th><th class=\"column-4\">Editor<\/th><th class=\"column-5\">Year of publication<\/th>\n<\/tr>\n<\/thead>\n<tbody class=\"row-striping row-hover\">\n<tr class=\"row-2\">\n\t<td class=\"column-1\">BVK02229<\/td><td class=\"column-2\">Series VII, 1<\/td><td class=\"column-3\"><a title=\"Opens product information in the B\u00e4renreiter webshop in the same tab\" href=\"https:\/\/www.baerenreiter.com\/moreinfo\/BVK02229\/\">Catalogue of Works<\/a> (French)<\/td><td class=\"column-4\">Nectoux, Jean-Michel<\/td><td class=\"column-5\">2018<\/td>\n<\/tr>\n<tr class=\"row-3\">\n\t<td class=\"column-1\">BVK02610<\/td><td class=\"column-2\">Series VII, 2<\/td><td class=\"column-3\"><a title=\"Opens product information in the B\u00e4renreiter webshop in the same tab\" href=\"https:\/\/www.baerenreiter.com\/moreinfo\/BVK02610\/\">Iconography<\/a (French)<\/td><td class=\"column-4\">Nectoux, Jean-Michel<\/td><td class=\"column-5\">2025<\/td>\n<\/tr>\n<\/tbody>\n<\/table>\n\n\r\n\t\t<\/div>\r\n\t<\/div><\/li><\/ul><\/div><\/div><\/div><\/div><\/div><\/div><\/div><div class=\"grve-section grve-row-section grve-fullwidth-background grve-padding-top-1x grve-padding-bottom-1x grve-with-bg-transparent\" data-header-color=\"default\"><div class=\"grve-container\"><div class=\"grve-row grve-bookmark grve-columns-gap-default grve-mobile-vertical-gap-30\"><div class=\"grve-column wpb_column grve-bookmark grve-column-1  grve-with-bg-transparent\"><div class=\"grve-column-wrapper\"><div class=\"grve-column-content\" ><div class=\"grve-inner-section grve-percentage-height grve-with-bg-color\" data-height-ratio=\"50\"  style=\"background-color:#e8ede8;\"><div class=\"grve-row-inner grve-bookmark grve-columns-gap-default grve-mobile-vertical-gap-30 grve-percentage-content\"><div class=\"grve-column-inner wpb_column grve-column-1-2 grve-wpb-1741872481646 grve-vertical-position-middle grve-with-bg-transparent\"><div class=\"grve-column-wrapper-inner\"><div class=\"grve-column-inner-content\" ><h3 class=\"grve-element grve-title grve-align-inherit grve-h4\"><span>Subscription Guidelines<\/span><\/h3><div class=\"grve-element grve-text\">\r\n\t\t\t<p style=\"text-align: left;\">The following purchasing options are available for this edition:<\/p>\n<p style=\"text-align: left;\">Purchase of individual volumes at retail sales prices<br \/>\nFull subscription (a price advantage of approx. 20 %)<\/p>\n<p style=\"text-align: left;\">For further information, please contact <a href=\"mailto:service@baerenreiter.com\">customer service<\/a>.<\/p>\n\r\n\t\t<\/div>\r\n\t<div class=\"grve-empty-space grve-height-1x\"><\/div><div class=\"grve-element grve-align-right\"><a href=\"https:\/\/www.baerenreiter.com\/search\/*\/1225?nav=0-10-7\" class=\"grve-btn grve-square grve-bg-primary-2 grve-border-primary-2 grve-bg-hover-black grve-border-hover-black grve-text-white grve-text-hover-white grve-btn-medium\">\r\n\t\t<span>Editions<\/span>\r\n\t\t\t\t\t\t\t<\/a><\/div><\/div><\/div><\/div><div class=\"grve-column-inner wpb_column grve-column-1-2 grve-wpb-1741872476123 grve-column-fullheight grve-vertical-position-middle grve-with-bg-image grve-align-center grve-empty-column\"><div class=\"grve-column-wrapper-inner\"><div class=\"grve-column-inner-content\" ><\/div><div class=\"grve-background-wrapper\">  <div class=\"grve-bg-image grve-bg-center-center grve-bg-image-id-13496 lazyload\"  data-bgset=\"https:\/\/emag.baerenreiter.com\/wp-content\/uploads\/2024\/10\/Gesamtausgabenbaende.webp 1600w, https:\/\/emag.baerenreiter.com\/wp-content\/uploads\/2024\/10\/Gesamtausgabenbaende-277x300.webp 277w, https:\/\/emag.baerenreiter.com\/wp-content\/uploads\/2024\/10\/Gesamtausgabenbaende-946x1024.webp 946w, https:\/\/emag.baerenreiter.com\/wp-content\/uploads\/2024\/10\/Gesamtausgabenbaende-768x831.webp 768w, https:\/\/emag.baerenreiter.com\/wp-content\/uploads\/2024\/10\/Gesamtausgabenbaende-1419x1536.webp 1419w, https:\/\/emag.baerenreiter.com\/wp-content\/uploads\/2024\/10\/Gesamtausgabenbaende-500x541.webp 500w, https:\/\/emag.baerenreiter.com\/wp-content\/uploads\/2024\/10\/Gesamtausgabenbaende-800x866.webp 800w, https:\/\/emag.baerenreiter.com\/wp-content\/uploads\/2024\/10\/Gesamtausgabenbaende-1280x1386.webp 1280w\" data-sizes=\"auto\"><\/div><\/div><\/div><\/div><\/div><\/div><\/div><\/div><\/div><\/div><\/div><\/div><div class=\"grve-section grve-row-section grve-fullwidth-background grve-padding-top-1x grve-padding-bottom-1x grve-with-bg-transparent\" data-header-color=\"default\"><div class=\"grve-container\"><div class=\"grve-row grve-bookmark grve-columns-gap-default grve-mobile-vertical-gap-30\"><div class=\"grve-column wpb_column grve-bookmark grve-column-1-3  grve-with-bg-transparent grve-empty-column\"><div class=\"grve-column-wrapper\"><div class=\"grve-column-content\" ><\/div><\/div><\/div><div class=\"grve-column wpb_column grve-bookmark grve-column-1-3  grve-with-bg-transparent\"><div class=\"grve-column-wrapper\"><div class=\"grve-column-content\" ><div class=\"grve-empty-space grve-height-2x\"><\/div><\/div><\/div><\/div><div class=\"grve-column wpb_column grve-bookmark grve-column-1-3  grve-with-bg-transparent grve-empty-column\"><div class=\"grve-column-wrapper\"><div class=\"grve-column-content\" ><\/div><\/div><\/div><\/div><\/div><\/div><div class=\"grve-section grve-row-section grve-fullwidth-background grve-padding-top-1x grve-padding-bottom-1x grve-with-bg-transparent\" data-header-color=\"default\"><div class=\"grve-container\"><div class=\"grve-row grve-bookmark grve-columns-gap-default grve-mobile-vertical-gap-30\"><div class=\"grve-column wpb_column grve-bookmark grve-column-1  grve-with-bg-transparent\"><div class=\"grve-column-wrapper\"><div class=\"grve-column-content\" ><div class=\"grve-element grve-carousel\">\r\n\t<div class=\"grve-carousel-wrapper\">\r\n\t\t\t<div class=\"grve-carousel-navigation grve-navigation-arrow-1\">\r\n\t\t<div class=\"grve-carousel-buttons\">\r\n\t\t\t<div class=\"grve-carousel-prev\"><div class=\"grve-svg-icon grve-direction-left grve-arrow-1 grve-svg-black grve-with-shape grve-circle grve-bg-white\">\t\t\t<svg width=\"12px\" height=\"12px\" viewBox=\"0 0 12 12\">\r\n\t\t\t\t<polygon points=\"3.6 0 10 6 3.6 12 2 10.5 6.8 6 2 1.5\"><\/polygon>\r\n\t\t\t<\/svg>\r\n\t\t\t<\/div><\/div>\r\n\t\t\t<div class=\"grve-carousel-next\"><div class=\"grve-svg-icon grve-direction-right grve-arrow-1 grve-svg-black grve-with-shape grve-circle grve-bg-white\">\t\t\t<svg width=\"12px\" height=\"12px\" viewBox=\"0 0 12 12\">\r\n\t\t\t\t<polygon points=\"3.6 0 10 6 3.6 12 2 10.5 6.8 6 2 1.5\"><\/polygon>\r\n\t\t\t<\/svg>\r\n\t\t\t<\/div><\/div>\r\n\t\t<\/div>\r\n\t<\/div>\r\n\t\t<div data-items=\"3\" data-items-tablet-landscape=\"2\" data-items-tablet-portrait=\"2\" data-items-mobile=\"1\" data-slider-autoplay=\"no\" data-pagination=\"yes\" data-slider-loop=\"yes\" data-slider-speed=\"3000\" data-slider-pause=\"no\" data-pagination-speed=\"400\" data-gutter-size=\"40\" class=\"grve-carousel-element grve-blog-carousel grve-blog-columns grve-with-gap grve-classic-carousel\">\r\n\t\t\t<article class=\"grve-carousel-item post-18545 post type-post status-publish format-standard has-post-thumbnail hentry category-complete-edition category-news-en grve-entry-item grve-blog-item\" itemscope itemType=\"http:\/\/schema.org\/BlogPosting\">\r\n\t\t\t\t<div class=\"grve-post-item grve-style-1 grve-format-standard\">\r\n\t<div class=\"grve-post-item-inner\">\r\n\t\t<div class=\"grve-post-top\">\r\n\t\t\t\t\t\t<div class=\"grve-post-media grve-radius-none grve-shadow-none\">\r\n\t\t\t\t\t\t\t<a class=\"grve-item-url\" href=\"https:\/\/emag.baerenreiter.com\/en\/complete-edition\/milestone-reached-in-halle\/\" rel=\"bookmark\"><span class=\"screen-reader-text\">Milestone Reached in Halle<\/span><\/a>\r\n\t\t\t\t<div class=\"grve-thumbnail-wrapper\"><div class=\"grve-thumbnail\"  style=\"padding-top: 75%;\"><img loading=\"lazy\" decoding=\"async\" width=\"560\" height=\"420\" src=\"https:\/\/emag.baerenreiter.com\/wp-content\/uploads\/2026\/01\/260129-HHA-Artikelbild-560x420.webp\" class=\"attachment-impeka-grve-small-rect-horizontal size-impeka-grve-small-rect-horizontal wp-post-image\" alt=\"\" data-column-space=\"100\" data-lazyload=\"\" data-grve-filter=\"yes\" srcset=\"https:\/\/emag.baerenreiter.com\/wp-content\/uploads\/2026\/01\/260129-HHA-Artikelbild-560x420.webp 560w, https:\/\/emag.baerenreiter.com\/wp-content\/uploads\/2026\/01\/260129-HHA-Artikelbild-900x675.webp 900w\" sizes=\"auto, (max-width: 560px) 100vw, 560px\" loading=\"lazy\" \/><\/div><\/div>\t\t\t<\/div>\r\n\t\t\t\t\t\t\t\t\t<div class=\"grve-post-category grve-small-text\"><a href=\"https:\/\/emag.baerenreiter.com\/en\/blog\/complete-edition\/\" rel=\"category tag\">Complete Editions<\/a> <a href=\"https:\/\/emag.baerenreiter.com\/en\/blog\/news-en\/\" rel=\"category tag\">News<\/a><\/div>\r\n\t\t\t\t\t\t<div class=\"grve-post-content\">\r\n\t\t\t\t\t\t\t\t<a href=\"https:\/\/emag.baerenreiter.com\/en\/complete-edition\/milestone-reached-in-halle\/\" rel=\"bookmark\"><h3 class=\"grve-post-title grve-h5\" itemprop=\"headline\"><span>Milestone Reached in Halle<\/span><\/h3><\/a>\t\t\t\t<div class=\"grve-post-exerpt\" itemprop=\"articleBody\">\r\n\t\t\t\t\t<p>The 100th Volume of the Halle Handel Edition Has Been Published\n<\/p>\t\t\t\t<\/div>\r\n\t\t\t<\/div>\r\n\t\t<\/div>\r\n\t\t\t<\/div>\r\n\t\t\t<span class=\"grve-hidden\">\r\n\t\t\t<span class=\"grve-structured-data\" itemprop=\"image\" itemscope itemtype=\"http:\/\/schema.org\/ImageObject\">\r\n\t\t\t   <span itemprop='url' >https:\/\/emag.baerenreiter.com\/wp-content\/uploads\/2026\/01\/260129-HHA-Artikelbild.webp<\/span>\r\n\t\t\t   <span itemprop='height' >1190<\/span>\r\n\t\t\t   <span itemprop='width' >1190<\/span>\r\n\t\t\t<\/span>\r\n\t\t\t\t\t\t<span class=\"grve-structured-data\" itemprop=\"author\" itemscope itemtype=\"http:\/\/schema.org\/Person\">\r\n\t\t\t\t<span itemprop=\"name\">B\u00e4renreiter Verlag<\/span>\r\n\t\t\t<\/span>\r\n\t\t\t<span class=\"grve-structured-data\" itemprop=\"publisher\" itemscope itemtype=\"http:\/\/schema.org\/Organization\">\r\n\t\t\t\t<span itemprop='name'>B\u00e4renreiter Verlag<\/span>\r\n\t\t\t\t<span itemprop='logo' itemscope itemtype='http:\/\/schema.org\/ImageObject'>\r\n\t\t\t\t\t<span itemprop='url'>https:\/\/emag.baerenreiter.com\/wp-content\/uploads\/2026\/01\/260129-HHA-Artikelbild.webp<\/span>\r\n\t\t\t\t<\/span>\r\n\t\t\t<\/span>\r\n\t\t\t\t\t\t<time class=\"grve-structured-data\" itemprop=\"datePublished\" datetime=\"2026-01-29T14:33:29+01:00\">29. January 2026<\/time>\r\n\t\t\t<time class=\"grve-structured-data\" itemprop=\"dateModified\"  datetime=\"2026-01-29T14:37:26+01:00\">29. January 2026<\/time>\r\n\t\t\t<span class=\"grve-structured-data\" itemprop=\"mainEntityOfPage\" itemscope itemtype=\"http:\/\/schema.org\/WebPage\" itemid=\"https:\/\/emag.baerenreiter.com\/en\/complete-edition\/milestone-reached-in-halle\/\"><\/span>\r\n\t\t<\/span>\r\n\t<\/div>\r\n\t\t\t<\/article>\r\n\t\t\t<article class=\"grve-carousel-item post-13886 post type-post status-publish format-standard has-post-thumbnail hentry category-complete-edition grve-entry-item grve-blog-item\" itemscope itemType=\"http:\/\/schema.org\/BlogPosting\">\r\n\t\t\t\t<div class=\"grve-post-item grve-style-1 grve-format-standard\">\r\n\t<div class=\"grve-post-item-inner\">\r\n\t\t<div class=\"grve-post-top\">\r\n\t\t\t\t\t\t<div class=\"grve-post-media grve-radius-none grve-shadow-none\">\r\n\t\t\t\t\t\t\t<a class=\"grve-item-url\" href=\"https:\/\/emag.baerenreiter.com\/en\/complete-edition\/most-agreeable-a-peasants-son-is-the-hero-in-handels-giustino\/\" rel=\"bookmark\"><span class=\"screen-reader-text\">\u201cMost agreeable\u201d. A peasant\u2019s son is the hero in Handel\u2019s \u201cGiustino\u201d<\/span><\/a>\r\n\t\t\t\t<div class=\"grve-thumbnail-wrapper\"><div class=\"grve-thumbnail\"  style=\"padding-top: 87.318%;\"><img loading=\"lazy\" decoding=\"async\" width=\"481\" height=\"420\" src=\"https:\/\/emag.baerenreiter.com\/wp-content\/uploads\/2024\/12\/eMagazin-Thumbnail_Haendels-Giustino-on-Stage_On-Stage_2025-481x420.webp\" class=\"attachment-impeka-grve-small-rect-horizontal size-impeka-grve-small-rect-horizontal wp-post-image\" alt=\"Painting of a man in Baroque attire with a gray wig. He is shown in profile, holding a sheet of music in his right hand and looking to the left. The background is dark, and his clothing is richly decorated.\" data-column-space=\"100\" data-lazyload=\"\" data-grve-filter=\"yes\" loading=\"lazy\" \/><\/div><\/div>\t\t\t<\/div>\r\n\t\t\t\t\t\t\t\t\t<div class=\"grve-post-category grve-small-text\"><a href=\"https:\/\/emag.baerenreiter.com\/en\/blog\/complete-edition\/\" rel=\"category tag\">Complete Editions<\/a><\/div>\r\n\t\t\t\t\t\t<div class=\"grve-post-content\">\r\n\t\t\t\t\t\t\t\t<a href=\"https:\/\/emag.baerenreiter.com\/en\/complete-edition\/most-agreeable-a-peasants-son-is-the-hero-in-handels-giustino\/\" rel=\"bookmark\"><h3 class=\"grve-post-title grve-h5\" itemprop=\"headline\"><span>\u201cMost agreeable\u201d. A peasant\u2019s son is the hero in Handel\u2019s \u201cGiustino\u201d<\/span><\/h3><\/a>\t\t\t\t<div class=\"grve-post-exerpt\" itemprop=\"articleBody\">\r\n\t\t\t\t\t<p>A strong plot, and fabulously imaginative music: but until now Handel\u2019s \u201cGiustino\u201d has not been one of his most frequently-performed operas. With the new edition this could all change.\n<\/p>\t\t\t\t<\/div>\r\n\t\t\t<\/div>\r\n\t\t<\/div>\r\n\t\t\t<\/div>\r\n\t\t\t<span class=\"grve-hidden\">\r\n\t\t\t<span class=\"grve-structured-data\" itemprop=\"image\" itemscope itemtype=\"http:\/\/schema.org\/ImageObject\">\r\n\t\t\t   <span itemprop='url' >https:\/\/emag.baerenreiter.com\/wp-content\/uploads\/2024\/12\/eMagazin-Thumbnail_Haendels-Giustino-on-Stage_On-Stage_2025.webp<\/span>\r\n\t\t\t   <span itemprop='height' >481<\/span>\r\n\t\t\t   <span itemprop='width' >481<\/span>\r\n\t\t\t<\/span>\r\n\t\t\t\t\t\t<span class=\"grve-structured-data\" itemprop=\"author\" itemscope itemtype=\"http:\/\/schema.org\/Person\">\r\n\t\t\t\t<span itemprop=\"name\">B\u00e4renreiter Verlag<\/span>\r\n\t\t\t<\/span>\r\n\t\t\t<span class=\"grve-structured-data\" itemprop=\"publisher\" itemscope itemtype=\"http:\/\/schema.org\/Organization\">\r\n\t\t\t\t<span itemprop='name'>B\u00e4renreiter Verlag<\/span>\r\n\t\t\t\t<span itemprop='logo' itemscope itemtype='http:\/\/schema.org\/ImageObject'>\r\n\t\t\t\t\t<span itemprop='url'>https:\/\/emag.baerenreiter.com\/wp-content\/uploads\/2024\/12\/eMagazin-Thumbnail_Haendels-Giustino-on-Stage_On-Stage_2025.webp<\/span>\r\n\t\t\t\t<\/span>\r\n\t\t\t<\/span>\r\n\t\t\t\t\t\t<time class=\"grve-structured-data\" itemprop=\"datePublished\" datetime=\"2024-12-16T09:11:33+01:00\">16. December 2024<\/time>\r\n\t\t\t<time class=\"grve-structured-data\" itemprop=\"dateModified\"  datetime=\"2025-02-17T13:24:02+01:00\">17. February 2025<\/time>\r\n\t\t\t<span class=\"grve-structured-data\" itemprop=\"mainEntityOfPage\" itemscope itemtype=\"http:\/\/schema.org\/WebPage\" itemid=\"https:\/\/emag.baerenreiter.com\/en\/complete-edition\/most-agreeable-a-peasants-son-is-the-hero-in-handels-giustino\/\"><\/span>\r\n\t\t<\/span>\r\n\t<\/div>\r\n\t\t\t<\/article>\r\n\t\t\t<article class=\"grve-carousel-item post-13889 post type-post status-publish format-standard has-post-thumbnail hentry category-complete-edition grve-entry-item grve-blog-item\" itemscope itemType=\"http:\/\/schema.org\/BlogPosting\">\r\n\t\t\t\t<div class=\"grve-post-item grve-style-1 grve-format-standard\">\r\n\t<div class=\"grve-post-item-inner\">\r\n\t\t<div class=\"grve-post-top\">\r\n\t\t\t\t\t\t<div class=\"grve-post-media grve-radius-none grve-shadow-none\">\r\n\t\t\t\t\t\t\t<a class=\"grve-item-url\" href=\"https:\/\/emag.baerenreiter.com\/en\/complete-edition\/dramatically-effective-franz-schuberts-works-for-music-theatre\/\" rel=\"bookmark\"><span class=\"screen-reader-text\">Dramatically effective. Franz Schubert\u2019s works for music theatre<\/span><\/a>\r\n\t\t\t\t<div class=\"grve-thumbnail-wrapper\"><div class=\"grve-thumbnail\"  style=\"padding-top: 75%;\"><img loading=\"lazy\" decoding=\"async\" width=\"560\" height=\"420\" src=\"https:\/\/emag.baerenreiter.com\/wp-content\/uploads\/2025\/01\/eMagazin-Beitrag_Schuberts-Werke-fuer-Musiktheater_On-Stage_Dezember-2024-560x420.webp\" class=\"attachment-impeka-grve-small-rect-horizontal size-impeka-grve-small-rect-horizontal wp-post-image\" alt=\"Scene from an opera performance with a medieval theme. A man dressed as a king in armor sits on a throne. A woman in an elaborately decorated white gown reaches out to him. In the background, several female singers wear similar white costumes, all set against a backdrop of black-and-white illustrated stone columns.\" data-column-space=\"100\" data-lazyload=\"\" data-grve-filter=\"yes\" srcset=\"https:\/\/emag.baerenreiter.com\/wp-content\/uploads\/2025\/01\/eMagazin-Beitrag_Schuberts-Werke-fuer-Musiktheater_On-Stage_Dezember-2024-560x420.webp 560w, https:\/\/emag.baerenreiter.com\/wp-content\/uploads\/2025\/01\/eMagazin-Beitrag_Schuberts-Werke-fuer-Musiktheater_On-Stage_Dezember-2024-900x675.webp 900w\" sizes=\"auto, (max-width: 560px) 100vw, 560px\" loading=\"lazy\" \/><\/div><\/div>\t\t\t<\/div>\r\n\t\t\t\t\t\t\t\t\t<div class=\"grve-post-category grve-small-text\"><a href=\"https:\/\/emag.baerenreiter.com\/en\/blog\/complete-edition\/\" rel=\"category tag\">Complete Editions<\/a><\/div>\r\n\t\t\t\t\t\t<div class=\"grve-post-content\">\r\n\t\t\t\t\t\t\t\t<a href=\"https:\/\/emag.baerenreiter.com\/en\/complete-edition\/dramatically-effective-franz-schuberts-works-for-music-theatre\/\" rel=\"bookmark\"><h3 class=\"grve-post-title grve-h5\" itemprop=\"headline\"><span>Dramatically effective. Franz Schubert\u2019s works for music theatre<\/span><\/h3><\/a>\t\t\t\t<div class=\"grve-post-exerpt\" itemprop=\"articleBody\">\r\n\t\t\t\t\t<p>Franz Schubert\u2019s stage works have never become firmly established in the repertoire. And yet they contain interesting examples of Romantic opera aesthetics. And with the 2028 Schubert anniversary year in mind, they offer a variety of opportunities for productions.\n<\/p>\t\t\t\t<\/div>\r\n\t\t\t<\/div>\r\n\t\t<\/div>\r\n\t\t\t<\/div>\r\n\t\t\t<span class=\"grve-hidden\">\r\n\t\t\t<span class=\"grve-structured-data\" itemprop=\"image\" itemscope itemtype=\"http:\/\/schema.org\/ImageObject\">\r\n\t\t\t   <span itemprop='url' >https:\/\/emag.baerenreiter.com\/wp-content\/uploads\/2025\/01\/eMagazin-Beitrag_Schuberts-Werke-fuer-Musiktheater_On-Stage_Dezember-2024.webp<\/span>\r\n\t\t\t   <span itemprop='height' >2126<\/span>\r\n\t\t\t   <span itemprop='width' >2142<\/span>\r\n\t\t\t<\/span>\r\n\t\t\t\t\t\t<span class=\"grve-structured-data\" itemprop=\"author\" itemscope itemtype=\"http:\/\/schema.org\/Person\">\r\n\t\t\t\t<span itemprop=\"name\">B\u00e4renreiter Verlag<\/span>\r\n\t\t\t<\/span>\r\n\t\t\t<span class=\"grve-structured-data\" itemprop=\"publisher\" itemscope itemtype=\"http:\/\/schema.org\/Organization\">\r\n\t\t\t\t<span itemprop='name'>B\u00e4renreiter Verlag<\/span>\r\n\t\t\t\t<span itemprop='logo' itemscope itemtype='http:\/\/schema.org\/ImageObject'>\r\n\t\t\t\t\t<span itemprop='url'>https:\/\/emag.baerenreiter.com\/wp-content\/uploads\/2025\/01\/eMagazin-Beitrag_Schuberts-Werke-fuer-Musiktheater_On-Stage_Dezember-2024.webp<\/span>\r\n\t\t\t\t<\/span>\r\n\t\t\t<\/span>\r\n\t\t\t\t\t\t<time class=\"grve-structured-data\" itemprop=\"datePublished\" datetime=\"2024-12-16T09:07:11+01:00\">16. December 2024<\/time>\r\n\t\t\t<time class=\"grve-structured-data\" itemprop=\"dateModified\"  datetime=\"2025-02-17T13:51:09+01:00\">17. February 2025<\/time>\r\n\t\t\t<span class=\"grve-structured-data\" itemprop=\"mainEntityOfPage\" itemscope itemtype=\"http:\/\/schema.org\/WebPage\" itemid=\"https:\/\/emag.baerenreiter.com\/en\/complete-edition\/dramatically-effective-franz-schuberts-works-for-music-theatre\/\"><\/span>\r\n\t\t<\/span>\r\n\t<\/div>\r\n\t\t\t<\/article>\r\n\t\t<\/div>\r\n\t<\/div>\r\n<\/div>\r\n<\/div><\/div><\/div><\/div><\/div><\/div>\n"},"excerpt":{"rendered":"<div class=\"grve-section grve-row-section grve-fullwidth-background grve-with-bg-color\" data-header-color=\"default\"  style=\"background-color:#e7e7e7;\"><div class=\"grve-container\"><div class=\"grve-row grve-bookmark grve-columns-gap-default grve-mobile-vertical-gap-30\"><div class=\"grve-column wpb_column grve-bookmark grve-column-1  grve-with-bg-transparent\"><div class=\"grve-column-wrapper\"><div class=\"grve-column-content\" ><div class=\"grve-inner-section composer-header grve-with-bg-transparent\"><div class=\"grve-row-inner grve-bookmark grve-columns-gap-default grve-mobile-vertical-gap-30\"><div class=\"grve-column-inner wpb_column grve-column-5-12 grve-wpb-1715857276604 grve-vertical-position-middle grve-with-bg-transparent\"><div class=\"grve-column-wrapper-inner\"><div class=\"grve-column-inner-content\" ><div class=\"grve-element grve-image grve-align-left\">\r\n\t<div class=\"grve-image-item\">\r\n\t\t\r\n\r\n<div class=\"grve-image-wrapper grve-no-effect\">\r\n\t\t<div class=\"grve-thumbnail-wrapper\"  style=\"width: 1280px;\"><div class=\"grve-thumbnail\"  style=\"padding-top: 100%;\"><img loading=\"lazy\" decoding=\"async\" width=\"1280\" height=\"1280\" src=\"https:\/\/emag.baerenreiter.com\/wp-content\/uploads\/2024\/07\/Faure_1280x1280.webp\" class=\"attachment-full size-full\" alt=\"\" srcset=\"https:\/\/emag.baerenreiter.com\/wp-content\/uploads\/2024\/07\/Faure_1280x1280.webp 1x,https:\/\/emag.baerenreiter.com\/wp-content\/uploads\/2024\/07\/Faure_1280x1280.webp 2x\" data-column-space=\"auto\" data-lazyload=\"\" data-grve-filter=\"yes\" loading=\"lazy\" \/><\/div><\/div>\t<\/div>\r\n\t<\/div>\r\n<\/div>\r\n<\/div><\/div><\/div><div class=\"grve-column-inner wpb_column grve-column-7-12 grve-wpb-1715857422252 grve-vertical-position-middle grve-with-bg-transparent grve-align-center\"><div class=\"grve-column-wrapper-inner\"><div class=\"grve-column-inner-content\" ><h1 class=\"grve-element grve-title grve-align-center grve-page-title grve-text-primary-2\"><span>Gabriel Faur\u00e9<\/span><\/h1><h3 class=\"grve-element grve-title grve-align-inherit grve-h3\"><span>(1845 &#8211; 1924)<\/span><\/h3><div class=\"grve-element grve-text grve-leader-text text-color-white\">\r\n\t\t\t<p>The Complete Works<\/p>\n\r\n\t\t<\/div>\r\n\t<div class=\"grve-empty-space grve-height-1x\"><\/div><\/div><\/div><\/div><\/div><\/div><\/div><\/div><\/div><\/div><\/div><\/div><div class=\"grve-section grve-row-section grve-fullwidth-background grve-padding-top-4x grve-padding-bottom-4x grve-with-bg-transparent\" data-header-color=\"default\"><div class=\"grve-container\"><div class=\"grve-row grve-bookmark grve-columns-gap-default grve-mobile-vertical-gap-30\"><div class=\"grve-column wpb_column grve-bookmark grve-column-1  grve-with-bg-transparent\"><div class=\"grve-column-wrapper\"><div class=\"grve-column-content\" ><div class=\"grve-inner-section grve-with-bg-transparent\"><div class=\"grve-row-inner grve-bookmark grve-columns-gap-default grve-mobile-vertical-gap-30\"><div class=\"grve-column-inner wpb_column grve-column-1-4  grve-tablet-column-1-6 grve-tablet-sm-column-1-6 grve-mobile-column-hide grve-with-bg-transparent grve-empty-column\"><div class=\"grve-column-wrapper-inner\"><div class=\"grve-column-inner-content\" ><\/div><\/div><\/div><div class=\"grve-column-inner wpb_column grve-column-1-2  grve-tablet-column-2-3 grve-tablet-sm-column-2-3 grve-with-bg-transparent\"><div class=\"grve-column-wrapper-inner\"><div class=\"grve-column-inner-content\" ><h3 class=\"grve-element grve-title grve-align-inherit grve-h4\"><span>Scientific Director : Jean-Michel Nectoux<br \/>\nChief Editor : Nicolas Southon<\/span><\/h3><div class=\"grve-element grve-text\">\r\n\t\t\t<p>For the first time, the Complete Works of Gabriel Faur\u00e9 (1845\u20131924) has managed to amass all the scores which were issued during the composer\u2019s lifetime, mostly by three different publishers. Furthermore, it offers a corrected text based on all available sources, some of which have been recently discovered. These sources include: manuscripts, corrected proofs, first editions, printed scores with corrections by the composer, etc.<\/p>\n\r\n\t\t<\/div>\r\n\t<\/div><\/div><\/div><div class=\"grve-column-inner wpb_column grve-column-1-4  grve-tablet-column-1-6 grve-tablet-sm-column-1-6 grve-with-bg-transparent grve-empty-column\"><div class=\"grve-column-wrapper-inner\"><div class=\"grve-column-inner-content\" ><\/div><\/div><\/div><\/div><\/div><div class=\"grve-empty-space grve-height-2x\"><\/div><div class=\"grve-inner-section grve-with-bg-transparent\"><div class=\"grve-row-inner grve-bookmark grve-columns-gap-default grve-mobile-vertical-gap-30\"><div class=\"grve-column-inner wpb_column grve-column-1-2  grve-with-bg-transparent\"><div class=\"grve-column-wrapper-inner\"><div class=\"grve-column-inner-content\" ><div class=\"grve-element grve-text\">\r\n\t\t\t<p>The Complete Works will reveal many nearly unknown or unpublished pieces, particularly from Faur\u00e9\u2019s youth. This will give a more complete picture of Faur\u00e9\u2019s aesthetic development; a musician who started composing when classical impulses prevailed but quickly found his own personal harmonic language which continually developed to include the boldness of \u201ePenelope\u201c and the late chamber as well as piano works. Throughout the volumes abandoned works will be published such as the Allegro of the \u201eViolin Concerto op. 14\u201c, the Symphony or \u201eOrchestral Suite in F major op. 20\u201c. Yet, more significantly, unpublished versions of wellknown works will be uncovered and it will also be possible to discover hitherto unpublished orchestral scores or the very few songs the composer agreed to orchestrate himself.<\/p>\n\r\n\t\t<\/div>\r\n\t<\/div><\/div><\/div><div class=\"grve-column-inner wpb_column grve-column-1-2  grve-column-fullheight grve-with-bg-image grve-empty-column\"><div class=\"grve-column-wrapper-inner\"><div class=\"grve-column-inner-content\" ><\/div><div class=\"grve-background-wrapper\">  <div class=\"grve-bg-image grve-bg-center-center grve-bg-image-id-11781 lazyload\"  data-bgset=\"https:\/\/emag.baerenreiter.com\/wp-content\/uploads\/2024\/07\/Fauret_Details-7_900px.webp 900w, https:\/\/emag.baerenreiter.com\/wp-content\/uploads\/2024\/07\/Fauret_Details-7_900px-200x300.webp 200w, https:\/\/emag.baerenreiter.com\/wp-content\/uploads\/2024\/07\/Fauret_Details-7_900px-683x1024.webp 683w, https:\/\/emag.baerenreiter.com\/wp-content\/uploads\/2024\/07\/Fauret_Details-7_900px-768x1152.webp 768w, https:\/\/emag.baerenreiter.com\/wp-content\/uploads\/2024\/07\/Fauret_Details-7_900px-500x750.webp 500w, https:\/\/emag.baerenreiter.com\/wp-content\/uploads\/2024\/07\/Fauret_Details-7_900px-800x1200.webp 800w\" data-sizes=\"auto\"><\/div><\/div><\/div><\/div><\/div><\/div><div class=\"grve-empty-space grve-height-2x\"><\/div><div class=\"grve-inner-section grve-with-bg-transparent\"><div class=\"grve-row-inner grve-bookmark grve-columns-gap-default grve-mobile-vertical-gap-30\"><div class=\"grve-column-inner wpb_column grve-column-1-6  grve-with-bg-transparent grve-empty-column\"><div class=\"grve-column-wrapper-inner\"><div class=\"grve-column-inner-content\" ><\/div><\/div><\/div><div class=\"grve-column-inner wpb_column grve-column-2-3  grve-with-bg-transparent\"><div class=\"grve-column-wrapper-inner\"><div class=\"grve-column-inner-content\" ><div class=\"grve-element grve-text\">\r\n\t\t\t<p>This edition of the Complete Works is based on international research conducted during the past four decades on both musical and literary sources, the correspondence, iconography and historical recordings. It has brought together musicologists of five different nationalities who share the same fascination for this unique music. This eagerly awaited edition will reveal much new material while furthering the international dissemination of a musical oeuvre that continuously attracts new enthusiasts.<\/p>\n<p>Each volume includes a preface (Fr\/Eng\/Ger) and a critical commentary (Fr or Eng). On the basis of this Critical Edition, B\u00e4renreiter will publish performance material.<\/p>\n\r\n\t\t<\/div>\r\n\t<\/div><\/div><\/div><div class=\"grve-column-inner wpb_column grve-column-1-6  grve-with-bg-transparent grve-empty-column\"><div class=\"grve-column-wrapper-inner\"><div class=\"grve-column-inner-content\" ><\/div><\/div><\/div><\/div><\/div><div class=\"grve-empty-space grve-height-2x\"><\/div><h3 class=\"grve-element grve-title grve-align-inherit grve-h4\"><span>Publication Schedule<\/span><\/h3><div class=\"grve-element grve-accordion \"><ul class=\"grve-accordion-wrapper grve-action-toggle grve-with-icon\"><li><div class=\"grve-title-wrapper grve-tab-link grve-align-default grve-icon-position-right\" data-rel=\"#1755254244086-d936e6ff-fd2f\"><div class=\"grve-accordion-arrow grve-svg-heading-color grve-accordion-plus\">\t\t\t\t<svg width=\"24px\" height=\"24px\" viewBox=\"0 0 24 24\" stroke-width=\"0\">\r\n\t\t\t\t\t<path d=\"M12,5 C12.5128358,5 12.9355072,5.38604019 12.9932723,5.88337887 L13,6 L13,11 L18,11 C18.5522847,11 19,11.4477153 19,12 C19,12.5128358 18.6139598,12.9355072 18.1166211,12.9932723 L18,13 L13,13 L13,18 C13,18.5522847 12.5522847,19 12,19 C11.4871642,19 11.0644928,18.6139598 11.0067277,18.1166211 L11,18 L11,13 L6,13 C5.44771525,13 5,12.5522847 5,12 C5,11.4871642 5.38604019,11.0644928 5.88337887,11.0067277 L6,11 L11,11 L11,6 C11,5.44771525 11.4477153,5 12,5 Z\"><\/path>\r\n\t\t\t\t<\/svg>\r\n\t\t\t<\/div><h3 class=\"grve-title grve-h6\">Series I: Sacred Vocal Music<\/h3><\/div><div class=\"grve-accordion-content \" id=\"1755254244086-d936e6ff-fd2f\"><div class=\"grve-element grve-text\">\r\n\t\t\t\n<table id=\"tablepress-Faure-Series-1-no-3\" class=\"tablepress tablepress-id-Faure-Series-1\">\n<thead>\n<tr class=\"row-1\">\n\t<th class=\"column-1\">Ref. No.<\/th><th class=\"column-2\">Volume<\/th><th class=\"column-3\">Title<\/th><th class=\"column-4\">Editor<\/th><th class=\"column-5\">Edition<\/th><th class=\"column-6\">Year of publication<\/th>\n<\/tr>\n<\/thead>\n<tbody class=\"row-striping row-hover\">\n<tr class=\"row-2\">\n\t<td class=\"column-1\"><\/td><td class=\"column-2\">Series I, 1<\/td><td class=\"column-3\">Messe de Requiem op. 48 <br \/>(version of 1893)<\/td><td class=\"column-4\"><\/td><td class=\"column-5\">Score<\/td><td class=\"column-6\">in preparation<\/td>\n<\/tr>\n<tr class=\"row-3\">\n\t<td class=\"column-1\">BA09461<\/td><td class=\"column-2\">Series I, 2<\/td><td class=\"column-3\"><a title=\"Opens product information in the B\u00e4renreiter webshop in the same tab\" href=\"https:\/\/www.baerenreiter.com\/moreinfo\/BA09461_01\">Messe de Requiem op. 48 <\/a><br \/>(version of 1900)<br \/><\/td><td class=\"column-4\">Stegemann, Michael<br \/>Stahl, Christina M.<\/td><td class=\"column-5\">Score<\/td><td class=\"column-6\">2011 <\/td>\n<\/tr>\n<tr class=\"row-4\">\n\t<td class=\"column-1\"><\/td><td class=\"column-2\">Series I, 3<\/td><td class=\"column-3\">Works with Orchestra or Instrumental Ensemble<br \/><\/td><td class=\"column-4\"><\/td><td class=\"column-5\">Score<\/td><td class=\"column-6\">in preparation <\/td>\n<\/tr>\n<tr class=\"row-5\">\n\t<td class=\"column-1\">BA09478-01<\/td><td class=\"column-2\">Series I, 4<\/td><td class=\"column-3\"><a title=\"Opens product information in the B\u00e4renreiter webshop in the same tab\" href=\"https:\/\/www.baerenreiter.com\/moreinfo\/BA09478_01\/\">Motets and Chorals \/ Messe de l'Association des p\u00eacheurs de Villerville N 60a \/ Messe basse N 163 \/ Harmonizations of Christmas Carols<\/a><br \/><\/td><td class=\"column-4\">Schauerte-Maubouet, Helga<\/td><td class=\"column-5\">Score<\/td><td class=\"column-6\">2020<\/td>\n<\/tr>\n<\/tbody>\n<\/table>\n\n\r\n\t\t<\/div>\r\n\t<\/div><\/li><li><div class=\"grve-title-wrapper grve-tab-link grve-align-default grve-icon-position-right\" data-rel=\"#1755254244125-bf6d560a-bdad\"><div class=\"grve-accordion-arrow grve-svg-heading-color grve-accordion-plus\">\t\t\t\t<svg width=\"24px\" height=\"24px\" viewBox=\"0 0 24 24\" stroke-width=\"0\">\r\n\t\t\t\t\t<path d=\"M12,5 C12.5128358,5 12.9355072,5.38604019 12.9932723,5.88337887 L13,6 L13,11 L18,11 C18.5522847,11 19,11.4477153 19,12 C19,12.5128358 18.6139598,12.9355072 18.1166211,12.9932723 L18,13 L13,13 L13,18 C13,18.5522847 12.5522847,19 12,19 C11.4871642,19 11.0644928,18.6139598 11.0067277,18.1166211 L11,18 L11,13 L6,13 C5.44771525,13 5,12.5522847 5,12 C5,11.4871642 5.38604019,11.0644928 5.88337887,11.0067277 L6,11 L11,11 L11,6 C11,5.44771525 11.4477153,5 12,5 Z\"><\/path>\r\n\t\t\t\t<\/svg>\r\n\t\t\t<\/div><h3 class=\"grve-title grve-h6\">Series II: Secular Vocal Music<\/h3><\/div><div class=\"grve-accordion-content \" id=\"1755254244125-bf6d560a-bdad\"><div class=\"grve-element grve-text\">\r\n\t\t\t\n<table id=\"tablepress-Faure-Series-2-no-3\" class=\"tablepress tablepress-id-Faure-Series-2\">\n<thead>\n<tr class=\"row-1\">\n\t<th class=\"column-1\">Ref. No.<\/th><th class=\"column-2\">Volume<\/th><th class=\"column-3\">Title<\/th><th class=\"column-4\">Editor<\/th><th class=\"column-5\">Edition<\/th><th class=\"column-6\">Year of publication<\/th>\n<\/tr>\n<\/thead>\n<tbody class=\"row-striping row-hover\">\n<tr class=\"row-2\">\n\t<td class=\"column-1\">BA09473-01<\/td><td class=\"column-2\">Series II, 1<\/td><td class=\"column-3\"><a title=\"Opens product information in the B\u00e4renreiter webshop in the same tab\" href=\"https:\/\/www.baerenreiter.com\/moreinfo\/BA09473_01\/\">Works for Mixed Choir and Orchestra<\/a><\/td><td class=\"column-4\">Macdonald, Hugh<\/td><td class=\"column-5\">Score<\/td><td class=\"column-6\">2019<\/td>\n<\/tr>\n<tr class=\"row-3\">\n\t<td class=\"column-1\"><\/td><td class=\"column-2\">Series II, 2<\/td><td class=\"column-3\">Choirs with Piano<br \/><\/td><td class=\"column-4\"><\/td><td class=\"column-5\">Score<\/td><td class=\"column-6\">in preparation <\/td>\n<\/tr>\n<tr class=\"row-4\">\n\t<td class=\"column-1\"><\/td><td class=\"column-2\">Series II, 3<\/td><td class=\"column-3\">Songs with Orchestra or Instrumental Ensemble<br \/><\/td><td class=\"column-4\"><\/td><td class=\"column-5\">Score<\/td><td class=\"column-6\">in preparation <\/td>\n<\/tr>\n<tr class=\"row-5\">\n\t<td class=\"column-1\"><\/td><td class=\"column-2\">Series II, 4<\/td><td class=\"column-3\">Songs and Duets with Piano I<br \/><\/td><td class=\"column-4\"><\/td><td class=\"column-5\">Score<\/td><td class=\"column-6\">in preparation <\/td>\n<\/tr>\n<tr class=\"row-6\">\n\t<td class=\"column-1\"><\/td><td class=\"column-2\">Series II, 5<\/td><td class=\"column-3\">Songs and Duets with Piano II<\/td><td class=\"column-4\"><\/td><td class=\"column-5\">Score<\/td><td class=\"column-6\">in preparation <\/td>\n<\/tr>\n<tr class=\"row-7\">\n\t<td class=\"column-1\"><\/td><td class=\"column-2\">Series II, 6<\/td><td class=\"column-3\">Songs and Duets with Piano III<\/td><td class=\"column-4\"><\/td><td class=\"column-5\">Score<\/td><td class=\"column-6\">in preparation<\/td>\n<\/tr>\n<\/tbody>\n<\/table>\n\n\r\n\t\t<\/div>\r\n\t<\/div><\/li><li><div class=\"grve-title-wrapper grve-tab-link grve-align-default grve-icon-position-right\" data-rel=\"#1755254338634-d9737890-9645\"><div class=\"grve-accordion-arrow grve-svg-heading-color grve-accordion-plus\">\t\t\t\t<svg width=\"24px\" height=\"24px\" viewBox=\"0 0 24 24\" stroke-width=\"0\">\r\n\t\t\t\t\t<path d=\"M12,5 C12.5128358,5 12.9355072,5.38604019 12.9932723,5.88337887 L13,6 L13,11 L18,11 C18.5522847,11 19,11.4477153 19,12 C19,12.5128358 18.6139598,12.9355072 18.1166211,12.9932723 L18,13 L13,13 L13,18 C13,18.5522847 12.5522847,19 12,19 C11.4871642,19 11.0644928,18.6139598 11.0067277,18.1166211 L11,18 L11,13 L6,13 C5.44771525,13 5,12.5522847 5,12 C5,11.4871642 5.38604019,11.0644928 5.88337887,11.0067277 L6,11 L11,11 L11,6 C11,5.44771525 11.4477153,5 12,5 Z\"><\/path>\r\n\t\t\t\t<\/svg>\r\n\t\t\t<\/div><h3 class=\"grve-title grve-h6\">Series III: Stage Works<\/h3><\/div><div class=\"grve-accordion-content \" id=\"1755254338634-d9737890-9645\"><div class=\"grve-element grve-text\">\r\n\t\t\t\n<table id=\"tablepress-Faure-Series-3-no-3\" class=\"tablepress tablepress-id-Faure-Series-3\">\n<thead>\n<tr class=\"row-1\">\n\t<th class=\"column-1\">Ref. No.<\/th><th class=\"column-2\">Volume<\/th><th class=\"column-3\">Title<\/th><th class=\"column-4\">Editor<\/th><th class=\"column-5\">Edition<\/th><th class=\"column-6\">Year of publication<\/th>\n<\/tr>\n<\/thead>\n<tbody class=\"row-striping row-hover\">\n<tr class=\"row-2\">\n\t<td class=\"column-1\"><\/td><td class=\"column-2\">Series III, 1<\/td><td class=\"column-3\">Prom\u00e9th\u00e9e op. 82 <br \/>(1. version 1900)<\/td><td class=\"column-4\"><\/td><td class=\"column-5\">Score<\/td><td class=\"column-6\">in preparation<\/td>\n<\/tr>\n<tr class=\"row-3\">\n\t<td class=\"column-1\"><\/td><td class=\"column-2\">Series III, 2<\/td><td class=\"column-3\">Prom\u00e9th\u00e9e op. 82 <br \/>(2. version 1916)<\/td><td class=\"column-4\"><\/td><td class=\"column-5\">Score<\/td><td class=\"column-6\">in preparation <\/td>\n<\/tr>\n<tr class=\"row-4\">\n\t<td class=\"column-1\"><\/td><td class=\"column-2\">Series III, 3<\/td><td class=\"column-3\">P\u00e9n\u00e9lope (2 volumes)<\/td><td class=\"column-4\"><\/td><td class=\"column-5\">Score<\/td><td class=\"column-6\">in preparation <\/td>\n<\/tr>\n<tr class=\"row-5\">\n\t<td class=\"column-1\"><\/td><td class=\"column-2\">Series III, 4<\/td><td class=\"column-3\">Incidental Music<\/td><td class=\"column-4\"><\/td><td class=\"column-5\">Score<\/td><td class=\"column-6\">in preparation<\/td>\n<\/tr>\n<\/tbody>\n<\/table>\n\n\r\n\t\t<\/div>\r\n\t<\/div><\/li><li><div class=\"grve-title-wrapper grve-tab-link grve-align-default grve-icon-position-right\" data-rel=\"#1755254351542-bd736d66-b89c\"><div class=\"grve-accordion-arrow grve-svg-heading-color grve-accordion-plus\">\t\t\t\t<svg width=\"24px\" height=\"24px\" viewBox=\"0 0 24 24\" stroke-width=\"0\">\r\n\t\t\t\t\t<path d=\"M12,5 C12.5128358,5 12.9355072,5.38604019 12.9932723,5.88337887 L13,6 L13,11 L18,11 C18.5522847,11 19,11.4477153 19,12 C19,12.5128358 18.6139598,12.9355072 18.1166211,12.9932723 L18,13 L13,13 L13,18 C13,18.5522847 12.5522847,19 12,19 C11.4871642,19 11.0644928,18.6139598 11.0067277,18.1166211 L11,18 L11,13 L6,13 C5.44771525,13 5,12.5522847 5,12 C5,11.4871642 5.38604019,11.0644928 5.88337887,11.0067277 L6,11 L11,11 L11,6 C11,5.44771525 11.4477153,5 12,5 Z\"><\/path>\r\n\t\t\t\t<\/svg>\r\n\t\t\t<\/div><h3 class=\"grve-title grve-h6\">Symphonic Works and Works for Solo Instrument and Orchestra<\/h3><\/div><div class=\"grve-accordion-content \" id=\"1755254351542-bd736d66-b89c\"><div class=\"grve-element grve-text\">\r\n\t\t\t\n<table id=\"tablepress-Faure-Series-4-no-3\" class=\"tablepress tablepress-id-Faure-Series-4\">\n<thead>\n<tr class=\"row-1\">\n\t<th class=\"column-1\">Ref. No.<\/th><th class=\"column-2\">Volume<\/th><th class=\"column-3\">Title<\/th><th class=\"column-4\">Editor<\/th><th class=\"column-5\">Edition<\/th><th class=\"column-6\">Year of publication<\/th>\n<\/tr>\n<\/thead>\n<tbody class=\"row-striping row-hover\">\n<tr class=\"row-2\">\n\t<td class=\"column-1\">BA09467-01<\/td><td class=\"column-2\">Series IV, 1<\/td><td class=\"column-3\"><a title=\"Opens product information in the B\u00e4renreiter webshop in the same tab\" href=\"https:\/\/www.baerenreiter.com\/moreinfo\/BA09467_01\">Symphonic Works I (op. 20, 50, 52)<\/a><br \/><\/td><td class=\"column-4\">Tait, Robin<\/td><td class=\"column-5\">Score<\/td><td class=\"column-6\">2013<\/td>\n<\/tr>\n<tr class=\"row-3\">\n\t<td class=\"column-1\">BA09475-01<\/td><td class=\"column-2\">Series IV, 2<\/td><td class=\"column-3\"><a title=\"Opens product information in the B\u00e4renreiter webshop in the same tab\" href=\"https:\/\/www.baerenreiter.com\/moreinfo\/BA09475_01\">Symphonic Works II (op. 57, 80, 112 P\u00e9n\u00e9lope, Pr\u00e9lude N 174b)<\/a><br \/><\/td><td class=\"column-4\">Tait, Robin<\/td><td class=\"column-5\">Score<\/td><td class=\"column-6\">2016<\/td>\n<\/tr>\n<tr class=\"row-4\">\n\t<td class=\"column-1\">BA09465-01<\/td><td class=\"column-2\">Series IV, 3<\/td><td class=\"column-3\"><a title=\"Opens product information in the B\u00e4renreiter webshop in the same tab\" href=\"https:\/\/www.baerenreiter.com\/moreinfo\/BA09465_01\">Concertant Works (op. 14, 16, 19, 24, 28, 111)<\/a><br \/><\/td><td class=\"column-4\">Jost, Peter<\/td><td class=\"column-5\">Score<\/td><td class=\"column-6\">2016<\/td>\n<\/tr>\n<\/tbody>\n<\/table>\n\n\r\n\t\t<\/div>\r\n\t<\/div><\/li><li><div class=\"grve-title-wrapper grve-tab-link grve-align-default grve-icon-position-right\" data-rel=\"#1755254385157-fa4898a0-8b8b\"><div class=\"grve-accordion-arrow grve-svg-heading-color grve-accordion-plus\">\t\t\t\t<svg width=\"24px\" height=\"24px\" viewBox=\"0 0 24 24\" stroke-width=\"0\">\r\n\t\t\t\t\t<path d=\"M12,5 C12.5128358,5 12.9355072,5.38604019 12.9932723,5.88337887 L13,6 L13,11 L18,11 C18.5522847,11 19,11.4477153 19,12 C19,12.5128358 18.6139598,12.9355072 18.1166211,12.9932723 L18,13 L13,13 L13,18 C13,18.5522847 12.5522847,19 12,19 C11.4871642,19 11.0644928,18.6139598 11.0067277,18.1166211 L11,18 L11,13 L6,13 C5.44771525,13 5,12.5522847 5,12 C5,11.4871642 5.38604019,11.0644928 5.88337887,11.0067277 L6,11 L11,11 L11,6 C11,5.44771525 11.4477153,5 12,5 Z\"><\/path>\r\n\t\t\t\t<\/svg>\r\n\t\t\t<\/div><h3 class=\"grve-title grve-h6\">Series V: Chamber Music<\/h3><\/div><div class=\"grve-accordion-content \" id=\"1755254385157-fa4898a0-8b8b\"><div class=\"grve-element grve-text\">\r\n\t\t\t\n<table id=\"tablepress-Faure-Series-5-no-3\" class=\"tablepress tablepress-id-Faure-Series-5\">\n<thead>\n<tr class=\"row-1\">\n\t<th class=\"column-1\">Ref. No.<\/th><th class=\"column-2\">Volume<\/th><th class=\"column-3\">Title<\/th><th class=\"column-4\">Editor<\/th><th class=\"column-5\">Edition<\/th><th class=\"column-6\">Year of publication<\/th>\n<\/tr>\n<\/thead>\n<tbody class=\"row-striping row-hover\">\n<tr class=\"row-2\">\n\t<td class=\"column-1\"><\/td><td class=\"column-2\">Series V, 1<\/td><td class=\"column-3\">Piano Quintets <br \/><\/td><td class=\"column-4\"> <\/td><td class=\"column-5\">Score<\/td><td class=\"column-6\">in preparation<\/td>\n<\/tr>\n<tr class=\"row-3\">\n\t<td class=\"column-1\">BA09462-01<\/td><td class=\"column-2\">Series V, 2<\/td><td class=\"column-3\"><a title=\"Opens product information in the B\u00e4renreiter webshop in the same tab\" href=\"https:\/\/www.baerenreiter.com\/moreinfo\/BA09462_01\">Piano Quartets <\/a><br \/><\/td><td class=\"column-4\">Herlin, Denis<\/td><td class=\"column-5\">Score<\/td><td class=\"column-6\">2010 \t<\/td>\n<\/tr>\n<tr class=\"row-4\">\n\t<td class=\"column-1\">BA09464-01<\/td><td class=\"column-2\">Series V, 3<\/td><td class=\"column-3\"><a title=\"Opens product information in the B\u00e4renreiter webshop in the same tab\" href=\"https:\/\/www.baerenreiter.com\/moreinfo\/BA09464_01\">Trio pour piano, violon et violoncelle, op. 120<br \/>Quatuor \u00e0 cordes, op. 121<\/a><br \/><\/td><td class=\"column-4\">Sobaskie, James W.<\/td><td class=\"column-5\">Score<\/td><td class=\"column-6\">2010 \t<\/td>\n<\/tr>\n<tr class=\"row-5\">\n\t<td class=\"column-1\"><\/td><td class=\"column-2\">Series V, 4<\/td><td class=\"column-3\">Works for Violin and Piano<\/td><td class=\"column-4\"><\/td><td class=\"column-5\">Score<\/td><td class=\"column-6\">in preparation \t<\/td>\n<\/tr>\n<tr class=\"row-6\">\n\t<td class=\"column-1\"><\/td><td class=\"column-2\">Series V, 5<\/td><td class=\"column-3\">Works for Cello and Piano, Flute and Piano, Flute, Harp solo<\/td><td class=\"column-4\"><\/td><td class=\"column-5\">Score<\/td><td class=\"column-6\">in preparation<\/td>\n<\/tr>\n<\/tbody>\n<\/table>\n\n\r\n\t\t<\/div>\r\n\t<\/div><\/li><li><div class=\"grve-title-wrapper grve-tab-link grve-align-default grve-icon-position-right\" data-rel=\"#1755254399058-69eba692-87f6\"><div class=\"grve-accordion-arrow grve-svg-heading-color grve-accordion-plus\">\t\t\t\t<svg width=\"24px\" height=\"24px\" viewBox=\"0 0 24 24\" stroke-width=\"0\">\r\n\t\t\t\t\t<path d=\"M12,5 C12.5128358,5 12.9355072,5.38604019 12.9932723,5.88337887 L13,6 L13,11 L18,11 C18.5522847,11 19,11.4477153 19,12 C19,12.5128358 18.6139598,12.9355072 18.1166211,12.9932723 L18,13 L13,13 L13,18 C13,18.5522847 12.5522847,19 12,19 C11.4871642,19 11.0644928,18.6139598 11.0067277,18.1166211 L11,18 L11,13 L6,13 C5.44771525,13 5,12.5522847 5,12 C5,11.4871642 5.38604019,11.0644928 5.88337887,11.0067277 L6,11 L11,11 L11,6 C11,5.44771525 11.4477153,5 12,5 Z\"><\/path>\r\n\t\t\t\t<\/svg>\r\n\t\t\t<\/div><h3 class=\"grve-title grve-h6\">Serie VI: Piano Works<\/h3><\/div><div class=\"grve-accordion-content \" id=\"1755254399058-69eba692-87f6\"><div class=\"grve-element grve-text\">\r\n\t\t\t\n<table id=\"tablepress-Faure-Series-6-no-3\" class=\"tablepress tablepress-id-Faure-Series-6\">\n<thead>\n<tr class=\"row-1\">\n\t<th class=\"column-1\">Ref. No.<\/th><th class=\"column-2\">Volume<\/th><th class=\"column-3\">Title<\/th><th class=\"column-4\">Editor<\/th><th class=\"column-5\">Edition<\/th><th class=\"column-6\">Year of publication<\/th>\n<\/tr>\n<\/thead>\n<tbody class=\"row-striping row-hover\">\n<tr class=\"row-2\">\n\t<td class=\"column-1\"><\/td><td class=\"column-2\">Series VI, 1<\/td><td class=\"column-3\">Works for Piano 2 hands I<\/td><td class=\"column-4\"><\/td><td class=\"column-5\">Score<\/td><td class=\"column-6\">in preparation<\/td>\n<\/tr>\n<tr class=\"row-3\">\n\t<td class=\"column-1\">BA09468-01<\/td><td class=\"column-2\">Series VI, 2<\/td><td class=\"column-3\"><a title=\"Opens product information in the B\u00e4renreiter webshop in the same tab\" href=\"https:\/\/www.baerenreiter.com\/moreinfo\/BA09468-01\">Works for Piano 2 hands II<\/a><\/td><td class=\"column-4\">Grabowski, Christophe<\/td><td class=\"column-5\">Score<\/td><td class=\"column-6\">2012 <\/td>\n<\/tr>\n<tr class=\"row-4\">\n\t<td class=\"column-1\">BA09471-01<\/td><td class=\"column-2\">Series VI, 3<\/td><td class=\"column-3\"><a title=\"Opens product information in the B\u00e4renreiter webshop in the same tab\" href=\"https:\/\/www.baerenreiter.com\/moreinfo\/BA09471_01\/\">Works for Piano 2 hands III<\/a><\/td><td class=\"column-4\"><div class=\"col-md-8\">Bartoli, Jean-Pierre<\/div><\/td><td class=\"column-5\">Score<\/td><td class=\"column-6\">2020 <\/td>\n<\/tr>\n<tr class=\"row-5\">\n\t<td class=\"column-1\"><\/td><td class=\"column-2\">Series VI, 4<\/td><td class=\"column-3\">Works for Piano 4 hands and for 2 Pianos<\/td><td class=\"column-4\"><\/td><td class=\"column-5\">Score<\/td><td class=\"column-6\">in preparation<\/td>\n<\/tr>\n<\/tbody>\n<\/table>\n\n\r\n\t\t<\/div>\r\n\t<\/div><\/li><li><div class=\"grve-title-wrapper grve-tab-link grve-align-default grve-icon-position-right\" data-rel=\"#1755254418980-201a13f0-2424\"><div class=\"grve-accordion-arrow grve-svg-heading-color grve-accordion-plus\">\t\t\t\t<svg width=\"24px\" height=\"24px\" viewBox=\"0 0 24 24\" stroke-width=\"0\">\r\n\t\t\t\t\t<path d=\"M12,5 C12.5128358,5 12.9355072,5.38604019 12.9932723,5.88337887 L13,6 L13,11 L18,11 C18.5522847,11 19,11.4477153 19,12 C19,12.5128358 18.6139598,12.9355072 18.1166211,12.9932723 L18,13 L13,13 L13,18 C13,18.5522847 12.5522847,19 12,19 C11.4871642,19 11.0644928,18.6139598 11.0067277,18.1166211 L11,18 L11,13 L6,13 C5.44771525,13 5,12.5522847 5,12 C5,11.4871642 5.38604019,11.0644928 5.88337887,11.0067277 L6,11 L11,11 L11,6 C11,5.44771525 11.4477153,5 12,5 Z\"><\/path>\r\n\t\t\t\t<\/svg>\r\n\t\t\t<\/div><h3 class=\"grve-title grve-h6\">Series VII: Supplement<\/h3><\/div><div class=\"grve-accordion-content \" id=\"1755254418980-201a13f0-2424\"><div class=\"grve-element grve-text\">\r\n\t\t\t\n<table id=\"tablepress-Faure-Series-7-no-3\" class=\"tablepress tablepress-id-Faure-Series-7\">\n<thead>\n<tr class=\"row-1\">\n\t<th class=\"column-1\">Ref. No.<\/th><th class=\"column-2\">Volume<\/th><th class=\"column-3\">Title<\/th><th class=\"column-4\">Editor<\/th><th class=\"column-5\">Year of publication<\/th>\n<\/tr>\n<\/thead>\n<tbody class=\"row-striping row-hover\">\n<tr class=\"row-2\">\n\t<td class=\"column-1\">BVK02229<\/td><td class=\"column-2\">Series VII, 1<\/td><td class=\"column-3\"><a title=\"Opens product information in the B\u00e4renreiter webshop in the same tab\" href=\"https:\/\/www.baerenreiter.com\/moreinfo\/BVK02229\/\">Catalogue of Works<\/a> (French)<\/td><td class=\"column-4\">Nectoux, Jean-Michel<\/td><td class=\"column-5\">2018<\/td>\n<\/tr>\n<tr class=\"row-3\">\n\t<td class=\"column-1\">BVK02610<\/td><td class=\"column-2\">Series VII, 2<\/td><td class=\"column-3\"><a title=\"Opens product information in the B\u00e4renreiter webshop in the same tab\" href=\"https:\/\/www.baerenreiter.com\/moreinfo\/BVK02610\/\">Iconography<\/a (French)<\/td><td class=\"column-4\">Nectoux, Jean-Michel<\/td><td class=\"column-5\">2025<\/td>\n<\/tr>\n<\/tbody>\n<\/table>\n\n\r\n\t\t<\/div>\r\n\t<\/div><\/li><\/ul><\/div><\/div><\/div><\/div><\/div><\/div><\/div><div class=\"grve-section grve-row-section grve-fullwidth-background grve-padding-top-1x grve-padding-bottom-1x grve-with-bg-transparent\" data-header-color=\"default\"><div class=\"grve-container\"><div class=\"grve-row grve-bookmark grve-columns-gap-default grve-mobile-vertical-gap-30\"><div class=\"grve-column wpb_column grve-bookmark grve-column-1  grve-with-bg-transparent\"><div class=\"grve-column-wrapper\"><div class=\"grve-column-content\" ><div class=\"grve-inner-section grve-percentage-height grve-with-bg-color\" data-height-ratio=\"50\"  style=\"background-color:#e8ede8;\"><div class=\"grve-row-inner grve-bookmark grve-columns-gap-default grve-mobile-vertical-gap-30 grve-percentage-content\"><div class=\"grve-column-inner wpb_column grve-column-1-2 grve-wpb-1741872481646 grve-vertical-position-middle grve-with-bg-transparent\"><div class=\"grve-column-wrapper-inner\"><div class=\"grve-column-inner-content\" ><h3 class=\"grve-element grve-title grve-align-inherit grve-h4\"><span>Subscription Guidelines<\/span><\/h3><div class=\"grve-element grve-text\">\r\n\t\t\t<p style=\"text-align: left;\">The following purchasing options are available for this edition:<\/p>\n<p style=\"text-align: left;\">Purchase of individual volumes at retail sales prices<br \/>\nFull subscription (a price advantage of approx. 20 %)<\/p>\n<p style=\"text-align: left;\">For further information, please contact <a href=\"mailto:service@baerenreiter.com\">customer service<\/a>.<\/p>\n\r\n\t\t<\/div>\r\n\t<div class=\"grve-empty-space grve-height-1x\"><\/div><div class=\"grve-element grve-align-right\"><a href=\"https:\/\/www.baerenreiter.com\/search\/*\/1225?nav=0-10-7\" class=\"grve-btn grve-square grve-bg-primary-2 grve-border-primary-2 grve-bg-hover-black grve-border-hover-black grve-text-white grve-text-hover-white grve-btn-medium\">\r\n\t\t<span>Editions<\/span>\r\n\t\t\t\t\t\t\t<\/a><\/div><\/div><\/div><\/div><div class=\"grve-column-inner wpb_column grve-column-1-2 grve-wpb-1741872476123 grve-column-fullheight grve-vertical-position-middle grve-with-bg-image grve-align-center grve-empty-column\"><div class=\"grve-column-wrapper-inner\"><div class=\"grve-column-inner-content\" ><\/div><div class=\"grve-background-wrapper\">  <div class=\"grve-bg-image grve-bg-center-center grve-bg-image-id-13496 lazyload\"  data-bgset=\"https:\/\/emag.baerenreiter.com\/wp-content\/uploads\/2024\/10\/Gesamtausgabenbaende.webp 1600w, https:\/\/emag.baerenreiter.com\/wp-content\/uploads\/2024\/10\/Gesamtausgabenbaende-277x300.webp 277w, https:\/\/emag.baerenreiter.com\/wp-content\/uploads\/2024\/10\/Gesamtausgabenbaende-946x1024.webp 946w, https:\/\/emag.baerenreiter.com\/wp-content\/uploads\/2024\/10\/Gesamtausgabenbaende-768x831.webp 768w, https:\/\/emag.baerenreiter.com\/wp-content\/uploads\/2024\/10\/Gesamtausgabenbaende-1419x1536.webp 1419w, https:\/\/emag.baerenreiter.com\/wp-content\/uploads\/2024\/10\/Gesamtausgabenbaende-500x541.webp 500w, https:\/\/emag.baerenreiter.com\/wp-content\/uploads\/2024\/10\/Gesamtausgabenbaende-800x866.webp 800w, https:\/\/emag.baerenreiter.com\/wp-content\/uploads\/2024\/10\/Gesamtausgabenbaende-1280x1386.webp 1280w\" data-sizes=\"auto\"><\/div><\/div><\/div><\/div><\/div><\/div><\/div><\/div><\/div><\/div><\/div><\/div><div class=\"grve-section grve-row-section grve-fullwidth-background grve-padding-top-1x grve-padding-bottom-1x grve-with-bg-transparent\" data-header-color=\"default\"><div class=\"grve-container\"><div class=\"grve-row grve-bookmark grve-columns-gap-default grve-mobile-vertical-gap-30\"><div class=\"grve-column wpb_column grve-bookmark grve-column-1-3  grve-with-bg-transparent grve-empty-column\"><div class=\"grve-column-wrapper\"><div class=\"grve-column-content\" ><\/div><\/div><\/div><div class=\"grve-column wpb_column grve-bookmark grve-column-1-3  grve-with-bg-transparent\"><div class=\"grve-column-wrapper\"><div class=\"grve-column-content\" ><div class=\"grve-empty-space grve-height-2x\"><\/div><\/div><\/div><\/div><div class=\"grve-column wpb_column grve-bookmark grve-column-1-3  grve-with-bg-transparent grve-empty-column\"><div class=\"grve-column-wrapper\"><div class=\"grve-column-content\" ><\/div><\/div><\/div><\/div><\/div><\/div><div class=\"grve-section grve-row-section grve-fullwidth-background grve-padding-top-1x grve-padding-bottom-1x grve-with-bg-transparent\" data-header-color=\"default\"><div class=\"grve-container\"><div class=\"grve-row grve-bookmark grve-columns-gap-default grve-mobile-vertical-gap-30\"><div class=\"grve-column wpb_column grve-bookmark grve-column-1  grve-with-bg-transparent\"><div class=\"grve-column-wrapper\"><div class=\"grve-column-content\" ><div class=\"grve-element grve-carousel\">\r\n\t<div class=\"grve-carousel-wrapper\">\r\n\t\t\t<div class=\"grve-carousel-navigation grve-navigation-arrow-1\">\r\n\t\t<div class=\"grve-carousel-buttons\">\r\n\t\t\t<div class=\"grve-carousel-prev\"><div class=\"grve-svg-icon grve-direction-left grve-arrow-1 grve-svg-black grve-with-shape grve-circle grve-bg-white\">\t\t\t<svg width=\"12px\" height=\"12px\" viewBox=\"0 0 12 12\">\r\n\t\t\t\t<polygon points=\"3.6 0 10 6 3.6 12 2 10.5 6.8 6 2 1.5\"><\/polygon>\r\n\t\t\t<\/svg>\r\n\t\t\t<\/div><\/div>\r\n\t\t\t<div class=\"grve-carousel-next\"><div class=\"grve-svg-icon grve-direction-right grve-arrow-1 grve-svg-black grve-with-shape grve-circle grve-bg-white\">\t\t\t<svg width=\"12px\" height=\"12px\" viewBox=\"0 0 12 12\">\r\n\t\t\t\t<polygon points=\"3.6 0 10 6 3.6 12 2 10.5 6.8 6 2 1.5\"><\/polygon>\r\n\t\t\t<\/svg>\r\n\t\t\t<\/div><\/div>\r\n\t\t<\/div>\r\n\t<\/div>\r\n\t\t<div data-items=\"3\" data-items-tablet-landscape=\"2\" data-items-tablet-portrait=\"2\" data-items-mobile=\"1\" data-slider-autoplay=\"no\" data-pagination=\"yes\" data-slider-loop=\"yes\" data-slider-speed=\"3000\" data-slider-pause=\"no\" data-pagination-speed=\"400\" data-gutter-size=\"40\" class=\"grve-carousel-element grve-blog-carousel grve-blog-columns grve-with-gap grve-classic-carousel\">\r\n\t\t\t<article class=\"grve-carousel-item post-18545 post type-post status-publish format-standard has-post-thumbnail hentry category-complete-edition category-news-en grve-entry-item grve-blog-item\" itemscope itemType=\"http:\/\/schema.org\/BlogPosting\">\r\n\t\t\t\t<div class=\"grve-post-item grve-style-1 grve-format-standard\">\r\n\t<div class=\"grve-post-item-inner\">\r\n\t\t<div class=\"grve-post-top\">\r\n\t\t\t\t\t\t<div class=\"grve-post-media grve-radius-none grve-shadow-none\">\r\n\t\t\t\t\t\t\t<a class=\"grve-item-url\" href=\"https:\/\/emag.baerenreiter.com\/en\/complete-edition\/milestone-reached-in-halle\/\" rel=\"bookmark\"><span class=\"screen-reader-text\">Milestone Reached in Halle<\/span><\/a>\r\n\t\t\t\t<div class=\"grve-thumbnail-wrapper\"><div class=\"grve-thumbnail\"  style=\"padding-top: 75%;\"><img loading=\"lazy\" decoding=\"async\" width=\"560\" height=\"420\" src=\"https:\/\/emag.baerenreiter.com\/wp-content\/uploads\/2026\/01\/260129-HHA-Artikelbild-560x420.webp\" class=\"attachment-impeka-grve-small-rect-horizontal size-impeka-grve-small-rect-horizontal wp-post-image\" alt=\"\" data-column-space=\"100\" data-lazyload=\"\" data-grve-filter=\"yes\" srcset=\"https:\/\/emag.baerenreiter.com\/wp-content\/uploads\/2026\/01\/260129-HHA-Artikelbild-560x420.webp 560w, https:\/\/emag.baerenreiter.com\/wp-content\/uploads\/2026\/01\/260129-HHA-Artikelbild-900x675.webp 900w\" sizes=\"auto, (max-width: 560px) 100vw, 560px\" loading=\"lazy\" \/><\/div><\/div>\t\t\t<\/div>\r\n\t\t\t\t\t\t\t\t\t<div class=\"grve-post-category grve-small-text\"><a href=\"https:\/\/emag.baerenreiter.com\/en\/blog\/complete-edition\/\" rel=\"category tag\">Complete Editions<\/a> <a href=\"https:\/\/emag.baerenreiter.com\/en\/blog\/news-en\/\" rel=\"category tag\">News<\/a><\/div>\r\n\t\t\t\t\t\t<div class=\"grve-post-content\">\r\n\t\t\t\t\t\t\t\t<a href=\"https:\/\/emag.baerenreiter.com\/en\/complete-edition\/milestone-reached-in-halle\/\" rel=\"bookmark\"><h3 class=\"grve-post-title grve-h5\" itemprop=\"headline\"><span>Milestone Reached in Halle<\/span><\/h3><\/a>\t\t\t\t<div class=\"grve-post-exerpt\" itemprop=\"articleBody\">\r\n\t\t\t\t\t<p>The 100th Volume of the Halle Handel Edition Has Been Published\n<\/p>\t\t\t\t<\/div>\r\n\t\t\t<\/div>\r\n\t\t<\/div>\r\n\t\t\t<\/div>\r\n\t\t\t<span class=\"grve-hidden\">\r\n\t\t\t<span class=\"grve-structured-data\" itemprop=\"image\" itemscope itemtype=\"http:\/\/schema.org\/ImageObject\">\r\n\t\t\t   <span itemprop='url' >https:\/\/emag.baerenreiter.com\/wp-content\/uploads\/2026\/01\/260129-HHA-Artikelbild.webp<\/span>\r\n\t\t\t   <span itemprop='height' >1190<\/span>\r\n\t\t\t   <span itemprop='width' >1190<\/span>\r\n\t\t\t<\/span>\r\n\t\t\t\t\t\t<span class=\"grve-structured-data\" itemprop=\"author\" itemscope itemtype=\"http:\/\/schema.org\/Person\">\r\n\t\t\t\t<span itemprop=\"name\">B\u00e4renreiter Verlag<\/span>\r\n\t\t\t<\/span>\r\n\t\t\t<span class=\"grve-structured-data\" itemprop=\"publisher\" itemscope itemtype=\"http:\/\/schema.org\/Organization\">\r\n\t\t\t\t<span itemprop='name'>B\u00e4renreiter Verlag<\/span>\r\n\t\t\t\t<span itemprop='logo' itemscope itemtype='http:\/\/schema.org\/ImageObject'>\r\n\t\t\t\t\t<span itemprop='url'>https:\/\/emag.baerenreiter.com\/wp-content\/uploads\/2026\/01\/260129-HHA-Artikelbild.webp<\/span>\r\n\t\t\t\t<\/span>\r\n\t\t\t<\/span>\r\n\t\t\t\t\t\t<time class=\"grve-structured-data\" itemprop=\"datePublished\" datetime=\"2026-01-29T14:33:29+01:00\">29. January 2026<\/time>\r\n\t\t\t<time class=\"grve-structured-data\" itemprop=\"dateModified\"  datetime=\"2026-01-29T14:37:26+01:00\">29. January 2026<\/time>\r\n\t\t\t<span class=\"grve-structured-data\" itemprop=\"mainEntityOfPage\" itemscope itemtype=\"http:\/\/schema.org\/WebPage\" itemid=\"https:\/\/emag.baerenreiter.com\/en\/complete-edition\/milestone-reached-in-halle\/\"><\/span>\r\n\t\t<\/span>\r\n\t<\/div>\r\n\t\t\t<\/article>\r\n\t\t\t<article class=\"grve-carousel-item post-13886 post type-post status-publish format-standard has-post-thumbnail hentry category-complete-edition grve-entry-item grve-blog-item\" itemscope itemType=\"http:\/\/schema.org\/BlogPosting\">\r\n\t\t\t\t<div class=\"grve-post-item grve-style-1 grve-format-standard\">\r\n\t<div class=\"grve-post-item-inner\">\r\n\t\t<div class=\"grve-post-top\">\r\n\t\t\t\t\t\t<div class=\"grve-post-media grve-radius-none grve-shadow-none\">\r\n\t\t\t\t\t\t\t<a class=\"grve-item-url\" href=\"https:\/\/emag.baerenreiter.com\/en\/complete-edition\/most-agreeable-a-peasants-son-is-the-hero-in-handels-giustino\/\" rel=\"bookmark\"><span class=\"screen-reader-text\">\u201cMost agreeable\u201d. A peasant\u2019s son is the hero in Handel\u2019s \u201cGiustino\u201d<\/span><\/a>\r\n\t\t\t\t<div class=\"grve-thumbnail-wrapper\"><div class=\"grve-thumbnail\"  style=\"padding-top: 87.318%;\"><img loading=\"lazy\" decoding=\"async\" width=\"481\" height=\"420\" src=\"https:\/\/emag.baerenreiter.com\/wp-content\/uploads\/2024\/12\/eMagazin-Thumbnail_Haendels-Giustino-on-Stage_On-Stage_2025-481x420.webp\" class=\"attachment-impeka-grve-small-rect-horizontal size-impeka-grve-small-rect-horizontal wp-post-image\" alt=\"Painting of a man in Baroque attire with a gray wig. He is shown in profile, holding a sheet of music in his right hand and looking to the left. The background is dark, and his clothing is richly decorated.\" data-column-space=\"100\" data-lazyload=\"\" data-grve-filter=\"yes\" loading=\"lazy\" \/><\/div><\/div>\t\t\t<\/div>\r\n\t\t\t\t\t\t\t\t\t<div class=\"grve-post-category grve-small-text\"><a href=\"https:\/\/emag.baerenreiter.com\/en\/blog\/complete-edition\/\" rel=\"category tag\">Complete Editions<\/a><\/div>\r\n\t\t\t\t\t\t<div class=\"grve-post-content\">\r\n\t\t\t\t\t\t\t\t<a href=\"https:\/\/emag.baerenreiter.com\/en\/complete-edition\/most-agreeable-a-peasants-son-is-the-hero-in-handels-giustino\/\" rel=\"bookmark\"><h3 class=\"grve-post-title grve-h5\" itemprop=\"headline\"><span>\u201cMost agreeable\u201d. A peasant\u2019s son is the hero in Handel\u2019s \u201cGiustino\u201d<\/span><\/h3><\/a>\t\t\t\t<div class=\"grve-post-exerpt\" itemprop=\"articleBody\">\r\n\t\t\t\t\t<p>A strong plot, and fabulously imaginative music: but until now Handel\u2019s \u201cGiustino\u201d has not been one of his most frequently-performed operas. With the new edition this could all change.\n<\/p>\t\t\t\t<\/div>\r\n\t\t\t<\/div>\r\n\t\t<\/div>\r\n\t\t\t<\/div>\r\n\t\t\t<span class=\"grve-hidden\">\r\n\t\t\t<span class=\"grve-structured-data\" itemprop=\"image\" itemscope itemtype=\"http:\/\/schema.org\/ImageObject\">\r\n\t\t\t   <span itemprop='url' >https:\/\/emag.baerenreiter.com\/wp-content\/uploads\/2024\/12\/eMagazin-Thumbnail_Haendels-Giustino-on-Stage_On-Stage_2025.webp<\/span>\r\n\t\t\t   <span itemprop='height' >481<\/span>\r\n\t\t\t   <span itemprop='width' >481<\/span>\r\n\t\t\t<\/span>\r\n\t\t\t\t\t\t<span class=\"grve-structured-data\" itemprop=\"author\" itemscope itemtype=\"http:\/\/schema.org\/Person\">\r\n\t\t\t\t<span itemprop=\"name\">B\u00e4renreiter Verlag<\/span>\r\n\t\t\t<\/span>\r\n\t\t\t<span class=\"grve-structured-data\" itemprop=\"publisher\" itemscope itemtype=\"http:\/\/schema.org\/Organization\">\r\n\t\t\t\t<span itemprop='name'>B\u00e4renreiter Verlag<\/span>\r\n\t\t\t\t<span itemprop='logo' itemscope itemtype='http:\/\/schema.org\/ImageObject'>\r\n\t\t\t\t\t<span itemprop='url'>https:\/\/emag.baerenreiter.com\/wp-content\/uploads\/2024\/12\/eMagazin-Thumbnail_Haendels-Giustino-on-Stage_On-Stage_2025.webp<\/span>\r\n\t\t\t\t<\/span>\r\n\t\t\t<\/span>\r\n\t\t\t\t\t\t<time class=\"grve-structured-data\" itemprop=\"datePublished\" datetime=\"2024-12-16T09:11:33+01:00\">16. December 2024<\/time>\r\n\t\t\t<time class=\"grve-structured-data\" itemprop=\"dateModified\"  datetime=\"2025-02-17T13:24:02+01:00\">17. February 2025<\/time>\r\n\t\t\t<span class=\"grve-structured-data\" itemprop=\"mainEntityOfPage\" itemscope itemtype=\"http:\/\/schema.org\/WebPage\" itemid=\"https:\/\/emag.baerenreiter.com\/en\/complete-edition\/most-agreeable-a-peasants-son-is-the-hero-in-handels-giustino\/\"><\/span>\r\n\t\t<\/span>\r\n\t<\/div>\r\n\t\t\t<\/article>\r\n\t\t\t<article class=\"grve-carousel-item post-13889 post type-post status-publish format-standard has-post-thumbnail hentry category-complete-edition grve-entry-item grve-blog-item\" itemscope itemType=\"http:\/\/schema.org\/BlogPosting\">\r\n\t\t\t\t<div class=\"grve-post-item grve-style-1 grve-format-standard\">\r\n\t<div class=\"grve-post-item-inner\">\r\n\t\t<div class=\"grve-post-top\">\r\n\t\t\t\t\t\t<div class=\"grve-post-media grve-radius-none grve-shadow-none\">\r\n\t\t\t\t\t\t\t<a class=\"grve-item-url\" href=\"https:\/\/emag.baerenreiter.com\/en\/complete-edition\/dramatically-effective-franz-schuberts-works-for-music-theatre\/\" rel=\"bookmark\"><span class=\"screen-reader-text\">Dramatically effective. Franz Schubert\u2019s works for music theatre<\/span><\/a>\r\n\t\t\t\t<div class=\"grve-thumbnail-wrapper\"><div class=\"grve-thumbnail\"  style=\"padding-top: 75%;\"><img loading=\"lazy\" decoding=\"async\" width=\"560\" height=\"420\" src=\"https:\/\/emag.baerenreiter.com\/wp-content\/uploads\/2025\/01\/eMagazin-Beitrag_Schuberts-Werke-fuer-Musiktheater_On-Stage_Dezember-2024-560x420.webp\" class=\"attachment-impeka-grve-small-rect-horizontal size-impeka-grve-small-rect-horizontal wp-post-image\" alt=\"Scene from an opera performance with a medieval theme. A man dressed as a king in armor sits on a throne. A woman in an elaborately decorated white gown reaches out to him. In the background, several female singers wear similar white costumes, all set against a backdrop of black-and-white illustrated stone columns.\" data-column-space=\"100\" data-lazyload=\"\" data-grve-filter=\"yes\" srcset=\"https:\/\/emag.baerenreiter.com\/wp-content\/uploads\/2025\/01\/eMagazin-Beitrag_Schuberts-Werke-fuer-Musiktheater_On-Stage_Dezember-2024-560x420.webp 560w, https:\/\/emag.baerenreiter.com\/wp-content\/uploads\/2025\/01\/eMagazin-Beitrag_Schuberts-Werke-fuer-Musiktheater_On-Stage_Dezember-2024-900x675.webp 900w\" sizes=\"auto, (max-width: 560px) 100vw, 560px\" loading=\"lazy\" \/><\/div><\/div>\t\t\t<\/div>\r\n\t\t\t\t\t\t\t\t\t<div class=\"grve-post-category grve-small-text\"><a href=\"https:\/\/emag.baerenreiter.com\/en\/blog\/complete-edition\/\" rel=\"category tag\">Complete Editions<\/a><\/div>\r\n\t\t\t\t\t\t<div class=\"grve-post-content\">\r\n\t\t\t\t\t\t\t\t<a href=\"https:\/\/emag.baerenreiter.com\/en\/complete-edition\/dramatically-effective-franz-schuberts-works-for-music-theatre\/\" rel=\"bookmark\"><h3 class=\"grve-post-title grve-h5\" itemprop=\"headline\"><span>Dramatically effective. Franz Schubert\u2019s works for music theatre<\/span><\/h3><\/a>\t\t\t\t<div class=\"grve-post-exerpt\" itemprop=\"articleBody\">\r\n\t\t\t\t\t<p>Franz Schubert\u2019s stage works have never become firmly established in the repertoire. And yet they contain interesting examples of Romantic opera aesthetics. And with the 2028 Schubert anniversary year in mind, they offer a variety of opportunities for productions.\n<\/p>\t\t\t\t<\/div>\r\n\t\t\t<\/div>\r\n\t\t<\/div>\r\n\t\t\t<\/div>\r\n\t\t\t<span class=\"grve-hidden\">\r\n\t\t\t<span class=\"grve-structured-data\" itemprop=\"image\" itemscope itemtype=\"http:\/\/schema.org\/ImageObject\">\r\n\t\t\t   <span itemprop='url' >https:\/\/emag.baerenreiter.com\/wp-content\/uploads\/2025\/01\/eMagazin-Beitrag_Schuberts-Werke-fuer-Musiktheater_On-Stage_Dezember-2024.webp<\/span>\r\n\t\t\t   <span itemprop='height' >2126<\/span>\r\n\t\t\t   <span itemprop='width' >2142<\/span>\r\n\t\t\t<\/span>\r\n\t\t\t\t\t\t<span class=\"grve-structured-data\" itemprop=\"author\" itemscope itemtype=\"http:\/\/schema.org\/Person\">\r\n\t\t\t\t<span itemprop=\"name\">B\u00e4renreiter Verlag<\/span>\r\n\t\t\t<\/span>\r\n\t\t\t<span class=\"grve-structured-data\" itemprop=\"publisher\" itemscope itemtype=\"http:\/\/schema.org\/Organization\">\r\n\t\t\t\t<span itemprop='name'>B\u00e4renreiter Verlag<\/span>\r\n\t\t\t\t<span itemprop='logo' itemscope itemtype='http:\/\/schema.org\/ImageObject'>\r\n\t\t\t\t\t<span itemprop='url'>https:\/\/emag.baerenreiter.com\/wp-content\/uploads\/2025\/01\/eMagazin-Beitrag_Schuberts-Werke-fuer-Musiktheater_On-Stage_Dezember-2024.webp<\/span>\r\n\t\t\t\t<\/span>\r\n\t\t\t<\/span>\r\n\t\t\t\t\t\t<time class=\"grve-structured-data\" itemprop=\"datePublished\" datetime=\"2024-12-16T09:07:11+01:00\">16. December 2024<\/time>\r\n\t\t\t<time class=\"grve-structured-data\" itemprop=\"dateModified\"  datetime=\"2025-02-17T13:51:09+01:00\">17. February 2025<\/time>\r\n\t\t\t<span class=\"grve-structured-data\" itemprop=\"mainEntityOfPage\" itemscope itemtype=\"http:\/\/schema.org\/WebPage\" itemid=\"https:\/\/emag.baerenreiter.com\/en\/complete-edition\/dramatically-effective-franz-schuberts-works-for-music-theatre\/\"><\/span>\r\n\t\t<\/span>\r\n\t<\/div>\r\n\t\t\t<\/article>\r\n\t\t<\/div>\r\n\t<\/div>\r\n<\/div>\r\n<\/div><\/div><\/div><\/div><\/div><\/div>\n"},"author":5,"featured_media":0,"parent":0,"menu_order":0,"comment_status":"closed","ping_status":"closed","template":"","meta":{"_acf_changed":false,"_vp_format_video_url":"","_vp_image_focal_point":[],"_vp_custom_popup_image":0,"_vp_format_audio_url":"","_vp_album_images":[],"_vp_custom_thumbnail":0,"_vp_custom_thumbnail_focal_point":[],"_vp_custom_thumbnail_cover":0,"_vp_hover_thumbnail":0,"_vp_hover_thumbnail_focal_point":[],"footnotes":""},"class_list":["post-13386","page","type-page","status-publish","hentry","grve-entry-item"],"acf":[],"wpml_current_locale":"en_US","wpml_translations":{"de_DE":{"locale":"de_DE","id":9024,"slug":"faure-gabriel","post_title":"Faur\u00e9, Gabriel","href":"https:\/\/emag.baerenreiter.com\/faure-gabriel\/"}},"_links":{"self":[{"href":"https:\/\/emag.baerenreiter.com\/en\/wp-json\/wp\/v2\/pages\/13386","targetHints":{"allow":["GET"]}}],"collection":[{"href":"https:\/\/emag.baerenreiter.com\/en\/wp-json\/wp\/v2\/pages"}],"about":[{"href":"https:\/\/emag.baerenreiter.com\/en\/wp-json\/wp\/v2\/types\/page"}],"author":[{"embeddable":true,"href":"https:\/\/emag.baerenreiter.com\/en\/wp-json\/wp\/v2\/users\/5"}],"replies":[{"embeddable":true,"href":"https:\/\/emag.baerenreiter.com\/en\/wp-json\/wp\/v2\/comments?post=13386"}],"version-history":[{"count":19,"href":"https:\/\/emag.baerenreiter.com\/en\/wp-json\/wp\/v2\/pages\/13386\/revisions"}],"predecessor-version":[{"id":17691,"href":"https:\/\/emag.baerenreiter.com\/en\/wp-json\/wp\/v2\/pages\/13386\/revisions\/17691"}],"wp:attachment":[{"href":"https:\/\/emag.baerenreiter.com\/en\/wp-json\/wp\/v2\/media?parent=13386"}],"curies":[{"name":"wp","href":"https:\/\/api.w.org\/{rel}","templated":true}]}}