{"id":12865,"date":"2024-07-24T07:37:08","date_gmt":"2024-07-24T05:37:08","guid":{"rendered":"https:\/\/emag.baerenreiter.com\/press\/"},"modified":"2025-01-31T09:54:46","modified_gmt":"2025-01-31T08:54:46","slug":"press","status":"publish","type":"page","link":"https:\/\/emag.baerenreiter.com\/en\/press\/","title":{"rendered":"Press"},"content":{"rendered":"<div class=\"grve-section grve-row-section grve-fullwidth-background grve-padding-top-1x grve-padding-bottom-1x grve-with-bg-transparent\" data-header-color=\"default\"><div class=\"grve-container\"><div class=\"grve-row grve-bookmark grve-columns-gap-default grve-mobile-vertical-gap-30\"><div class=\"grve-column wpb_column grve-bookmark grve-column-1  grve-with-bg-transparent\"><div class=\"grve-column-wrapper\"><div class=\"grve-column-content\" ><h2 class=\"grve-element grve-title grve-align-center grve-h3\"><span>Press<\/span><\/h2><div class=\"grve-element grve-divider brv-custom-divider\"><div class=\"grve-line-divider grve-border\"><\/div><\/div><\/div><\/div><\/div><div class=\"grve-column wpb_column grve-bookmark grve-column-1-4  grve-with-bg-transparent grve-empty-column\"><div class=\"grve-column-wrapper\"><div class=\"grve-column-content\" ><\/div><\/div><\/div><div class=\"grve-column wpb_column grve-bookmark grve-column-1-2  grve-with-bg-transparent\"><div class=\"grve-column-wrapper\"><div class=\"grve-column-content\" ><div class=\"grve-element grve-text\">\r\n\t\t\t<p>Welcome to the Public Relations area. Under the respective product in our webshop you have the possibility to access current press reviews and to download high-resolution cover scans. In the category \u201cNew Publications\u201d you will find our most recent titles.<\/p>\n<p>Please feel free to contact us via e-mail for review copies. We ask freelance journalists to inform us in which journals the title(s) will be reviewed.<\/p>\n<p>Would you like to get in touch with our authors or composers? Would you like to conduct an interview? Are you looking for background information on a current or older publication? Would you like to receive a portrait photo? Please do not hesitate to contact us by phone or e-mail.<\/p>\n<p>We look forward to working with you<\/p>\n<p>Best regards<\/p>\n<p>Johannes Mundry and Kerstin Bastian<\/p>\n\r\n\t\t<\/div>\r\n\t<\/div><\/div><\/div><div class=\"grve-column wpb_column grve-bookmark grve-column-1-4  grve-with-bg-transparent grve-empty-column\"><div class=\"grve-column-wrapper\"><div class=\"grve-column-content\" ><\/div><\/div><\/div><\/div><\/div><\/div><div class=\"grve-section grve-row-section grve-fullwidth-background grve-padding-top-1x grve-padding-bottom-1x grve-with-bg-transparent\" data-header-color=\"default\"><div class=\"grve-container\"><div class=\"grve-row grve-bookmark grve-columns-gap-default grve-mobile-vertical-gap-30\"><div class=\"grve-column wpb_column grve-bookmark grve-column-1-4  grve-with-bg-transparent grve-empty-column\"><div class=\"grve-column-wrapper\"><div class=\"grve-column-content\" ><\/div><\/div><\/div><div class=\"grve-column wpb_column grve-bookmark grve-column-1-6  grve-with-bg-transparent\"><div class=\"grve-column-wrapper\"><div class=\"grve-column-content\" ><div class=\"grve-element grve-image grve-align-left\">\r\n\t<div class=\"grve-image-item\">\r\n\t\t\r\n\r\n<div class=\"grve-image-wrapper grve-no-effect\">\r\n\t\t<div class=\"grve-thumbnail-wrapper\"  style=\"width: 200px;\"><div class=\"grve-thumbnail\"  style=\"padding-top: 150%;\"><img loading=\"lazy\" decoding=\"async\" width=\"200\" height=\"300\" src=\"https:\/\/emag.baerenreiter.com\/wp-content\/uploads\/2024\/07\/Johannes_Mundry_200px_2022.webp\" class=\"attachment-full size-full\" alt=\"Ein Mann mit kurz geschnittenem dunklem Haar, Brille und blauem Hemd blickt mit leicht geneigtem Kopf in die Kamera. Im Hintergrund ist ein B\u00fccherregal mit farblich sortierten Buchr\u00fccken zu sehen.\" srcset=\"https:\/\/emag.baerenreiter.com\/wp-content\/uploads\/2024\/07\/Johannes_Mundry_200px_2022.webp 1x,https:\/\/emag.baerenreiter.com\/wp-content\/uploads\/2024\/07\/Johannes_Mundry_200px_2022.webp 2x\" data-column-space=\"auto\" data-lazyload=\"\" data-grve-filter=\"yes\" loading=\"lazy\" \/><\/div><\/div>\t<\/div>\r\n\t<\/div>\r\n<\/div>\r\n<\/div><\/div><\/div><div class=\"grve-column wpb_column grve-bookmark grve-column-1-3  grve-with-bg-transparent\"><div class=\"grve-column-wrapper\"><div class=\"grve-column-content\" ><div class=\"grve-element grve-text\">\r\n\t\t\t<div class=\"csc-textpicHeader csc-textpicHeader-60\">\n<p class=\"head-with-text-regular-3\"><strong>Johannes Mundry<\/strong><\/p>\n<\/div>\n<p class=\"text-small-13\">Public Relations \/ Journal Editor<\/p>\n<p class=\"text-small-13\"><span class=\"icon-telefon\">+49 561 3105-154<br \/>\n<\/span><a class=\"icon-mail\" title=\"\u00d6ffnet ein Fenster zum Versenden der E-Mail\" href=\"mailto:mundry@baerenreiter.com\">mundry@baerenreiter.com<\/a><\/p>\n\r\n\t\t<\/div>\r\n\t<\/div><\/div><\/div><div class=\"grve-column wpb_column grve-bookmark grve-column-1-4  grve-with-bg-transparent grve-empty-column\"><div class=\"grve-column-wrapper\"><div class=\"grve-column-content\" ><\/div><\/div><\/div><\/div><\/div><\/div><div class=\"grve-section grve-row-section grve-fullwidth-background grve-padding-top-1x grve-padding-bottom-1x grve-with-bg-transparent\" data-header-color=\"default\"><div class=\"grve-container\"><div class=\"grve-row grve-bookmark grve-columns-gap-default grve-mobile-vertical-gap-30\"><div class=\"grve-column wpb_column grve-bookmark grve-column-1-4  grve-with-bg-transparent grve-empty-column\"><div class=\"grve-column-wrapper\"><div class=\"grve-column-content\" ><\/div><\/div><\/div><div class=\"grve-column wpb_column grve-bookmark grve-column-1-6  grve-with-bg-transparent\"><div class=\"grve-column-wrapper\"><div class=\"grve-column-content\" ><div class=\"grve-element grve-image grve-align-left\">\r\n\t<div class=\"grve-image-item\">\r\n\t\t\r\n\r\n<div class=\"grve-image-wrapper grve-no-effect\">\r\n\t\t<div class=\"grve-thumbnail-wrapper\"  style=\"width: 200px;\"><div class=\"grve-thumbnail\"  style=\"padding-top: 150%;\"><img loading=\"lazy\" decoding=\"async\" width=\"200\" height=\"300\" src=\"https:\/\/emag.baerenreiter.com\/wp-content\/uploads\/2024\/07\/Kerstin_Bastian_200px_2022.webp\" class=\"attachment-full size-full\" alt=\"Eine Frau mit langen blonden Haaren, Brille und wei\u00dfer Kleidung blickt mit einem leichten L\u00e4cheln zur Kamera. Im Hintergrund befindet sich ein B\u00fccherregal mit farblich sortierten Buchr\u00fccken.\" srcset=\"https:\/\/emag.baerenreiter.com\/wp-content\/uploads\/2024\/07\/Kerstin_Bastian_200px_2022.webp 1x,https:\/\/emag.baerenreiter.com\/wp-content\/uploads\/2024\/07\/Kerstin_Bastian_200px_2022.webp 2x\" data-column-space=\"auto\" data-lazyload=\"\" data-grve-filter=\"yes\" loading=\"lazy\" \/><\/div><\/div>\t<\/div>\r\n\t<\/div>\r\n<\/div>\r\n<\/div><\/div><\/div><div class=\"grve-column wpb_column grve-bookmark grve-column-1-3  grve-with-bg-transparent\"><div class=\"grve-column-wrapper\"><div class=\"grve-column-content\" ><div class=\"grve-element grve-text\">\r\n\t\t\t<div class=\"csc-textpicHeader csc-textpicHeader-60\">\n<div class=\"csc-textpicHeader csc-textpicHeader-60\">\n<p class=\"head-with-text-regular-3\"><strong>Kerstin Bastian<\/strong><\/p>\n<\/div>\n<p class=\"text-small-13\">Advertising Sales \/ Press Relations<\/p>\n<p class=\"text-small-13\"><span class=\"icon-telefon\">+49 561 3105-186<\/span><br \/>\n<a class=\"icon-mail\" title=\"\u00d6ffnet ein Fenster zum Versenden der E-Mail\" href=\"mailto:bastian@baerenreiter.com\">bastian@baerenreiter.com<\/a><\/p>\n<\/div>\n\r\n\t\t<\/div>\r\n\t<\/div><\/div><\/div><div class=\"grve-column wpb_column grve-bookmark grve-column-1-4  grve-with-bg-transparent grve-empty-column\"><div class=\"grve-column-wrapper\"><div class=\"grve-column-content\" ><\/div><\/div><\/div><\/div><\/div><\/div>\n"},"excerpt":{"rendered":"<div class=\"grve-section grve-row-section grve-fullwidth-background grve-padding-top-1x grve-padding-bottom-1x grve-with-bg-transparent\" data-header-color=\"default\"><div class=\"grve-container\"><div class=\"grve-row grve-bookmark grve-columns-gap-default grve-mobile-vertical-gap-30\"><div class=\"grve-column wpb_column grve-bookmark grve-column-1  grve-with-bg-transparent\"><div class=\"grve-column-wrapper\"><div class=\"grve-column-content\" ><h2 class=\"grve-element grve-title grve-align-center grve-h3\"><span>Press<\/span><\/h2><div class=\"grve-element grve-divider brv-custom-divider\"><div class=\"grve-line-divider grve-border\"><\/div><\/div><\/div><\/div><\/div><div class=\"grve-column wpb_column grve-bookmark grve-column-1-4  grve-with-bg-transparent grve-empty-column\"><div class=\"grve-column-wrapper\"><div class=\"grve-column-content\" ><\/div><\/div><\/div><div class=\"grve-column wpb_column grve-bookmark grve-column-1-2  grve-with-bg-transparent\"><div class=\"grve-column-wrapper\"><div class=\"grve-column-content\" ><div class=\"grve-element grve-text\">\r\n\t\t\t<p>Welcome to the Public Relations area. Under the respective product in our webshop you have the possibility to access current press reviews and to download high-resolution cover scans. In the category \u201cNew Publications\u201d you will find our most recent titles.<\/p>\n<p>Please feel free to contact us via e-mail for review copies. We ask freelance journalists to inform us in which journals the title(s) will be reviewed.<\/p>\n<p>Would you like to get in touch with our authors or composers? Would you like to conduct an interview? Are you looking for background information on a current or older publication? Would you like to receive a portrait photo? Please do not hesitate to contact us by phone or e-mail.<\/p>\n<p>We look forward to working with you<\/p>\n<p>Best regards<\/p>\n<p>Johannes Mundry and Kerstin Bastian<\/p>\n\r\n\t\t<\/div>\r\n\t<\/div><\/div><\/div><div class=\"grve-column wpb_column grve-bookmark grve-column-1-4  grve-with-bg-transparent grve-empty-column\"><div class=\"grve-column-wrapper\"><div class=\"grve-column-content\" ><\/div><\/div><\/div><\/div><\/div><\/div><div class=\"grve-section grve-row-section grve-fullwidth-background grve-padding-top-1x grve-padding-bottom-1x grve-with-bg-transparent\" data-header-color=\"default\"><div class=\"grve-container\"><div class=\"grve-row grve-bookmark grve-columns-gap-default grve-mobile-vertical-gap-30\"><div class=\"grve-column wpb_column grve-bookmark grve-column-1-4  grve-with-bg-transparent grve-empty-column\"><div class=\"grve-column-wrapper\"><div class=\"grve-column-content\" ><\/div><\/div><\/div><div class=\"grve-column wpb_column grve-bookmark grve-column-1-6  grve-with-bg-transparent\"><div class=\"grve-column-wrapper\"><div class=\"grve-column-content\" ><div class=\"grve-element grve-image grve-align-left\">\r\n\t<div class=\"grve-image-item\">\r\n\t\t\r\n\r\n<div class=\"grve-image-wrapper grve-no-effect\">\r\n\t\t<div class=\"grve-thumbnail-wrapper\"  style=\"width: 200px;\"><div class=\"grve-thumbnail\"  style=\"padding-top: 150%;\"><img loading=\"lazy\" decoding=\"async\" width=\"200\" height=\"300\" src=\"https:\/\/emag.baerenreiter.com\/wp-content\/uploads\/2024\/07\/Johannes_Mundry_200px_2022.webp\" class=\"attachment-full size-full\" alt=\"Ein Mann mit kurz geschnittenem dunklem Haar, Brille und blauem Hemd blickt mit leicht geneigtem Kopf in die Kamera. Im Hintergrund ist ein B\u00fccherregal mit farblich sortierten Buchr\u00fccken zu sehen.\" srcset=\"https:\/\/emag.baerenreiter.com\/wp-content\/uploads\/2024\/07\/Johannes_Mundry_200px_2022.webp 1x,https:\/\/emag.baerenreiter.com\/wp-content\/uploads\/2024\/07\/Johannes_Mundry_200px_2022.webp 2x\" data-column-space=\"auto\" data-lazyload=\"\" data-grve-filter=\"yes\" loading=\"lazy\" \/><\/div><\/div>\t<\/div>\r\n\t<\/div>\r\n<\/div>\r\n<\/div><\/div><\/div><div class=\"grve-column wpb_column grve-bookmark grve-column-1-3  grve-with-bg-transparent\"><div class=\"grve-column-wrapper\"><div class=\"grve-column-content\" ><div class=\"grve-element grve-text\">\r\n\t\t\t<div class=\"csc-textpicHeader csc-textpicHeader-60\">\n<p class=\"head-with-text-regular-3\"><strong>Johannes Mundry<\/strong><\/p>\n<\/div>\n<p class=\"text-small-13\">Public Relations \/ Journal Editor<\/p>\n<p class=\"text-small-13\"><span class=\"icon-telefon\">+49 561 3105-154<br \/>\n<\/span><a class=\"icon-mail\" title=\"\u00d6ffnet ein Fenster zum Versenden der E-Mail\" href=\"mailto:mundry@baerenreiter.com\">mundry@baerenreiter.com<\/a><\/p>\n\r\n\t\t<\/div>\r\n\t<\/div><\/div><\/div><div class=\"grve-column wpb_column grve-bookmark grve-column-1-4  grve-with-bg-transparent grve-empty-column\"><div class=\"grve-column-wrapper\"><div class=\"grve-column-content\" ><\/div><\/div><\/div><\/div><\/div><\/div><div class=\"grve-section grve-row-section grve-fullwidth-background grve-padding-top-1x grve-padding-bottom-1x grve-with-bg-transparent\" data-header-color=\"default\"><div class=\"grve-container\"><div class=\"grve-row grve-bookmark grve-columns-gap-default grve-mobile-vertical-gap-30\"><div class=\"grve-column wpb_column grve-bookmark grve-column-1-4  grve-with-bg-transparent grve-empty-column\"><div class=\"grve-column-wrapper\"><div class=\"grve-column-content\" ><\/div><\/div><\/div><div class=\"grve-column wpb_column grve-bookmark grve-column-1-6  grve-with-bg-transparent\"><div class=\"grve-column-wrapper\"><div class=\"grve-column-content\" ><div class=\"grve-element grve-image grve-align-left\">\r\n\t<div class=\"grve-image-item\">\r\n\t\t\r\n\r\n<div class=\"grve-image-wrapper grve-no-effect\">\r\n\t\t<div class=\"grve-thumbnail-wrapper\"  style=\"width: 200px;\"><div class=\"grve-thumbnail\"  style=\"padding-top: 150%;\"><img loading=\"lazy\" decoding=\"async\" width=\"200\" height=\"300\" src=\"https:\/\/emag.baerenreiter.com\/wp-content\/uploads\/2024\/07\/Kerstin_Bastian_200px_2022.webp\" class=\"attachment-full size-full\" alt=\"Eine Frau mit langen blonden Haaren, Brille und wei\u00dfer Kleidung blickt mit einem leichten L\u00e4cheln zur Kamera. Im Hintergrund befindet sich ein B\u00fccherregal mit farblich sortierten Buchr\u00fccken.\" srcset=\"https:\/\/emag.baerenreiter.com\/wp-content\/uploads\/2024\/07\/Kerstin_Bastian_200px_2022.webp 1x,https:\/\/emag.baerenreiter.com\/wp-content\/uploads\/2024\/07\/Kerstin_Bastian_200px_2022.webp 2x\" data-column-space=\"auto\" data-lazyload=\"\" data-grve-filter=\"yes\" loading=\"lazy\" \/><\/div><\/div>\t<\/div>\r\n\t<\/div>\r\n<\/div>\r\n<\/div><\/div><\/div><div class=\"grve-column wpb_column grve-bookmark grve-column-1-3  grve-with-bg-transparent\"><div class=\"grve-column-wrapper\"><div class=\"grve-column-content\" ><div class=\"grve-element grve-text\">\r\n\t\t\t<div class=\"csc-textpicHeader csc-textpicHeader-60\">\n<div class=\"csc-textpicHeader csc-textpicHeader-60\">\n<p class=\"head-with-text-regular-3\"><strong>Kerstin Bastian<\/strong><\/p>\n<\/div>\n<p class=\"text-small-13\">Advertising Sales \/ Press Relations<\/p>\n<p class=\"text-small-13\"><span class=\"icon-telefon\">+49 561 3105-186<\/span><br \/>\n<a class=\"icon-mail\" title=\"\u00d6ffnet ein Fenster zum Versenden der E-Mail\" href=\"mailto:bastian@baerenreiter.com\">bastian@baerenreiter.com<\/a><\/p>\n<\/div>\n\r\n\t\t<\/div>\r\n\t<\/div><\/div><\/div><div class=\"grve-column wpb_column grve-bookmark grve-column-1-4  grve-with-bg-transparent grve-empty-column\"><div class=\"grve-column-wrapper\"><div class=\"grve-column-content\" ><\/div><\/div><\/div><\/div><\/div><\/div>\n"},"author":5,"featured_media":0,"parent":0,"menu_order":70,"comment_status":"closed","ping_status":"closed","template":"","meta":{"_acf_changed":false,"_vp_format_video_url":"","_vp_image_focal_point":[],"_vp_custom_popup_image":0,"_vp_format_audio_url":"","_vp_album_images":[],"_vp_custom_thumbnail":0,"_vp_custom_thumbnail_focal_point":[],"_vp_custom_thumbnail_cover":0,"_vp_hover_thumbnail":0,"_vp_hover_thumbnail_focal_point":[],"footnotes":""},"class_list":["post-12865","page","type-page","status-publish","hentry","grve-entry-item"],"acf":[],"wpml_current_locale":"en_US","wpml_translations":{"de_DE":{"locale":"de_DE","id":11671,"slug":"presse","post_title":"Presse","href":"https:\/\/emag.baerenreiter.com\/presse\/"}},"_links":{"self":[{"href":"https:\/\/emag.baerenreiter.com\/en\/wp-json\/wp\/v2\/pages\/12865","targetHints":{"allow":["GET"]}}],"collection":[{"href":"https:\/\/emag.baerenreiter.com\/en\/wp-json\/wp\/v2\/pages"}],"about":[{"href":"https:\/\/emag.baerenreiter.com\/en\/wp-json\/wp\/v2\/types\/page"}],"author":[{"embeddable":true,"href":"https:\/\/emag.baerenreiter.com\/en\/wp-json\/wp\/v2\/users\/5"}],"replies":[{"embeddable":true,"href":"https:\/\/emag.baerenreiter.com\/en\/wp-json\/wp\/v2\/comments?post=12865"}],"version-history":[{"count":5,"href":"https:\/\/emag.baerenreiter.com\/en\/wp-json\/wp\/v2\/pages\/12865\/revisions"}],"predecessor-version":[{"id":14670,"href":"https:\/\/emag.baerenreiter.com\/en\/wp-json\/wp\/v2\/pages\/12865\/revisions\/14670"}],"wp:attachment":[{"href":"https:\/\/emag.baerenreiter.com\/en\/wp-json\/wp\/v2\/media?parent=12865"}],"curies":[{"name":"wp","href":"https:\/\/api.w.org\/{rel}","templated":true}]}}